{"id":3176,"date":"2020-09-18T11:38:32","date_gmt":"2020-09-18T11:38:32","guid":{"rendered":"https:\/\/remake.codeless.co\/?page_id=3176"},"modified":"2023-01-23T19:00:44","modified_gmt":"2023-01-23T19:00:44","slug":"blog-carousel","status":"publish","type":"page","link":"https:\/\/sofiabernasconi.com\/en\/blog-carousel\/","title":{"rendered":"Blog Carousel"},"content":{"rendered":"<div data-elementor-type=\"wp-page\" data-elementor-id=\"3176\" class=\"elementor elementor-3176\">\n\t\t\t\t\t\t\t\t\t<section class=\"elementor-section elementor-top-section elementor-element elementor-element-78186855 elementor-section-stretched elementor-section-full_width elementor-section-height-default elementor-section-height-default\" data-id=\"78186855\" data-element_type=\"section\" data-settings=\"{&quot;stretch_section&quot;:&quot;section-stretched&quot;,&quot;background_background&quot;:&quot;classic&quot;}\">\n\t\t\t\t\t\t<div class=\"elementor-container elementor-column-gap-default\">\n\t\t\t\t\t<div class=\"elementor-column elementor-col-50 elementor-top-column elementor-element elementor-element-ff67306\" data-id=\"ff67306\" data-element_type=\"column\">\n\t\t\t<div class=\"elementor-widget-wrap elementor-element-populated\">\n\t\t\t\t\t\t\t\t<div class=\"elementor-element elementor-element-7538fa27 elementor-widget elementor-widget-heading\" data-id=\"7538fa27\" data-element_type=\"widget\" data-widget_type=\"heading.default\">\n\t\t\t\t<div class=\"elementor-widget-container\">\n\t\t\t<style>\/*! elementor - v3.15.0 - 31-07-2023 *\/\n.elementor-heading-title{padding:0;margin:0;line-height:1}.elementor-widget-heading .elementor-heading-title[class*=elementor-size-]>a{color:inherit;font-size:inherit;line-height:inherit}.elementor-widget-heading .elementor-heading-title.elementor-size-small{font-size:15px}.elementor-widget-heading .elementor-heading-title.elementor-size-medium{font-size:19px}.elementor-widget-heading .elementor-heading-title.elementor-size-large{font-size:29px}.elementor-widget-heading .elementor-heading-title.elementor-size-xl{font-size:39px}.elementor-widget-heading .elementor-heading-title.elementor-size-xxl{font-size:59px}<\/style><h2 class=\"elementor-heading-title elementor-size-default\">follow our<br>weekly journal<\/h2>\t\t<\/div>\n\t\t\t\t<\/div>\n\t\t\t\t<div class=\"elementor-element elementor-element-a2dd7cc elementor-widget__width-initial elementor-widget elementor-widget-text-editor\" data-id=\"a2dd7cc\" data-element_type=\"widget\" data-widget_type=\"text-editor.default\">\n\t\t\t\t<div class=\"elementor-widget-container\">\n\t\t\t<style>\/*! elementor - v3.15.0 - 31-07-2023 *\/\n.elementor-widget-text-editor.elementor-drop-cap-view-stacked .elementor-drop-cap{background-color:#69727d;color:#fff}.elementor-widget-text-editor.elementor-drop-cap-view-framed .elementor-drop-cap{color:#69727d;border:3px solid;background-color:transparent}.elementor-widget-text-editor:not(.elementor-drop-cap-view-default) .elementor-drop-cap{margin-top:8px}.elementor-widget-text-editor:not(.elementor-drop-cap-view-default) .elementor-drop-cap-letter{width:1em;height:1em}.elementor-widget-text-editor .elementor-drop-cap{float:left;text-align:center;line-height:1;font-size:50px}.elementor-widget-text-editor .elementor-drop-cap-letter{display:inline-block}<\/style>\t\t\t\t<p>Compassion, social return on investment via a global, thought provoking social return.<\/p>\t\t\t\t\t\t<\/div>\n\t\t\t\t<\/div>\n\t\t\t\t<div class=\"elementor-element elementor-element-5977a5f5 elementor-align-left elementor-mobile-align-center btn_show_icon_hover elementor-widget elementor-widget-button\" data-id=\"5977a5f5\" data-element_type=\"widget\" data-widget_type=\"button.default\">\n\t\t\t\t<div class=\"elementor-widget-container\">\n\t\t\t\t\t<div class=\"elementor-button-wrapper\">\n\t\t\t<a class=\"elementor-button elementor-button-link elementor-size-sm\" href=\"#\">\n\t\t\t\t\t\t<span class=\"elementor-button-content-wrapper\">\n\t\t\t\t\t\t<span class=\"elementor-button-icon elementor-align-icon-right\">\n\t\t\t\t<i aria-hidden=\"true\" class=\"feather  feather-arrow-right\"><\/i>\t\t\t<\/span>\n\t\t\t\t\t\t<span class=\"elementor-button-text\">subscribe<\/span>\n\t\t<\/span>\n\t\t\t\t\t<\/a>\n\t\t<\/div>\n\t\t\t\t<\/div>\n\t\t\t\t<\/div>\n\t\t\t\t\t<\/div>\n\t\t<\/div>\n\t\t\t\t<div class=\"elementor-column elementor-col-50 elementor-top-column elementor-element elementor-element-57a45f2c\" data-id=\"57a45f2c\" data-element_type=\"column\">\n\t\t\t<div class=\"elementor-widget-wrap elementor-element-populated\">\n\t\t\t\t\t\t\t\t<div class=\"elementor-element elementor-element-6d79f527 elementor-widget elementor-widget-ce-posts-carousel\" data-id=\"6d79f527\" data-element_type=\"widget\" data-widget_type=\"ce-posts-carousel.default\">\n\t\t\t\t<div class=\"elementor-widget-container\">\n\t\t\t\t\t\t\t<div class=\"ce-posts-carousel ce-post-style-birk\" data-columns=\"2\" data-autoplay=\"0\" data-slide-by=\"1\" data-loop=\"0\" data-gutter=\"79\" data-center=\"0\" data-mouse-drag=\"1\" data-edge-padding-side=\"0\" data-carousel-controls=\"0\" data-edge-padding=\"220\">\r\n\r\n            \t\t\t\t\t\t                        \n<article id=\"ce-post-item-11309\" class=\"ce-post-item ce-animation ce-animation--bottom-t-top ce-animation-manual\" data-speed=\"300\" data-delay=\"100\" >\n    <div class=\"grid-holder\"> \n        <div class=\"grid-holder-inner\">  \n            <div class=\"media-wrapper\">\n            \n                                \n                <div class=\"entry-media\">\n                \n                    <div class=\"post-thumbnail\">\n                        \n                        <img loading=\"lazy\" decoding=\"async\" width=\"370\" height=\"245\" src=\"https:\/\/sofiabernasconi.com\/wp-content\/uploads\/elementor\/thumbs\/WhatsApp-Image-2025-06-24-at-10.06.32-e1751238693816-r81k9f8gijxe1bq5ee4cpefkabjo399gvyy5qijnyq.jpeg\" class=\"attachment-370x245x1x1 size-370x245x1x1 wp-post-image\" alt=\"\" \/>\n                        <a href=\"https:\/\/sofiabernasconi.com\/en\/artista-visual-penquista-presenta-hibrida-en-balmaceda-arte-joven\/\" class=\"image-link\"><\/a>\n                    \n                    <\/div><!-- .post-thumbnail --> \n\n                <\/div><!-- .entry-media --> \n\n                <a href=\"https:\/\/sofiabernasconi.com\/en\/category\/uncategorized\/\" class=\"category-colored\" >Uncategorized<\/a>\n            <\/div>\n            \n            <div class=\"entry-wrapper\">\n\n                <div class=\"entry-wrapper-content\">\n            \n                        <header class=\"entry-header\">\n \n                            <div class=\"entry-meta\">\n\n                                <div class=\"entry-meta-single entry-meta-author\">\n         \n                                    <i class=\"feather feather-user\"><\/i>Sofia Bernasconi Le Roy            \n                                <\/div><!-- .entry-meta-single -->\n\n                                <div class=\"entry-meta-single entry-meta-date\">\n                                    <i class=\"feather feather-clock\"><\/i>Jun 29, 2025                                <\/div><!-- .entry-meta-single -->\n                            <\/div><!-- .entry-meta -->\n\n                            <h2 class=\"entry-title\"><a href=\"https:\/\/sofiabernasconi.com\/en\/artista-visual-penquista-presenta-hibrida-en-balmaceda-arte-joven\/\" rel=\"bookmark\">Artista visual penquista presenta &#8220;H\u00edbrida&#8221; en Balmaceda Arte Joven &#8211; La Estrella<\/a><\/h2>\n                        <\/header><!-- .entry-header -->\n\n                    <div class=\"entry-content\">\n                                            <\/div>\n\n                    <div class=\"entry-footer\">\n                                                    <a href=\"https:\/\/sofiabernasconi.com\/en\/artista-visual-penquista-presenta-hibrida-en-balmaceda-arte-joven\/\" class=\"entry-readmore\">Continue Reading<\/a>\n                                            <\/div>\n                    \n                    \n                <\/div><!-- .entry-wrapper-content -->\n\n            <\/div><!-- .entry-wrapper -->\n        <\/div>\n    <\/div>\n<\/article><!-- #post-## -->\n                    \t\t\t\t\t\t                        \n<article id=\"ce-post-item-11306\" class=\"ce-post-item ce-animation ce-animation--bottom-t-top ce-animation-manual\" data-speed=\"300\" data-delay=\"200\" >\n    <div class=\"grid-holder\"> \n        <div class=\"grid-holder-inner\">  \n            <div class=\"media-wrapper\">\n            \n                                \n                <div class=\"entry-media\">\n                \n                    <div class=\"post-thumbnail\">\n                        \n                        <img loading=\"lazy\" decoding=\"async\" width=\"370\" height=\"245\" src=\"https:\/\/sofiabernasconi.com\/wp-content\/uploads\/elementor\/thumbs\/WhatsApp-Image-2025-06-23-at-13.46.39-r81k2edvg4b9a7xfeutpko8kho5xkodo97gjn2ykgi.jpeg\" class=\"attachment-370x245x1x1 size-370x245x1x1 wp-post-image\" alt=\"\" \/>\n                        <a href=\"https:\/\/sofiabernasconi.com\/en\/una-muestra-interactiva-que-mezcla-cuerpo-paisaje-y-maquina-diario-concepcion\/\" class=\"image-link\"><\/a>\n                    \n                    <\/div><!-- .post-thumbnail --> \n\n                <\/div><!-- .entry-media --> \n\n                <a href=\"https:\/\/sofiabernasconi.com\/en\/category\/uncategorized\/\" class=\"category-colored\" >Uncategorized<\/a>\n            <\/div>\n            \n            <div class=\"entry-wrapper\">\n\n                <div class=\"entry-wrapper-content\">\n            \n                        <header class=\"entry-header\">\n \n                            <div class=\"entry-meta\">\n\n                                <div class=\"entry-meta-single entry-meta-author\">\n         \n                                    <i class=\"feather feather-user\"><\/i>Sofia Bernasconi Le Roy            \n                                <\/div><!-- .entry-meta-single -->\n\n                                <div class=\"entry-meta-single entry-meta-date\">\n                                    <i class=\"feather feather-clock\"><\/i>Jun 29, 2025                                <\/div><!-- .entry-meta-single -->\n                            <\/div><!-- .entry-meta -->\n\n                            <h2 class=\"entry-title\"><a href=\"https:\/\/sofiabernasconi.com\/en\/una-muestra-interactiva-que-mezcla-cuerpo-paisaje-y-maquina-diario-concepcion\/\" rel=\"bookmark\">Una muestra interactiva que mezcla cuerpo, paisaje y m\u00e1quina. &#8211; Diario Concepci\u00f3n<\/a><\/h2>\n                        <\/header><!-- .entry-header -->\n\n                    <div class=\"entry-content\">\n                                            <\/div>\n\n                    <div class=\"entry-footer\">\n                                                    <a href=\"https:\/\/sofiabernasconi.com\/en\/una-muestra-interactiva-que-mezcla-cuerpo-paisaje-y-maquina-diario-concepcion\/\" class=\"entry-readmore\">Continue Reading<\/a>\n                                            <\/div>\n                    \n                    \n                <\/div><!-- .entry-wrapper-content -->\n\n            <\/div><!-- .entry-wrapper -->\n        <\/div>\n    <\/div>\n<\/article><!-- #post-## -->\n                    \t\t\t\t\t\t                        \n<article id=\"ce-post-item-11296\" class=\"ce-post-item ce-animation ce-animation--bottom-t-top ce-animation-manual\" data-speed=\"300\" data-delay=\"0\" >\n    <div class=\"grid-holder\"> \n        <div class=\"grid-holder-inner\">  \n            <div class=\"media-wrapper\">\n            \n                                \n                <div class=\"entry-media\">\n                \n                    <div class=\"post-thumbnail\">\n                        \n                        <img loading=\"lazy\" decoding=\"async\" width=\"370\" height=\"245\" src=\"https:\/\/sofiabernasconi.com\/wp-content\/uploads\/elementor\/thumbs\/imagen-wp-2025-06-25t10263051750861595-960x540-1-r81jr59fmiwoaa9w4hpi80gwglmqf4pd1ia9stn8ya.jpg\" class=\"attachment-370x245x1x1 size-370x245x1x1 wp-post-image\" alt=\"\" \/>\n                        <a href=\"https:\/\/sofiabernasconi.com\/en\/hibrida-una-experiencia-inmersiva-unica-en-concepcion-que-mezcla-cuerpo-paisaje-y-tecnologia\/\" class=\"image-link\"><\/a>\n                    \n                    <\/div><!-- .post-thumbnail --> \n\n                <\/div><!-- .entry-media --> \n\n                <a href=\"https:\/\/sofiabernasconi.com\/en\/category\/uncategorized\/\" class=\"category-colored\" >Uncategorized<\/a>\n            <\/div>\n            \n            <div class=\"entry-wrapper\">\n\n                <div class=\"entry-wrapper-content\">\n            \n                        <header class=\"entry-header\">\n \n                            <div class=\"entry-meta\">\n\n                                <div class=\"entry-meta-single entry-meta-author\">\n         \n                                    <i class=\"feather feather-user\"><\/i>Sofia Bernasconi Le Roy            \n                                <\/div><!-- .entry-meta-single -->\n\n                                <div class=\"entry-meta-single entry-meta-date\">\n                                    <i class=\"feather feather-clock\"><\/i>Jun 29, 2025                                <\/div><!-- .entry-meta-single -->\n                            <\/div><!-- .entry-meta -->\n\n                            <h2 class=\"entry-title\"><a href=\"https:\/\/sofiabernasconi.com\/en\/hibrida-una-experiencia-inmersiva-unica-en-concepcion-que-mezcla-cuerpo-paisaje-y-tecnologia\/\" rel=\"bookmark\">&#8220;H\u00cdBRIDA&#8221;: una experiencia inmersiva \u00fanica en Concepci\u00f3n que mezcla cuerpo, paisaje y tecnolog\u00eda &#8211; SABES.CL<\/a><\/h2>\n                        <\/header><!-- .entry-header -->\n\n                    <div class=\"entry-content\">\n                                            <\/div>\n\n                    <div class=\"entry-footer\">\n                                                    <a href=\"https:\/\/sofiabernasconi.com\/en\/hibrida-una-experiencia-inmersiva-unica-en-concepcion-que-mezcla-cuerpo-paisaje-y-tecnologia\/\" class=\"entry-readmore\">Continue Reading<\/a>\n                                            <\/div>\n                    \n                    \n                <\/div><!-- .entry-wrapper-content -->\n\n            <\/div><!-- .entry-wrapper -->\n        <\/div>\n    <\/div>\n<\/article><!-- #post-## -->\n                    \t\t\t\t\t\t                        \n<article id=\"ce-post-item-11287\" class=\"ce-post-item ce-animation ce-animation--bottom-t-top ce-animation-manual\" data-speed=\"300\" data-delay=\"0\" >\n    <div class=\"grid-holder\"> \n        <div class=\"grid-holder-inner\">  \n            <div class=\"media-wrapper\">\n            \n                                \n                <div class=\"entry-media\">\n                \n                    <div class=\"post-thumbnail\">\n                        \n                        <img loading=\"lazy\" decoding=\"async\" width=\"370\" height=\"245\" src=\"https:\/\/sofiabernasconi.com\/wp-content\/uploads\/elementor\/thumbs\/Captura-de-pantalla-2025-06-29-a-las-6.42.41\u202fp.m-r81j136i5v8ifg4ia87u3l6vm22f1798sj7ouoa5g2.png\" class=\"attachment-370x245x1x1 size-370x245x1x1 wp-post-image\" alt=\"\" \/>\n                        <a href=\"https:\/\/sofiabernasconi.com\/en\/hacen-falta-mas-espacios-para-este-tipo-de-arte-sofia-bernasconi-por-exposicion-de-hibrida\/\" class=\"image-link\"><\/a>\n                    \n                    <\/div><!-- .post-thumbnail --> \n\n                <\/div><!-- .entry-media --> \n\n                <a href=\"https:\/\/sofiabernasconi.com\/en\/category\/uncategorized\/\" class=\"category-colored\" >Uncategorized<\/a>\n            <\/div>\n            \n            <div class=\"entry-wrapper\">\n\n                <div class=\"entry-wrapper-content\">\n            \n                        <header class=\"entry-header\">\n \n                            <div class=\"entry-meta\">\n\n                                <div class=\"entry-meta-single entry-meta-author\">\n         \n                                    <i class=\"feather feather-user\"><\/i>Sofia Bernasconi Le Roy            \n                                <\/div><!-- .entry-meta-single -->\n\n                                <div class=\"entry-meta-single entry-meta-date\">\n                                    <i class=\"feather feather-clock\"><\/i>Jun 29, 2025                                <\/div><!-- .entry-meta-single -->\n                            <\/div><!-- .entry-meta -->\n\n                            <h2 class=\"entry-title\"><a href=\"https:\/\/sofiabernasconi.com\/en\/hacen-falta-mas-espacios-para-este-tipo-de-arte-sofia-bernasconi-por-exposicion-de-hibrida\/\" rel=\"bookmark\">\u201cHacen falta m\u00e1s espacios para este tipo de arte\u201d: Sof\u00eda Bernasconi por exposici\u00f3n de &#8220;H\u00edbrida&#8221; &#8211; TVU<\/a><\/h2>\n                        <\/header><!-- .entry-header -->\n\n                    <div class=\"entry-content\">\n                                            <\/div>\n\n                    <div class=\"entry-footer\">\n                                                    <a href=\"https:\/\/sofiabernasconi.com\/en\/hacen-falta-mas-espacios-para-este-tipo-de-arte-sofia-bernasconi-por-exposicion-de-hibrida\/\" class=\"entry-readmore\">Continue Reading<\/a>\n                                            <\/div>\n                    \n                    \n                <\/div><!-- .entry-wrapper-content -->\n\n            <\/div><!-- .entry-wrapper -->\n        <\/div>\n    <\/div>\n<\/article><!-- #post-## -->\n                    \t\t\t\t\t\t                        \n<article id=\"ce-post-item-11282\" class=\"ce-post-item ce-animation ce-animation--bottom-t-top ce-animation-manual\" data-speed=\"300\" data-delay=\"0\" >\n    <div class=\"grid-holder\"> \n        <div class=\"grid-holder-inner\">  \n            <div class=\"media-wrapper\">\n            \n                                \n                <div class=\"entry-media\">\n                \n                    <div class=\"post-thumbnail\">\n                        \n                        <img loading=\"lazy\" decoding=\"async\" width=\"370\" height=\"245\" src=\"https:\/\/sofiabernasconi.com\/wp-content\/uploads\/elementor\/thumbs\/21_06_25_pag_20-1440-0f4edc-1-scaled-r81hv4nv33sq632maladaod4zuvkflolcuuen0ht76.jpg\" class=\"attachment-370x245x1x1 size-370x245x1x1 wp-post-image\" alt=\"\" \/>\n                        <a href=\"https:\/\/sofiabernasconi.com\/en\/sofia-bernasconi-llega-a-baj-biobio-con-su-videoinstalacion-performatica\/\" class=\"image-link\"><\/a>\n                    \n                    <\/div><!-- .post-thumbnail --> \n\n                <\/div><!-- .entry-media --> \n\n                <a href=\"https:\/\/sofiabernasconi.com\/en\/category\/cultura\/\" class=\"category-colored\" >CULTURA<\/a>\n            <\/div>\n            \n            <div class=\"entry-wrapper\">\n\n                <div class=\"entry-wrapper-content\">\n            \n                        <header class=\"entry-header\">\n \n                            <div class=\"entry-meta\">\n\n                                <div class=\"entry-meta-single entry-meta-author\">\n         \n                                    <i class=\"feather feather-user\"><\/i>Sofia Bernasconi Le Roy            \n                                <\/div><!-- .entry-meta-single -->\n\n                                <div class=\"entry-meta-single entry-meta-date\">\n                                    <i class=\"feather feather-clock\"><\/i>Jun 29, 2025                                <\/div><!-- .entry-meta-single -->\n                            <\/div><!-- .entry-meta -->\n\n                            <h2 class=\"entry-title\"><a href=\"https:\/\/sofiabernasconi.com\/en\/sofia-bernasconi-llega-a-baj-biobio-con-su-videoinstalacion-performatica\/\" rel=\"bookmark\">Sof\u00eda Bernasconi llega a BAJ Biob\u00edo con su videoinstalaci\u00f3n perform\u00e1tica &#8211; Diario El Sur<\/a><\/h2>\n                        <\/header><!-- .entry-header -->\n\n                    <div class=\"entry-content\">\n                                            <\/div>\n\n                    <div class=\"entry-footer\">\n                                                    <a href=\"https:\/\/sofiabernasconi.com\/en\/sofia-bernasconi-llega-a-baj-biobio-con-su-videoinstalacion-performatica\/\" class=\"entry-readmore\">Continue Reading<\/a>\n                                            <\/div>\n                    \n                    \n                <\/div><!-- .entry-wrapper-content -->\n\n            <\/div><!-- .entry-wrapper -->\n        <\/div>\n    <\/div>\n<\/article><!-- #post-## -->\n                    \t\t\t\t\t\t                        \n<article id=\"ce-post-item-8279\" class=\"ce-post-item ce-animation ce-animation--bottom-t-top ce-animation-manual\" data-speed=\"300\" data-delay=\"0\" >\n    <div class=\"grid-holder\"> \n        <div class=\"grid-holder-inner\">  \n            <div class=\"media-wrapper\">\n            \n                                \n                <div class=\"entry-media\">\n                \n                    <div class=\"post-thumbnail\">\n                        \n                        <img loading=\"lazy\" decoding=\"async\" width=\"370\" height=\"245\" src=\"https:\/\/sofiabernasconi.com\/wp-content\/uploads\/elementor\/thumbs\/Diario-04-06-2024-17-1-1_page-0001-1-qq4zyawp43qrmdn9l1n93ut1owlt6ic980afo9wr2q.jpg\" class=\"attachment-370x245x1x1 size-370x245x1x1 wp-post-image\" alt=\"\" \/>\n                        <a href=\"https:\/\/sofiabernasconi.com\/en\/una-muestra-que-une-la-corporalidad-con-nuevos-lenguajes-exposicion-desbordes-de-sofia-bernasconi\/\" class=\"image-link\"><\/a>\n                    \n                    <\/div><!-- .post-thumbnail --> \n\n                <\/div><!-- .entry-media --> \n\n                <a href=\"https:\/\/sofiabernasconi.com\/en\/category\/desbordes\/\" class=\"category-colored\" >Desbordes<\/a>\n            <\/div>\n            \n            <div class=\"entry-wrapper\">\n\n                <div class=\"entry-wrapper-content\">\n            \n                        <header class=\"entry-header\">\n \n                            <div class=\"entry-meta\">\n\n                                <div class=\"entry-meta-single entry-meta-author\">\n         \n                                    <i class=\"feather feather-user\"><\/i>Sofia Bernasconi Le Roy            \n                                <\/div><!-- .entry-meta-single -->\n\n                                <div class=\"entry-meta-single entry-meta-date\">\n                                    <i class=\"feather feather-clock\"><\/i>Jun 24, 2024                                <\/div><!-- .entry-meta-single -->\n                            <\/div><!-- .entry-meta -->\n\n                            <h2 class=\"entry-title\"><a href=\"https:\/\/sofiabernasconi.com\/en\/una-muestra-que-une-la-corporalidad-con-nuevos-lenguajes-exposicion-desbordes-de-sofia-bernasconi\/\" rel=\"bookmark\">Una muestra que une la corporalidad con nuevos lenguajes.    Exposici\u00f3n &#8220;Desbordes&#8221; de Sof\u00eda Bernasconi. (2024) &#8211; Diario Concepci\u00f3n<\/a><\/h2>\n                        <\/header><!-- .entry-header -->\n\n                    <div class=\"entry-content\">\n                                            <\/div>\n\n                    <div class=\"entry-footer\">\n                                                    <a href=\"https:\/\/sofiabernasconi.com\/en\/una-muestra-que-une-la-corporalidad-con-nuevos-lenguajes-exposicion-desbordes-de-sofia-bernasconi\/\" class=\"entry-readmore\">Continue Reading<\/a>\n                                            <\/div>\n                    \n                    \n                <\/div><!-- .entry-wrapper-content -->\n\n            <\/div><!-- .entry-wrapper -->\n        <\/div>\n    <\/div>\n<\/article><!-- #post-## -->\n                    \t\t\t\t\t\t                        \n<article id=\"ce-post-item-11293\" class=\"ce-post-item ce-animation ce-animation--bottom-t-top ce-animation-manual\" data-speed=\"300\" data-delay=\"0\" >\n    <div class=\"grid-holder\"> \n        <div class=\"grid-holder-inner\">  \n            <div class=\"media-wrapper\">\n            \n                                \n                <div class=\"entry-media\">\n                \n                    <div class=\"post-thumbnail\">\n                        \n                        <img loading=\"lazy\" decoding=\"async\" width=\"370\" height=\"245\" src=\"https:\/\/sofiabernasconi.com\/wp-content\/uploads\/elementor\/thumbs\/obra-desbordes-850x500-1-r81jkqyz445f9tkeh85wr4kyx75t1ab4hugb814paq.jpg\" class=\"attachment-370x245x1x1 size-370x245x1x1 wp-post-image\" alt=\"\" \/>\n                        <a href=\"https:\/\/sofiabernasconi.com\/en\/una-muestra-que-une-la-corporalidad-con-nuevos-lenguajes\/\" class=\"image-link\"><\/a>\n                    \n                    <\/div><!-- .post-thumbnail --> \n\n                <\/div><!-- .entry-media --> \n\n                <a href=\"https:\/\/sofiabernasconi.com\/en\/category\/uncategorized\/\" class=\"category-colored\" >Uncategorized<\/a>\n            <\/div>\n            \n            <div class=\"entry-wrapper\">\n\n                <div class=\"entry-wrapper-content\">\n            \n                        <header class=\"entry-header\">\n \n                            <div class=\"entry-meta\">\n\n                                <div class=\"entry-meta-single entry-meta-author\">\n         \n                                    <i class=\"feather feather-user\"><\/i>Sofia Bernasconi Le Roy            \n                                <\/div><!-- .entry-meta-single -->\n\n                                <div class=\"entry-meta-single entry-meta-date\">\n                                    <i class=\"feather feather-clock\"><\/i>Jun 4, 2024                                <\/div><!-- .entry-meta-single -->\n                            <\/div><!-- .entry-meta -->\n\n                            <h2 class=\"entry-title\"><a href=\"https:\/\/sofiabernasconi.com\/en\/una-muestra-que-une-la-corporalidad-con-nuevos-lenguajes\/\" rel=\"bookmark\">Una muestra que une la corporalidad con nuevos lenguajes<\/a><\/h2>\n                        <\/header><!-- .entry-header -->\n\n                    <div class=\"entry-content\">\n                                            <\/div>\n\n                    <div class=\"entry-footer\">\n                                                    <a href=\"https:\/\/sofiabernasconi.com\/en\/una-muestra-que-une-la-corporalidad-con-nuevos-lenguajes\/\" class=\"entry-readmore\">Continue Reading<\/a>\n                                            <\/div>\n                    \n                    \n                <\/div><!-- .entry-wrapper-content -->\n\n            <\/div><!-- .entry-wrapper -->\n        <\/div>\n    <\/div>\n<\/article><!-- #post-## -->\n                    \t\t\t\t\t\t                        \n<article id=\"ce-post-item-7998\" class=\"ce-post-item ce-animation ce-animation--bottom-t-top ce-animation-manual\" data-speed=\"300\" data-delay=\"0\" >\n    <div class=\"grid-holder\"> \n        <div class=\"grid-holder-inner\">  \n            <div class=\"media-wrapper\">\n            \n                                \n                <div class=\"entry-media\">\n                \n                    <div class=\"post-thumbnail\">\n                        \n                        <img loading=\"lazy\" decoding=\"async\" width=\"370\" height=\"245\" src=\"https:\/\/sofiabernasconi.com\/wp-content\/uploads\/elementor\/thumbs\/IMG3-qg42cc6nlhxcdvm9mwkxpz64j77yk007hn71cx3k7m.png\" class=\"attachment-370x245x1x1 size-370x245x1x1 wp-post-image\" alt=\"\" \/>\n                        <a href=\"https:\/\/sofiabernasconi.com\/en\/como-parte-de-la-seleccion-final-del-premio-mavi-uc-en-santiago-video-instalacion-invita-a-explorar-los-limites-de-sofia-bernasconi-2023\/\" class=\"image-link\"><\/a>\n                    \n                    <\/div><!-- .post-thumbnail --> \n\n                <\/div><!-- .entry-media --> \n\n                <a href=\"https:\/\/sofiabernasconi.com\/en\/category\/cultura\/\" class=\"category-colored\" >CULTURA<\/a>\n            <\/div>\n            \n            <div class=\"entry-wrapper\">\n\n                <div class=\"entry-wrapper-content\">\n            \n                        <header class=\"entry-header\">\n \n                            <div class=\"entry-meta\">\n\n                                <div class=\"entry-meta-single entry-meta-author\">\n         \n                                    <i class=\"feather feather-user\"><\/i>Sofia Bernasconi Le Roy            \n                                <\/div><!-- .entry-meta-single -->\n\n                                <div class=\"entry-meta-single entry-meta-date\">\n                                    <i class=\"feather feather-clock\"><\/i>Nov 30, 2023                                <\/div><!-- .entry-meta-single -->\n                            <\/div><!-- .entry-meta -->\n\n                            <h2 class=\"entry-title\"><a href=\"https:\/\/sofiabernasconi.com\/en\/como-parte-de-la-seleccion-final-del-premio-mavi-uc-en-santiago-video-instalacion-invita-a-explorar-los-limites-de-sofia-bernasconi-2023\/\" rel=\"bookmark\">As part of the final selection for the Mavi UC Award in Santiago, this video installation invites you to explore the limits of Sof\u00eda Bernasconi (2023).<\/a><\/h2>\n                        <\/header><!-- .entry-header -->\n\n                    <div class=\"entry-content\">\n                                            <\/div>\n\n                    <div class=\"entry-footer\">\n                                                    <a href=\"https:\/\/sofiabernasconi.com\/en\/como-parte-de-la-seleccion-final-del-premio-mavi-uc-en-santiago-video-instalacion-invita-a-explorar-los-limites-de-sofia-bernasconi-2023\/\" class=\"entry-readmore\">Continue Reading<\/a>\n                                            <\/div>\n                    \n                    \n                <\/div><!-- .entry-wrapper-content -->\n\n            <\/div><!-- .entry-wrapper -->\n        <\/div>\n    <\/div>\n<\/article><!-- #post-## -->\n                    \t\t\t\t\t\t                        \n<article id=\"ce-post-item-7993\" class=\"ce-post-item ce-animation ce-animation--bottom-t-top ce-animation-manual\" data-speed=\"300\" data-delay=\"0\" >\n    <div class=\"grid-holder\"> \n        <div class=\"grid-holder-inner\">  \n            <div class=\"media-wrapper\">\n            \n                                \n                <div class=\"entry-media\">\n                \n                    <div class=\"post-thumbnail\">\n                        \n                        <img loading=\"lazy\" decoding=\"async\" width=\"370\" height=\"245\" src=\"https:\/\/sofiabernasconi.com\/wp-content\/uploads\/elementor\/thumbs\/img2-qg42a8zker2el2nhu02s6i590dilg7pojb06ys721e.png\" class=\"attachment-370x245x1x1 size-370x245x1x1 wp-post-image\" alt=\"\" \/>\n                        <a href=\"https:\/\/sofiabernasconi.com\/en\/la-artista-penquista-sofia-bernasconi-es-una-de-las-46-finalistas-del-xvi-premio-mavi-uc-arte-joven-2023\/\" class=\"image-link\"><\/a>\n                    \n                    <\/div><!-- .post-thumbnail --> \n\n                <\/div><!-- .entry-media --> \n\n                <a href=\"https:\/\/sofiabernasconi.com\/en\/category\/cultura\/\" class=\"category-colored\" >CULTURA<\/a>\n            <\/div>\n            \n            <div class=\"entry-wrapper\">\n\n                <div class=\"entry-wrapper-content\">\n            \n                        <header class=\"entry-header\">\n \n                            <div class=\"entry-meta\">\n\n                                <div class=\"entry-meta-single entry-meta-author\">\n         \n                                    <i class=\"feather feather-user\"><\/i>Sofia Bernasconi Le Roy            \n                                <\/div><!-- .entry-meta-single -->\n\n                                <div class=\"entry-meta-single entry-meta-date\">\n                                    <i class=\"feather feather-clock\"><\/i>Nov 30, 2023                                <\/div><!-- .entry-meta-single -->\n                            <\/div><!-- .entry-meta -->\n\n                            <h2 class=\"entry-title\"><a href=\"https:\/\/sofiabernasconi.com\/en\/la-artista-penquista-sofia-bernasconi-es-una-de-las-46-finalistas-del-xvi-premio-mavi-uc-arte-joven-2023\/\" rel=\"bookmark\">The artist from Concepci\u00f3n, Sof\u00eda Bernasconi, is one of the 46 finalists in the XVI MAVI UC Young Art Award (2023).<\/a><\/h2>\n                        <\/header><!-- .entry-header -->\n\n                    <div class=\"entry-content\">\n                                            <\/div>\n\n                    <div class=\"entry-footer\">\n                                                    <a href=\"https:\/\/sofiabernasconi.com\/en\/la-artista-penquista-sofia-bernasconi-es-una-de-las-46-finalistas-del-xvi-premio-mavi-uc-arte-joven-2023\/\" class=\"entry-readmore\">Continue Reading<\/a>\n                                            <\/div>\n                    \n                    \n                <\/div><!-- .entry-wrapper-content -->\n\n            <\/div><!-- .entry-wrapper -->\n        <\/div>\n    <\/div>\n<\/article><!-- #post-## -->\n                                    \t\t\t\t\t\t\t\t\r\n\r\n\t\t\t\t\r\n\t\t\t\r\n\t\t<\/div>\t\t\r\n\t\t\t\t<\/div>\n\t\t\t\t<\/div>\n\t\t\t\t\t<\/div>\n\t\t<\/div>\n\t\t\t\t\t\t\t<\/div>\n\t\t<\/section>\n\t\t\t\t<section class=\"elementor-section elementor-top-section elementor-element elementor-element-ad6729f elementor-section-boxed elementor-section-height-default elementor-section-height-default\" data-id=\"ad6729f\" data-element_type=\"section\">\n\t\t\t\t\t\t<div class=\"elementor-container elementor-column-gap-default\">\n\t\t\t\t\t<div class=\"elementor-column elementor-col-100 elementor-top-column elementor-element elementor-element-35d3e7c\" data-id=\"35d3e7c\" data-element_type=\"column\">\n\t\t\t<div class=\"elementor-widget-wrap elementor-element-populated\">\n\t\t\t\t\t\t\t\t<div class=\"elementor-element elementor-element-b8a4304 elementor-widget elementor-widget-ce-posts-carousel\" data-id=\"b8a4304\" data-element_type=\"widget\" data-widget_type=\"ce-posts-carousel.default\">\n\t\t\t\t<div class=\"elementor-widget-container\">\n\t\t\t\t\t\t\t<div class=\"ce-posts-carousel ce-post-style-vernon\" data-columns=\"3\" data-autoplay=\"0\" data-slide-by=\"1\" data-loop=\"0\" data-gutter=\"15\" data-center=\"0\" data-mouse-drag=\"1\" data-edge-padding-side=\"0\" data-carousel-controls=\"0\" data-edge-padding=\"\">\r\n\r\n            \t\t\t\t\t\t                        \n<article id=\"ce-post-item-11309\" class=\"ce-post-item\" data-delay=\"0\" >\n    <div class=\"grid-holder\"> \n        <div class=\"grid-holder-inner\">  \n            <div class=\"media-wrapper\">\n            \n                <a class=\"category-colored\" style=\"background-color:#000;\">Uncategorized<\/a>\n            <\/div>\n            \n            <div class=\"entry-wrapper\">\n\n                <div class=\"entry-wrapper-content\">\n            \n                        <header class=\"entry-header\">\n \n\n                            <h2 class=\"entry-title\"><a href=\"https:\/\/sofiabernasconi.com\/en\/artista-visual-penquista-presenta-hibrida-en-balmaceda-arte-joven\/\" rel=\"bookmark\">Artista visual penquista presenta &#8220;H\u00edbrida&#8221; en Balmaceda Arte Joven &#8211; La Estrella<\/a><\/h2>\n                        <\/header><!-- .entry-header -->\n\n\n                    <div class=\"entry-footer\">\n                                                    <a href=\"https:\/\/sofiabernasconi.com\/en\/artista-visual-penquista-presenta-hibrida-en-balmaceda-arte-joven\/\" class=\"entry-readmore\">Continue Reading<\/a>\n                                            <\/div>\n\n\n                <\/div><!-- .entry-wrapper-content -->\n\n            <\/div><!-- .entry-wrapper -->\n        <\/div>\n    <\/div>\n<\/article><!-- #post-## -->\n                    \t\t\t\t\t\t                        \n<article id=\"ce-post-item-11306\" class=\"ce-post-item\" data-delay=\"0\" >\n    <div class=\"grid-holder\"> \n        <div class=\"grid-holder-inner\">  \n            <div class=\"media-wrapper\">\n            \n                <a class=\"category-colored\" style=\"background-color:#000;\">Uncategorized<\/a>\n            <\/div>\n            \n            <div class=\"entry-wrapper\">\n\n                <div class=\"entry-wrapper-content\">\n            \n                        <header class=\"entry-header\">\n \n\n                            <h2 class=\"entry-title\"><a href=\"https:\/\/sofiabernasconi.com\/en\/una-muestra-interactiva-que-mezcla-cuerpo-paisaje-y-maquina-diario-concepcion\/\" rel=\"bookmark\">Una muestra interactiva que mezcla cuerpo, paisaje y m\u00e1quina. &#8211; Diario Concepci\u00f3n<\/a><\/h2>\n                        <\/header><!-- .entry-header -->\n\n\n                    <div class=\"entry-footer\">\n                                                    <a href=\"https:\/\/sofiabernasconi.com\/en\/una-muestra-interactiva-que-mezcla-cuerpo-paisaje-y-maquina-diario-concepcion\/\" class=\"entry-readmore\">Continue Reading<\/a>\n                                            <\/div>\n\n\n                <\/div><!-- .entry-wrapper-content -->\n\n            <\/div><!-- .entry-wrapper -->\n        <\/div>\n    <\/div>\n<\/article><!-- #post-## -->\n                    \t\t\t\t\t\t                        \n<article id=\"ce-post-item-11296\" class=\"ce-post-item\" data-delay=\"0\" >\n    <div class=\"grid-holder\"> \n        <div class=\"grid-holder-inner\">  \n            <div class=\"media-wrapper\">\n            \n                <a class=\"category-colored\" style=\"background-color:#000;\">Uncategorized<\/a>\n            <\/div>\n            \n            <div class=\"entry-wrapper\">\n\n                <div class=\"entry-wrapper-content\">\n            \n                        <header class=\"entry-header\">\n \n\n                            <h2 class=\"entry-title\"><a href=\"https:\/\/sofiabernasconi.com\/en\/hibrida-una-experiencia-inmersiva-unica-en-concepcion-que-mezcla-cuerpo-paisaje-y-tecnologia\/\" rel=\"bookmark\">&#8220;H\u00cdBRIDA&#8221;: una experiencia inmersiva \u00fanica en Concepci\u00f3n que mezcla cuerpo, paisaje y tecnolog\u00eda &#8211; SABES.CL<\/a><\/h2>\n                        <\/header><!-- .entry-header -->\n\n\n                    <div class=\"entry-footer\">\n                                                    <a href=\"https:\/\/sofiabernasconi.com\/en\/hibrida-una-experiencia-inmersiva-unica-en-concepcion-que-mezcla-cuerpo-paisaje-y-tecnologia\/\" class=\"entry-readmore\">Continue Reading<\/a>\n                                            <\/div>\n\n\n                <\/div><!-- .entry-wrapper-content -->\n\n            <\/div><!-- .entry-wrapper -->\n        <\/div>\n    <\/div>\n<\/article><!-- #post-## -->\n                    \t\t\t\t\t\t                        \n<article id=\"ce-post-item-11287\" class=\"ce-post-item\" data-delay=\"0\" >\n    <div class=\"grid-holder\"> \n        <div class=\"grid-holder-inner\">  \n            <div class=\"media-wrapper\">\n            \n                <a class=\"category-colored\" style=\"background-color:#000;\">Uncategorized<\/a>\n            <\/div>\n            \n            <div class=\"entry-wrapper\">\n\n                <div class=\"entry-wrapper-content\">\n            \n                        <header class=\"entry-header\">\n \n\n                            <h2 class=\"entry-title\"><a href=\"https:\/\/sofiabernasconi.com\/en\/hacen-falta-mas-espacios-para-este-tipo-de-arte-sofia-bernasconi-por-exposicion-de-hibrida\/\" rel=\"bookmark\">\u201cHacen falta m\u00e1s espacios para este tipo de arte\u201d: Sof\u00eda Bernasconi por exposici\u00f3n de &#8220;H\u00edbrida&#8221; &#8211; TVU<\/a><\/h2>\n                        <\/header><!-- .entry-header -->\n\n\n                    <div class=\"entry-footer\">\n                                                    <a href=\"https:\/\/sofiabernasconi.com\/en\/hacen-falta-mas-espacios-para-este-tipo-de-arte-sofia-bernasconi-por-exposicion-de-hibrida\/\" class=\"entry-readmore\">Continue Reading<\/a>\n                                            <\/div>\n\n\n                <\/div><!-- .entry-wrapper-content -->\n\n            <\/div><!-- .entry-wrapper -->\n        <\/div>\n    <\/div>\n<\/article><!-- #post-## -->\n                    \t\t\t\t\t\t                        \n<article id=\"ce-post-item-11282\" class=\"ce-post-item\" data-delay=\"0\" >\n    <div class=\"grid-holder\"> \n        <div class=\"grid-holder-inner\">  \n            <div class=\"media-wrapper\">\n            \n                <a class=\"category-colored\" style=\"background-color:#000;\">CULTURA<\/a>\n            <\/div>\n            \n            <div class=\"entry-wrapper\">\n\n                <div class=\"entry-wrapper-content\">\n            \n                        <header class=\"entry-header\">\n \n\n                            <h2 class=\"entry-title\"><a href=\"https:\/\/sofiabernasconi.com\/en\/sofia-bernasconi-llega-a-baj-biobio-con-su-videoinstalacion-performatica\/\" rel=\"bookmark\">Sof\u00eda Bernasconi llega a BAJ Biob\u00edo con su videoinstalaci\u00f3n perform\u00e1tica &#8211; Diario El Sur<\/a><\/h2>\n                        <\/header><!-- .entry-header -->\n\n\n                    <div class=\"entry-footer\">\n                                                    <a href=\"https:\/\/sofiabernasconi.com\/en\/sofia-bernasconi-llega-a-baj-biobio-con-su-videoinstalacion-performatica\/\" class=\"entry-readmore\">Continue Reading<\/a>\n                                            <\/div>\n\n\n                <\/div><!-- .entry-wrapper-content -->\n\n            <\/div><!-- .entry-wrapper -->\n        <\/div>\n    <\/div>\n<\/article><!-- #post-## -->\n                    \t\t\t\t\t\t                        \n<article id=\"ce-post-item-8279\" class=\"ce-post-item\" data-delay=\"0\" >\n    <div class=\"grid-holder\"> \n        <div class=\"grid-holder-inner\">  \n            <div class=\"media-wrapper\">\n            \n                <a class=\"category-colored\" style=\"background-color:#000;\">Desbordes<\/a>\n            <\/div>\n            \n            <div class=\"entry-wrapper\">\n\n                <div class=\"entry-wrapper-content\">\n            \n                        <header class=\"entry-header\">\n \n\n                            <h2 class=\"entry-title\"><a href=\"https:\/\/sofiabernasconi.com\/en\/una-muestra-que-une-la-corporalidad-con-nuevos-lenguajes-exposicion-desbordes-de-sofia-bernasconi\/\" rel=\"bookmark\">Una muestra que une la corporalidad con nuevos lenguajes.    Exposici\u00f3n &#8220;Desbordes&#8221; de Sof\u00eda Bernasconi. (2024) &#8211; Diario Concepci\u00f3n<\/a><\/h2>\n                        <\/header><!-- .entry-header -->\n\n\n                    <div class=\"entry-footer\">\n                                                    <a href=\"https:\/\/sofiabernasconi.com\/en\/una-muestra-que-une-la-corporalidad-con-nuevos-lenguajes-exposicion-desbordes-de-sofia-bernasconi\/\" class=\"entry-readmore\">Continue Reading<\/a>\n                                            <\/div>\n\n\n                <\/div><!-- .entry-wrapper-content -->\n\n            <\/div><!-- .entry-wrapper -->\n        <\/div>\n    <\/div>\n<\/article><!-- #post-## -->\n                    \t\t\t\t\t\t                        \n<article id=\"ce-post-item-11293\" class=\"ce-post-item\" data-delay=\"0\" >\n    <div class=\"grid-holder\"> \n        <div class=\"grid-holder-inner\">  \n            <div class=\"media-wrapper\">\n            \n                <a class=\"category-colored\" style=\"background-color:#000;\">Uncategorized<\/a>\n            <\/div>\n            \n            <div class=\"entry-wrapper\">\n\n                <div class=\"entry-wrapper-content\">\n            \n                        <header class=\"entry-header\">\n \n\n                            <h2 class=\"entry-title\"><a href=\"https:\/\/sofiabernasconi.com\/en\/una-muestra-que-une-la-corporalidad-con-nuevos-lenguajes\/\" rel=\"bookmark\">Una muestra que une la corporalidad con nuevos lenguajes<\/a><\/h2>\n                        <\/header><!-- .entry-header -->\n\n\n                    <div class=\"entry-footer\">\n                                                    <a href=\"https:\/\/sofiabernasconi.com\/en\/una-muestra-que-une-la-corporalidad-con-nuevos-lenguajes\/\" class=\"entry-readmore\">Continue Reading<\/a>\n                                            <\/div>\n\n\n                <\/div><!-- .entry-wrapper-content -->\n\n            <\/div><!-- .entry-wrapper -->\n        <\/div>\n    <\/div>\n<\/article><!-- #post-## -->\n                    \t\t\t\t\t\t                        \n<article id=\"ce-post-item-7998\" class=\"ce-post-item\" data-delay=\"0\" >\n    <div class=\"grid-holder\"> \n        <div class=\"grid-holder-inner\">  \n            <div class=\"media-wrapper\">\n            \n                <a class=\"category-colored\" style=\"background-color:#000;\">CULTURA<\/a>\n            <\/div>\n            \n            <div class=\"entry-wrapper\">\n\n                <div class=\"entry-wrapper-content\">\n            \n                        <header class=\"entry-header\">\n \n\n                            <h2 class=\"entry-title\"><a href=\"https:\/\/sofiabernasconi.com\/en\/como-parte-de-la-seleccion-final-del-premio-mavi-uc-en-santiago-video-instalacion-invita-a-explorar-los-limites-de-sofia-bernasconi-2023\/\" rel=\"bookmark\">As part of the final selection for the Mavi UC Award in Santiago, this video installation invites you to explore the limits of Sof\u00eda Bernasconi (2023).<\/a><\/h2>\n                        <\/header><!-- .entry-header -->\n\n\n                    <div class=\"entry-footer\">\n                                                    <a href=\"https:\/\/sofiabernasconi.com\/en\/como-parte-de-la-seleccion-final-del-premio-mavi-uc-en-santiago-video-instalacion-invita-a-explorar-los-limites-de-sofia-bernasconi-2023\/\" class=\"entry-readmore\">Continue Reading<\/a>\n                                            <\/div>\n\n\n                <\/div><!-- .entry-wrapper-content -->\n\n            <\/div><!-- .entry-wrapper -->\n        <\/div>\n    <\/div>\n<\/article><!-- #post-## -->\n                    \t\t\t\t\t\t                        \n<article id=\"ce-post-item-7993\" class=\"ce-post-item\" data-delay=\"0\" >\n    <div class=\"grid-holder\"> \n        <div class=\"grid-holder-inner\">  \n            <div class=\"media-wrapper\">\n            \n                <a class=\"category-colored\" style=\"background-color:#000;\">CULTURA<\/a>\n            <\/div>\n            \n            <div class=\"entry-wrapper\">\n\n                <div class=\"entry-wrapper-content\">\n            \n                        <header class=\"entry-header\">\n \n\n                            <h2 class=\"entry-title\"><a href=\"https:\/\/sofiabernasconi.com\/en\/la-artista-penquista-sofia-bernasconi-es-una-de-las-46-finalistas-del-xvi-premio-mavi-uc-arte-joven-2023\/\" rel=\"bookmark\">The artist from Concepci\u00f3n, Sof\u00eda Bernasconi, is one of the 46 finalists in the XVI MAVI UC Young Art Award (2023).<\/a><\/h2>\n                        <\/header><!-- .entry-header -->\n\n\n                    <div class=\"entry-footer\">\n                                                    <a href=\"https:\/\/sofiabernasconi.com\/en\/la-artista-penquista-sofia-bernasconi-es-una-de-las-46-finalistas-del-xvi-premio-mavi-uc-arte-joven-2023\/\" class=\"entry-readmore\">Continue Reading<\/a>\n                                            <\/div>\n\n\n                <\/div><!-- .entry-wrapper-content -->\n\n            <\/div><!-- .entry-wrapper -->\n        <\/div>\n    <\/div>\n<\/article><!-- #post-## -->\n                                    \t\t\t\t\t\t\t\t\r\n\r\n\t\t\t\t\r\n\t\t\t\r\n\t\t<\/div>\t\t\r\n\t\t\t\t<\/div>\n\t\t\t\t<\/div>\n\t\t\t\t\t<\/div>\n\t\t<\/div>\n\t\t\t\t\t\t\t<\/div>\n\t\t<\/section>\n\t\t\t\t<section class=\"elementor-section elementor-top-section elementor-element elementor-element-1065c01 elementor-section-stretched elementor-section-boxed elementor-section-height-default elementor-section-height-default\" data-id=\"1065c01\" data-element_type=\"section\" data-settings=\"{&quot;stretch_section&quot;:&quot;section-stretched&quot;,&quot;background_background&quot;:&quot;classic&quot;}\">\n\t\t\t\t\t\t<div class=\"elementor-container elementor-column-gap-default\">\n\t\t\t\t\t<div class=\"elementor-column elementor-col-100 elementor-top-column elementor-element elementor-element-ea80205\" data-id=\"ea80205\" data-element_type=\"column\">\n\t\t\t<div class=\"elementor-widget-wrap elementor-element-populated\">\n\t\t\t\t\t\t\t\t<div class=\"elementor-element elementor-element-b446629 elementor-widget elementor-widget-ce-posts-carousel\" data-id=\"b446629\" data-element_type=\"widget\" data-widget_type=\"ce-posts-carousel.default\">\n\t\t\t\t<div class=\"elementor-widget-container\">\n\t\t\t\t\t\t\t\t<div class=\"ce-carousel-head\">\r\n                <div class=\"ce-posts-carousel-controls\">\r\n                    <a href=\"#\" class=\"ce-prev\"><i class=\"feather feather-arrow-left\"><\/i><\/a>\r\n                    <a href=\"#\" class=\"ce-next\"><i class=\"feather feather-arrow-right\"><\/i><\/a>\r\n                <\/div>            \t\r\n\t\t\t<\/div>\r\n\t\t\t\t<div class=\"ce-posts-carousel ce-post-style-adair\" data-columns=\"2\" data-autoplay=\"0\" data-slide-by=\"1\" data-loop=\"0\" data-gutter=\"60\" data-center=\"0\" data-mouse-drag=\"1\" data-edge-padding-side=\"0\" data-carousel-controls=\"1\" data-edge-padding=\"\">\r\n\r\n            \t\t\t\t\t\t                        \n<article id=\"ce-post-item-11309\" class=\"ce-post-item\" data-delay=\"0\" >\n\t\n    <div class=\"media-wrapper\">\n\t\n                \n        <div class=\"entry-media\">\n        \n            <div class=\"post-thumbnail\">\n                \n                <img loading=\"lazy\" decoding=\"async\" width=\"500\" height=\"360\" src=\"https:\/\/sofiabernasconi.com\/wp-content\/uploads\/elementor\/thumbs\/WhatsApp-Image-2025-06-24-at-10.06.32-e1751238693816-r81k9f8i3kco28qczkg068jxks95nnn85a37fe6t5c.jpeg\" class=\"attachment-500x360x1x1 size-500x360x1x1 wp-post-image\" alt=\"\" \/>                <a href=\"https:\/\/sofiabernasconi.com\/en\/artista-visual-penquista-presenta-hibrida-en-balmaceda-arte-joven\/\" class=\"image-link\"><\/a>\n            \n            <\/div><!-- .post-thumbnail --> \n\n        <\/div><!-- .entry-media --> \n\n        <a href=\"https:\/\/sofiabernasconi.com\/en\/category\/uncategorized\/\" class=\"category-colored\" >Uncategorized<\/a>\n\t<\/div>\n\t\n\t<div class=\"entry-wrapper\">\n\n\t\t<div class=\"entry-wrapper-content\">\n\t\n\t\t\t\t<header class=\"entry-header\">\n\t\t\t\t\t\n\t\t\t\t\t<h2 class=\"entry-title\"><a href=\"https:\/\/sofiabernasconi.com\/en\/artista-visual-penquista-presenta-hibrida-en-balmaceda-arte-joven\/\" rel=\"bookmark\">Artista visual penquista presenta &#8220;H\u00edbrida&#8221; en Balmaceda Arte Joven &#8211; La Estrella<\/a><\/h2>\t\t\t\t\t\t\n                    <div class=\"entry-meta\">\n\n                        <div class=\"entry-meta-single entry-meta-author\">\n                        <img alt='' src='https:\/\/secure.gravatar.com\/avatar\/a180b2790ac9ff0f2081e93df131e6a053b16d0bbf78d30e2c5477e96bb5d976?s=32&#038;d=mm&#038;r=g' class='avatar avatar-32 photo' height='32' width='32' \/><a href=\"https:\/\/sofiabernasconi.com\/en\/author\/admin_8ne25ds7\/\">Sofia Bernasconi Le Roy<\/a>                        <\/div><!-- .entry-meta-single -->\n\n                        <div class=\"entry-meta-single entry-meta-date\">\n                            <i class=\"feather feather-clock\"><\/i>Jun 29, 2025                        <\/div><!-- .entry-meta-single -->\n                    <\/div><!-- .entry-meta -->\n\n\t\t\t\t<\/header><!-- .entry-header -->\n\n\t\t\t<div class=\"entry-content\">\n                            <\/div>\n\n            <div class=\"entry-footer\">\n                <div class=\"ce-share-buttons\"><span class=\"pre\">Share on:<\/span><a href=\"https:\/\/twitter.com\/intent\/tweet?text=Artista%20visual%20penquista%20presenta%20&#8220;H\u00edbrida&#8221;%20en%20Balmaceda%20Arte%20Joven%20&#8211;%20La%20Estrella&amp;url=https%3A%2F%2Fsofiabernasconi.com%2Fen%2Fartista-visual-penquista-presenta-hibrida-en-balmaceda-arte-joven%2F\" title=\"Social Share twitter\" target=\"_blank\"><i class=\"cl-icon-twitter\"><\/i><\/a><a href=\"https:\/\/www.facebook.com\/sharer\/sharer.php?u=https%3A%2F%2Fsofiabernasconi.com%2Fen%2Fartista-visual-penquista-presenta-hibrida-en-balmaceda-arte-joven%2F\" title=\"Social Share facebook\" target=\"_blank\"><i class=\"cl-icon-facebook-f\"><\/i><\/a><a href=\"https:\/\/pinterest.com\/pin\/create\/button\/?url=https%3A%2F%2Fsofiabernasconi.com%2Fen%2Fartista-visual-penquista-presenta-hibrida-en-balmaceda-arte-joven%2F&amp;media=https:\/\/sofiabernasconi.com\/wp-content\/uploads\/2025\/06\/WhatsApp-Image-2025-06-24-at-10.06.32-e1751238693816.jpeg&amp;description=Artista%20visual%20penquista%20presenta%20&#8220;H\u00edbrida&#8221;%20en%20Balmaceda%20Arte%20Joven%20&#8211;%20La%20Estrella\" title=\"Social Share pinterest\" target=\"_blank\"><i class=\"cl-icon-pinterest\"><\/i><\/a><\/div>                                    <a href=\"https:\/\/sofiabernasconi.com\/en\/artista-visual-penquista-presenta-hibrida-en-balmaceda-arte-joven\/\" class=\"entry-readmore\">Continue Reading<\/a>\n                            <\/div>\n\t\t\t\n\t\t\t\n\t\t<\/div><!-- .entry-wrapper-content -->\n\n\t<\/div><!-- .entry-wrapper -->\n\t\n<\/article><!-- #post-## -->\n                    \t\t\t\t\t\t                        \n<article id=\"ce-post-item-11306\" class=\"ce-post-item\" data-delay=\"0\" >\n\t\n    <div class=\"media-wrapper\">\n\t\n                \n        <div class=\"entry-media\">\n        \n            <div class=\"post-thumbnail\">\n                \n                <img loading=\"lazy\" decoding=\"async\" width=\"500\" height=\"360\" src=\"https:\/\/sofiabernasconi.com\/wp-content\/uploads\/elementor\/thumbs\/WhatsApp-Image-2025-06-23-at-13.46.39-r81k2edx14qjb4xn015d1icxs4vf52rfiillbylpn4.jpeg\" class=\"attachment-500x360x1x1 size-500x360x1x1 wp-post-image\" alt=\"\" \/>                <a href=\"https:\/\/sofiabernasconi.com\/en\/una-muestra-interactiva-que-mezcla-cuerpo-paisaje-y-maquina-diario-concepcion\/\" class=\"image-link\"><\/a>\n            \n            <\/div><!-- .post-thumbnail --> \n\n        <\/div><!-- .entry-media --> \n\n        <a href=\"https:\/\/sofiabernasconi.com\/en\/category\/uncategorized\/\" class=\"category-colored\" >Uncategorized<\/a>\n\t<\/div>\n\t\n\t<div class=\"entry-wrapper\">\n\n\t\t<div class=\"entry-wrapper-content\">\n\t\n\t\t\t\t<header class=\"entry-header\">\n\t\t\t\t\t\n\t\t\t\t\t<h2 class=\"entry-title\"><a href=\"https:\/\/sofiabernasconi.com\/en\/una-muestra-interactiva-que-mezcla-cuerpo-paisaje-y-maquina-diario-concepcion\/\" rel=\"bookmark\">Una muestra interactiva que mezcla cuerpo, paisaje y m\u00e1quina. &#8211; Diario Concepci\u00f3n<\/a><\/h2>\t\t\t\t\t\t\n                    <div class=\"entry-meta\">\n\n                        <div class=\"entry-meta-single entry-meta-author\">\n                        <img alt='' src='https:\/\/secure.gravatar.com\/avatar\/a180b2790ac9ff0f2081e93df131e6a053b16d0bbf78d30e2c5477e96bb5d976?s=32&#038;d=mm&#038;r=g' class='avatar avatar-32 photo' height='32' width='32' \/><a href=\"https:\/\/sofiabernasconi.com\/en\/author\/admin_8ne25ds7\/\">Sofia Bernasconi Le Roy<\/a>                        <\/div><!-- .entry-meta-single -->\n\n                        <div class=\"entry-meta-single entry-meta-date\">\n                            <i class=\"feather feather-clock\"><\/i>Jun 29, 2025                        <\/div><!-- .entry-meta-single -->\n                    <\/div><!-- .entry-meta -->\n\n\t\t\t\t<\/header><!-- .entry-header -->\n\n\t\t\t<div class=\"entry-content\">\n                            <\/div>\n\n            <div class=\"entry-footer\">\n                <div class=\"ce-share-buttons\"><span class=\"pre\">Share on:<\/span><a href=\"https:\/\/twitter.com\/intent\/tweet?text=Una%20muestra%20interactiva%20que%20mezcla%20cuerpo,%20paisaje%20y%20m\u00e1quina.%20&#8211;%20Diario%20Concepci\u00f3n&amp;url=https%3A%2F%2Fsofiabernasconi.com%2Fen%2Funa-muestra-interactiva-que-mezcla-cuerpo-paisaje-y-maquina-diario-concepcion%2F\" title=\"Social Share twitter\" target=\"_blank\"><i class=\"cl-icon-twitter\"><\/i><\/a><a href=\"https:\/\/www.facebook.com\/sharer\/sharer.php?u=https%3A%2F%2Fsofiabernasconi.com%2Fen%2Funa-muestra-interactiva-que-mezcla-cuerpo-paisaje-y-maquina-diario-concepcion%2F\" title=\"Social Share facebook\" target=\"_blank\"><i class=\"cl-icon-facebook-f\"><\/i><\/a><a href=\"https:\/\/pinterest.com\/pin\/create\/button\/?url=https%3A%2F%2Fsofiabernasconi.com%2Fen%2Funa-muestra-interactiva-que-mezcla-cuerpo-paisaje-y-maquina-diario-concepcion%2F&amp;media=https:\/\/sofiabernasconi.com\/wp-content\/uploads\/2025\/06\/WhatsApp-Image-2025-06-23-at-13.46.39.jpeg&amp;description=Una%20muestra%20interactiva%20que%20mezcla%20cuerpo,%20paisaje%20y%20m\u00e1quina.%20&#8211;%20Diario%20Concepci\u00f3n\" title=\"Social Share pinterest\" target=\"_blank\"><i class=\"cl-icon-pinterest\"><\/i><\/a><\/div>                                    <a href=\"https:\/\/sofiabernasconi.com\/en\/una-muestra-interactiva-que-mezcla-cuerpo-paisaje-y-maquina-diario-concepcion\/\" class=\"entry-readmore\">Continue Reading<\/a>\n                            <\/div>\n\t\t\t\n\t\t\t\n\t\t<\/div><!-- .entry-wrapper-content -->\n\n\t<\/div><!-- .entry-wrapper -->\n\t\n<\/article><!-- #post-## -->\n                    \t\t\t\t\t\t                        \n<article id=\"ce-post-item-11296\" class=\"ce-post-item\" data-delay=\"0\" >\n\t\n    <div class=\"media-wrapper\">\n\t\n                \n        <div class=\"entry-media\">\n        \n            <div class=\"post-thumbnail\">\n                \n                <img loading=\"lazy\" decoding=\"async\" width=\"500\" height=\"360\" src=\"https:\/\/sofiabernasconi.com\/wp-content\/uploads\/elementor\/thumbs\/imagen-wp-2025-06-25t10263051750861595-960x540-1-r81jr59h7jbyb7a3po15oul9r2c7zj34atfbhpae4w.jpg\" class=\"attachment-500x360x1x1 size-500x360x1x1 wp-post-image\" alt=\"\" \/>                <a href=\"https:\/\/sofiabernasconi.com\/en\/hibrida-una-experiencia-inmersiva-unica-en-concepcion-que-mezcla-cuerpo-paisaje-y-tecnologia\/\" class=\"image-link\"><\/a>\n            \n            <\/div><!-- .post-thumbnail --> \n\n        <\/div><!-- .entry-media --> \n\n        <a href=\"https:\/\/sofiabernasconi.com\/en\/category\/uncategorized\/\" class=\"category-colored\" >Uncategorized<\/a>\n\t<\/div>\n\t\n\t<div class=\"entry-wrapper\">\n\n\t\t<div class=\"entry-wrapper-content\">\n\t\n\t\t\t\t<header class=\"entry-header\">\n\t\t\t\t\t\n\t\t\t\t\t<h2 class=\"entry-title\"><a href=\"https:\/\/sofiabernasconi.com\/en\/hibrida-una-experiencia-inmersiva-unica-en-concepcion-que-mezcla-cuerpo-paisaje-y-tecnologia\/\" rel=\"bookmark\">&#8220;H\u00cdBRIDA&#8221;: una experiencia inmersiva \u00fanica en Concepci\u00f3n que mezcla cuerpo, paisaje y tecnolog\u00eda &#8211; SABES.CL<\/a><\/h2>\t\t\t\t\t\t\n                    <div class=\"entry-meta\">\n\n                        <div class=\"entry-meta-single entry-meta-author\">\n                        <img alt='' src='https:\/\/secure.gravatar.com\/avatar\/a180b2790ac9ff0f2081e93df131e6a053b16d0bbf78d30e2c5477e96bb5d976?s=32&#038;d=mm&#038;r=g' class='avatar avatar-32 photo' height='32' width='32' \/><a href=\"https:\/\/sofiabernasconi.com\/en\/author\/admin_8ne25ds7\/\">Sofia Bernasconi Le Roy<\/a>                        <\/div><!-- .entry-meta-single -->\n\n                        <div class=\"entry-meta-single entry-meta-date\">\n                            <i class=\"feather feather-clock\"><\/i>Jun 29, 2025                        <\/div><!-- .entry-meta-single -->\n                    <\/div><!-- .entry-meta -->\n\n\t\t\t\t<\/header><!-- .entry-header -->\n\n\t\t\t<div class=\"entry-content\">\n                La artista penquista Sof\u00eda Bernasconi Le Roy presenta su nueva videoinstalaci\u00f3n perform\u00e1tica en Balmaceda Arte Joven Biob\u00edo. Por |&nbsp;mi\u00e9rcoles 25 junio 2025 &#8211; 10:39 Desde el jueves 26 de junio a las 18:30 hrs, la sede Biob\u00edo de&nbsp;Balmaceda Arte Joven&nbsp;(Colo\u2011Colo [&hellip;]            <\/div>\n\n            <div class=\"entry-footer\">\n                <div class=\"ce-share-buttons\"><span class=\"pre\">Share on:<\/span><a href=\"https:\/\/twitter.com\/intent\/tweet?text=&#8220;H\u00cdBRIDA&#8221;:%20una%20experiencia%20inmersiva%20\u00fanica%20en%20Concepci\u00f3n%20que%20mezcla%20cuerpo,%20paisaje%20y%20tecnolog\u00eda%20&#8211;%20SABES.CL&amp;url=https%3A%2F%2Fsofiabernasconi.com%2Fen%2Fhibrida-una-experiencia-inmersiva-unica-en-concepcion-que-mezcla-cuerpo-paisaje-y-tecnologia%2F\" title=\"Social Share twitter\" target=\"_blank\"><i class=\"cl-icon-twitter\"><\/i><\/a><a href=\"https:\/\/www.facebook.com\/sharer\/sharer.php?u=https%3A%2F%2Fsofiabernasconi.com%2Fen%2Fhibrida-una-experiencia-inmersiva-unica-en-concepcion-que-mezcla-cuerpo-paisaje-y-tecnologia%2F\" title=\"Social Share facebook\" target=\"_blank\"><i class=\"cl-icon-facebook-f\"><\/i><\/a><a href=\"https:\/\/pinterest.com\/pin\/create\/button\/?url=https%3A%2F%2Fsofiabernasconi.com%2Fen%2Fhibrida-una-experiencia-inmersiva-unica-en-concepcion-que-mezcla-cuerpo-paisaje-y-tecnologia%2F&amp;media=https:\/\/sofiabernasconi.com\/wp-content\/uploads\/2025\/06\/imagen-wp-2025-06-25t10263051750861595-960x540-1.jpg&amp;description=&#8220;H\u00cdBRIDA&#8221;:%20una%20experiencia%20inmersiva%20\u00fanica%20en%20Concepci\u00f3n%20que%20mezcla%20cuerpo,%20paisaje%20y%20tecnolog\u00eda%20&#8211;%20SABES.CL\" title=\"Social Share pinterest\" target=\"_blank\"><i class=\"cl-icon-pinterest\"><\/i><\/a><\/div>                                    <a href=\"https:\/\/sofiabernasconi.com\/en\/hibrida-una-experiencia-inmersiva-unica-en-concepcion-que-mezcla-cuerpo-paisaje-y-tecnologia\/\" class=\"entry-readmore\">Continue Reading<\/a>\n                            <\/div>\n\t\t\t\n\t\t\t\n\t\t<\/div><!-- .entry-wrapper-content -->\n\n\t<\/div><!-- .entry-wrapper -->\n\t\n<\/article><!-- #post-## -->\n                    \t\t\t\t\t\t                        \n<article id=\"ce-post-item-11287\" class=\"ce-post-item\" data-delay=\"0\" >\n\t\n    <div class=\"media-wrapper\">\n\t\n                \n        <div class=\"entry-media\">\n        \n            <div class=\"post-thumbnail\">\n                \n                <img loading=\"lazy\" decoding=\"async\" width=\"500\" height=\"360\" src=\"https:\/\/sofiabernasconi.com\/wp-content\/uploads\/elementor\/thumbs\/Captura-de-pantalla-2025-06-29-a-las-6.42.41\u202fp.m-r81j136jqvnsgd4pvejhkfb8wirwlln01ucqjjxamo.png\" class=\"attachment-500x360x1x1 size-500x360x1x1 wp-post-image\" alt=\"\" \/>                <a href=\"https:\/\/sofiabernasconi.com\/en\/hacen-falta-mas-espacios-para-este-tipo-de-arte-sofia-bernasconi-por-exposicion-de-hibrida\/\" class=\"image-link\"><\/a>\n            \n            <\/div><!-- .post-thumbnail --> \n\n        <\/div><!-- .entry-media --> \n\n        <a href=\"https:\/\/sofiabernasconi.com\/en\/category\/uncategorized\/\" class=\"category-colored\" >Uncategorized<\/a>\n\t<\/div>\n\t\n\t<div class=\"entry-wrapper\">\n\n\t\t<div class=\"entry-wrapper-content\">\n\t\n\t\t\t\t<header class=\"entry-header\">\n\t\t\t\t\t\n\t\t\t\t\t<h2 class=\"entry-title\"><a href=\"https:\/\/sofiabernasconi.com\/en\/hacen-falta-mas-espacios-para-este-tipo-de-arte-sofia-bernasconi-por-exposicion-de-hibrida\/\" rel=\"bookmark\">\u201cHacen falta m\u00e1s espacios para este tipo de arte\u201d: Sof\u00eda Bernasconi por exposici\u00f3n de &#8220;H\u00edbrida&#8221; &#8211; TVU<\/a><\/h2>\t\t\t\t\t\t\n                    <div class=\"entry-meta\">\n\n                        <div class=\"entry-meta-single entry-meta-author\">\n                        <img alt='' src='https:\/\/secure.gravatar.com\/avatar\/a180b2790ac9ff0f2081e93df131e6a053b16d0bbf78d30e2c5477e96bb5d976?s=32&#038;d=mm&#038;r=g' class='avatar avatar-32 photo' height='32' width='32' \/><a href=\"https:\/\/sofiabernasconi.com\/en\/author\/admin_8ne25ds7\/\">Sofia Bernasconi Le Roy<\/a>                        <\/div><!-- .entry-meta-single -->\n\n                        <div class=\"entry-meta-single entry-meta-date\">\n                            <i class=\"feather feather-clock\"><\/i>Jun 29, 2025                        <\/div><!-- .entry-meta-single -->\n                    <\/div><!-- .entry-meta -->\n\n\t\t\t\t<\/header><!-- .entry-header -->\n\n\t\t\t<div class=\"entry-content\">\n                            <\/div>\n\n            <div class=\"entry-footer\">\n                <div class=\"ce-share-buttons\"><span class=\"pre\">Share on:<\/span><a href=\"https:\/\/twitter.com\/intent\/tweet?text=\u201cHacen%20falta%20m\u00e1s%20espacios%20para%20este%20tipo%20de%20arte\u201d:%20Sof\u00eda%20Bernasconi%20por%20exposici\u00f3n%20de%20&#8220;H\u00edbrida&#8221;%20&#8211;%20TVU&amp;url=https%3A%2F%2Fsofiabernasconi.com%2Fen%2Fhacen-falta-mas-espacios-para-este-tipo-de-arte-sofia-bernasconi-por-exposicion-de-hibrida%2F\" title=\"Social Share twitter\" target=\"_blank\"><i class=\"cl-icon-twitter\"><\/i><\/a><a href=\"https:\/\/www.facebook.com\/sharer\/sharer.php?u=https%3A%2F%2Fsofiabernasconi.com%2Fen%2Fhacen-falta-mas-espacios-para-este-tipo-de-arte-sofia-bernasconi-por-exposicion-de-hibrida%2F\" title=\"Social Share facebook\" target=\"_blank\"><i class=\"cl-icon-facebook-f\"><\/i><\/a><a href=\"https:\/\/pinterest.com\/pin\/create\/button\/?url=https%3A%2F%2Fsofiabernasconi.com%2Fen%2Fhacen-falta-mas-espacios-para-este-tipo-de-arte-sofia-bernasconi-por-exposicion-de-hibrida%2F&amp;media=https:\/\/sofiabernasconi.com\/wp-content\/uploads\/2025\/06\/Captura-de-pantalla-2025-06-29-a-las-6.42.41\u202fp.m.png&amp;description=\u201cHacen%20falta%20m\u00e1s%20espacios%20para%20este%20tipo%20de%20arte\u201d:%20Sof\u00eda%20Bernasconi%20por%20exposici\u00f3n%20de%20&#8220;H\u00edbrida&#8221;%20&#8211;%20TVU\" title=\"Social Share pinterest\" target=\"_blank\"><i class=\"cl-icon-pinterest\"><\/i><\/a><\/div>                                    <a href=\"https:\/\/sofiabernasconi.com\/en\/hacen-falta-mas-espacios-para-este-tipo-de-arte-sofia-bernasconi-por-exposicion-de-hibrida\/\" class=\"entry-readmore\">Continue Reading<\/a>\n                            <\/div>\n\t\t\t\n\t\t\t\n\t\t<\/div><!-- .entry-wrapper-content -->\n\n\t<\/div><!-- .entry-wrapper -->\n\t\n<\/article><!-- #post-## -->\n                    \t\t\t\t\t\t                        \n<article id=\"ce-post-item-11282\" class=\"ce-post-item\" data-delay=\"0\" >\n\t\n    <div class=\"media-wrapper\">\n\t\n                \n        <div class=\"entry-media\">\n        \n            <div class=\"post-thumbnail\">\n                \n                <img loading=\"lazy\" decoding=\"async\" width=\"500\" height=\"360\" src=\"https:\/\/sofiabernasconi.com\/wp-content\/uploads\/elementor\/thumbs\/21_06_25_pag_20-1440-0f4edc-1-scaled-r81hv4nwo480702tvrm0rihiabl2002cm5zgbw4yds.jpg\" class=\"attachment-500x360x1x1 size-500x360x1x1 wp-post-image\" alt=\"\" \/>                <a href=\"https:\/\/sofiabernasconi.com\/en\/sofia-bernasconi-llega-a-baj-biobio-con-su-videoinstalacion-performatica\/\" class=\"image-link\"><\/a>\n            \n            <\/div><!-- .post-thumbnail --> \n\n        <\/div><!-- .entry-media --> \n\n        <a href=\"https:\/\/sofiabernasconi.com\/en\/category\/cultura\/\" class=\"category-colored\" >CULTURA<\/a>\n\t<\/div>\n\t\n\t<div class=\"entry-wrapper\">\n\n\t\t<div class=\"entry-wrapper-content\">\n\t\n\t\t\t\t<header class=\"entry-header\">\n\t\t\t\t\t\n\t\t\t\t\t<h2 class=\"entry-title\"><a href=\"https:\/\/sofiabernasconi.com\/en\/sofia-bernasconi-llega-a-baj-biobio-con-su-videoinstalacion-performatica\/\" rel=\"bookmark\">Sof\u00eda Bernasconi llega a BAJ Biob\u00edo con su videoinstalaci\u00f3n perform\u00e1tica &#8211; Diario El Sur<\/a><\/h2>\t\t\t\t\t\t\n                    <div class=\"entry-meta\">\n\n                        <div class=\"entry-meta-single entry-meta-author\">\n                        <img alt='' src='https:\/\/secure.gravatar.com\/avatar\/a180b2790ac9ff0f2081e93df131e6a053b16d0bbf78d30e2c5477e96bb5d976?s=32&#038;d=mm&#038;r=g' class='avatar avatar-32 photo' height='32' width='32' \/><a href=\"https:\/\/sofiabernasconi.com\/en\/author\/admin_8ne25ds7\/\">Sofia Bernasconi Le Roy<\/a>                        <\/div><!-- .entry-meta-single -->\n\n                        <div class=\"entry-meta-single entry-meta-date\">\n                            <i class=\"feather feather-clock\"><\/i>Jun 29, 2025                        <\/div><!-- .entry-meta-single -->\n                    <\/div><!-- .entry-meta -->\n\n\t\t\t\t<\/header><!-- .entry-header -->\n\n\t\t\t<div class=\"entry-content\">\n                Desde el 26 de junio Sof\u00eda Bernasconi llega a BAJ Biob\u00edo con su videoinstalaci\u00f3n perform\u00e1tica Por Nicol\u00e1s Mart\u00ednez Ram\u00edrezespectaculos@elsur.cl Cuerpo, paisaje y m\u00e1quina. Sof\u00eda Bernasconi ha hecho del performance y la videoinstalaci\u00f3n sus grandes formas de expresi\u00f3n. Es as\u00ed que [&hellip;]            <\/div>\n\n            <div class=\"entry-footer\">\n                <div class=\"ce-share-buttons\"><span class=\"pre\">Share on:<\/span><a href=\"https:\/\/twitter.com\/intent\/tweet?text=Sof\u00eda%20Bernasconi%20llega%20a%20BAJ%20Biob\u00edo%20con%20su%20videoinstalaci\u00f3n%20perform\u00e1tica%20&#8211;%20Diario%20El%20Sur&amp;url=https%3A%2F%2Fsofiabernasconi.com%2Fen%2Fsofia-bernasconi-llega-a-baj-biobio-con-su-videoinstalacion-performatica%2F\" title=\"Social Share twitter\" target=\"_blank\"><i class=\"cl-icon-twitter\"><\/i><\/a><a href=\"https:\/\/www.facebook.com\/sharer\/sharer.php?u=https%3A%2F%2Fsofiabernasconi.com%2Fen%2Fsofia-bernasconi-llega-a-baj-biobio-con-su-videoinstalacion-performatica%2F\" title=\"Social Share facebook\" target=\"_blank\"><i class=\"cl-icon-facebook-f\"><\/i><\/a><a href=\"https:\/\/pinterest.com\/pin\/create\/button\/?url=https%3A%2F%2Fsofiabernasconi.com%2Fen%2Fsofia-bernasconi-llega-a-baj-biobio-con-su-videoinstalacion-performatica%2F&amp;media=https:\/\/sofiabernasconi.com\/wp-content\/uploads\/2025\/06\/21_06_25_pag_20-1440-0f4edc-1-scaled.jpg&amp;description=Sof\u00eda%20Bernasconi%20llega%20a%20BAJ%20Biob\u00edo%20con%20su%20videoinstalaci\u00f3n%20perform\u00e1tica%20&#8211;%20Diario%20El%20Sur\" title=\"Social Share pinterest\" target=\"_blank\"><i class=\"cl-icon-pinterest\"><\/i><\/a><\/div>                                    <a href=\"https:\/\/sofiabernasconi.com\/en\/sofia-bernasconi-llega-a-baj-biobio-con-su-videoinstalacion-performatica\/\" class=\"entry-readmore\">Continue Reading<\/a>\n                            <\/div>\n\t\t\t\n\t\t\t\n\t\t<\/div><!-- .entry-wrapper-content -->\n\n\t<\/div><!-- .entry-wrapper -->\n\t\n<\/article><!-- #post-## -->\n                    \t\t\t\t\t\t                        \n<article id=\"ce-post-item-8279\" class=\"ce-post-item\" data-delay=\"0\" >\n\t\n    <div class=\"media-wrapper\">\n\t\n                \n        <div class=\"entry-media\">\n        \n            <div class=\"post-thumbnail\">\n                \n                <img loading=\"lazy\" decoding=\"async\" width=\"500\" height=\"360\" src=\"https:\/\/sofiabernasconi.com\/wp-content\/uploads\/elementor\/thumbs\/Diario-04-06-2024-17-1-1_page-0001-1-qq4zyawqp461nanh67ywkoxezdbaqwq0hbfhd5jw9c.jpg\" class=\"attachment-500x360x1x1 size-500x360x1x1 wp-post-image\" alt=\"\" \/>                <a href=\"https:\/\/sofiabernasconi.com\/en\/una-muestra-que-une-la-corporalidad-con-nuevos-lenguajes-exposicion-desbordes-de-sofia-bernasconi\/\" class=\"image-link\"><\/a>\n            \n            <\/div><!-- .post-thumbnail --> \n\n        <\/div><!-- .entry-media --> \n\n        <a href=\"https:\/\/sofiabernasconi.com\/en\/category\/desbordes\/\" class=\"category-colored\" >Desbordes<\/a>\n\t<\/div>\n\t\n\t<div class=\"entry-wrapper\">\n\n\t\t<div class=\"entry-wrapper-content\">\n\t\n\t\t\t\t<header class=\"entry-header\">\n\t\t\t\t\t\n\t\t\t\t\t<h2 class=\"entry-title\"><a href=\"https:\/\/sofiabernasconi.com\/en\/una-muestra-que-une-la-corporalidad-con-nuevos-lenguajes-exposicion-desbordes-de-sofia-bernasconi\/\" rel=\"bookmark\">Una muestra que une la corporalidad con nuevos lenguajes.    Exposici\u00f3n &#8220;Desbordes&#8221; de Sof\u00eda Bernasconi. (2024) &#8211; Diario Concepci\u00f3n<\/a><\/h2>\t\t\t\t\t\t\n                    <div class=\"entry-meta\">\n\n                        <div class=\"entry-meta-single entry-meta-author\">\n                        <img alt='' src='https:\/\/secure.gravatar.com\/avatar\/a180b2790ac9ff0f2081e93df131e6a053b16d0bbf78d30e2c5477e96bb5d976?s=32&#038;d=mm&#038;r=g' class='avatar avatar-32 photo' height='32' width='32' \/><a href=\"https:\/\/sofiabernasconi.com\/en\/author\/admin_8ne25ds7\/\">Sofia Bernasconi Le Roy<\/a>                        <\/div><!-- .entry-meta-single -->\n\n                        <div class=\"entry-meta-single entry-meta-date\">\n                            <i class=\"feather feather-clock\"><\/i>Jun 24, 2024                        <\/div><!-- .entry-meta-single -->\n                    <\/div><!-- .entry-meta -->\n\n\t\t\t\t<\/header><!-- .entry-header -->\n\n\t\t\t<div class=\"entry-content\">\n                Diario Concepci\u00f3n &#8211; Martes 4 de junio de 2024 Cultura &amp; Espect\u00e1culos \u201cEs una exposici\u00f3n que compila cinco obras que he desarrollado desde 2018 a la fecha\u201d.\u201cLo que me inspira en esta muestra es la b\u00fasqueda de la libertad corporal\u201d.Sof\u00eda [&hellip;]            <\/div>\n\n            <div class=\"entry-footer\">\n                <div class=\"ce-share-buttons\"><span class=\"pre\">Share on:<\/span><a href=\"https:\/\/twitter.com\/intent\/tweet?text=Una%20muestra%20que%20une%20la%20corporalidad%20con%20nuevos%20lenguajes.%20%20%20%20Exposici\u00f3n%20&#8220;Desbordes&#8221;%20de%20Sof\u00eda%20Bernasconi.%20(2024)%20&#8211;%20Diario%20Concepci\u00f3n&amp;url=https%3A%2F%2Fsofiabernasconi.com%2Fen%2Funa-muestra-que-une-la-corporalidad-con-nuevos-lenguajes-exposicion-desbordes-de-sofia-bernasconi%2F\" title=\"Social Share twitter\" target=\"_blank\"><i class=\"cl-icon-twitter\"><\/i><\/a><a href=\"https:\/\/www.facebook.com\/sharer\/sharer.php?u=https%3A%2F%2Fsofiabernasconi.com%2Fen%2Funa-muestra-que-une-la-corporalidad-con-nuevos-lenguajes-exposicion-desbordes-de-sofia-bernasconi%2F\" title=\"Social Share facebook\" target=\"_blank\"><i class=\"cl-icon-facebook-f\"><\/i><\/a><a href=\"https:\/\/pinterest.com\/pin\/create\/button\/?url=https%3A%2F%2Fsofiabernasconi.com%2Fen%2Funa-muestra-que-une-la-corporalidad-con-nuevos-lenguajes-exposicion-desbordes-de-sofia-bernasconi%2F&amp;media=https:\/\/sofiabernasconi.com\/wp-content\/uploads\/2023\/07\/Diario-04-06-2024-17-1-1_page-0001-1.jpg&amp;description=Una%20muestra%20que%20une%20la%20corporalidad%20con%20nuevos%20lenguajes.%20%20%20%20Exposici\u00f3n%20&#8220;Desbordes&#8221;%20de%20Sof\u00eda%20Bernasconi.%20(2024)%20&#8211;%20Diario%20Concepci\u00f3n\" title=\"Social Share pinterest\" target=\"_blank\"><i class=\"cl-icon-pinterest\"><\/i><\/a><\/div>                                    <a href=\"https:\/\/sofiabernasconi.com\/en\/una-muestra-que-une-la-corporalidad-con-nuevos-lenguajes-exposicion-desbordes-de-sofia-bernasconi\/\" class=\"entry-readmore\">Continue Reading<\/a>\n                            <\/div>\n\t\t\t\n\t\t\t\n\t\t<\/div><!-- .entry-wrapper-content -->\n\n\t<\/div><!-- .entry-wrapper -->\n\t\n<\/article><!-- #post-## -->\n                    \t\t\t\t\t\t                        \n<article id=\"ce-post-item-11293\" class=\"ce-post-item\" data-delay=\"0\" >\n\t\n    <div class=\"media-wrapper\">\n\t\n                \n        <div class=\"entry-media\">\n        \n            <div class=\"post-thumbnail\">\n                \n                <img loading=\"lazy\" decoding=\"async\" width=\"500\" height=\"360\" src=\"https:\/\/sofiabernasconi.com\/wp-content\/uploads\/elementor\/thumbs\/obra-desbordes-850x500-1-r81jkqz0p4kpaqkm2ehk7ypc7nvaloovr5lcwwruhc.jpg\" class=\"attachment-500x360x1x1 size-500x360x1x1 wp-post-image\" alt=\"\" \/>                <a href=\"https:\/\/sofiabernasconi.com\/en\/una-muestra-que-une-la-corporalidad-con-nuevos-lenguajes\/\" class=\"image-link\"><\/a>\n            \n            <\/div><!-- .post-thumbnail --> \n\n        <\/div><!-- .entry-media --> \n\n        <a href=\"https:\/\/sofiabernasconi.com\/en\/category\/uncategorized\/\" class=\"category-colored\" >Uncategorized<\/a>\n\t<\/div>\n\t\n\t<div class=\"entry-wrapper\">\n\n\t\t<div class=\"entry-wrapper-content\">\n\t\n\t\t\t\t<header class=\"entry-header\">\n\t\t\t\t\t\n\t\t\t\t\t<h2 class=\"entry-title\"><a href=\"https:\/\/sofiabernasconi.com\/en\/una-muestra-que-une-la-corporalidad-con-nuevos-lenguajes\/\" rel=\"bookmark\">Una muestra que une la corporalidad con nuevos lenguajes<\/a><\/h2>\t\t\t\t\t\t\n                    <div class=\"entry-meta\">\n\n                        <div class=\"entry-meta-single entry-meta-author\">\n                        <img alt='' src='https:\/\/secure.gravatar.com\/avatar\/a180b2790ac9ff0f2081e93df131e6a053b16d0bbf78d30e2c5477e96bb5d976?s=32&#038;d=mm&#038;r=g' class='avatar avatar-32 photo' height='32' width='32' \/><a href=\"https:\/\/sofiabernasconi.com\/en\/author\/admin_8ne25ds7\/\">Sofia Bernasconi Le Roy<\/a>                        <\/div><!-- .entry-meta-single -->\n\n                        <div class=\"entry-meta-single entry-meta-date\">\n                            <i class=\"feather feather-clock\"><\/i>Jun 4, 2024                        <\/div><!-- .entry-meta-single -->\n                    <\/div><!-- .entry-meta -->\n\n\t\t\t\t<\/header><!-- .entry-header -->\n\n\t\t\t<div class=\"entry-content\">\n                Cultura y Espect\u00e1culos Una muestra que une la corporalidad con nuevos lenguajes Cinco obras, que hablan y exhiben al cuerpo en diferentes situaciones, y en formatos diversos como el videoarte y la performance, integran &#8220;Desbordes&#8221;, propuesta de Sof\u00eda Bernasconi. Exposici\u00f3n [&hellip;]            <\/div>\n\n            <div class=\"entry-footer\">\n                <div class=\"ce-share-buttons\"><span class=\"pre\">Share on:<\/span><a href=\"https:\/\/twitter.com\/intent\/tweet?text=Una%20muestra%20que%20une%20la%20corporalidad%20con%20nuevos%20lenguajes&amp;url=https%3A%2F%2Fsofiabernasconi.com%2Fen%2Funa-muestra-que-une-la-corporalidad-con-nuevos-lenguajes%2F\" title=\"Social Share twitter\" target=\"_blank\"><i class=\"cl-icon-twitter\"><\/i><\/a><a href=\"https:\/\/www.facebook.com\/sharer\/sharer.php?u=https%3A%2F%2Fsofiabernasconi.com%2Fen%2Funa-muestra-que-une-la-corporalidad-con-nuevos-lenguajes%2F\" title=\"Social Share facebook\" target=\"_blank\"><i class=\"cl-icon-facebook-f\"><\/i><\/a><a href=\"https:\/\/pinterest.com\/pin\/create\/button\/?url=https%3A%2F%2Fsofiabernasconi.com%2Fen%2Funa-muestra-que-une-la-corporalidad-con-nuevos-lenguajes%2F&amp;media=https:\/\/sofiabernasconi.com\/wp-content\/uploads\/2025\/06\/obra-desbordes-850x500-1.jpg&amp;description=Una%20muestra%20que%20une%20la%20corporalidad%20con%20nuevos%20lenguajes\" title=\"Social Share pinterest\" target=\"_blank\"><i class=\"cl-icon-pinterest\"><\/i><\/a><\/div>                                    <a href=\"https:\/\/sofiabernasconi.com\/en\/una-muestra-que-une-la-corporalidad-con-nuevos-lenguajes\/\" class=\"entry-readmore\">Continue Reading<\/a>\n                            <\/div>\n\t\t\t\n\t\t\t\n\t\t<\/div><!-- .entry-wrapper-content -->\n\n\t<\/div><!-- .entry-wrapper -->\n\t\n<\/article><!-- #post-## -->\n                    \t\t\t\t\t\t                        \n<article id=\"ce-post-item-7998\" class=\"ce-post-item\" data-delay=\"0\" >\n\t\n    <div class=\"media-wrapper\">\n\t\n                \n        <div class=\"entry-media\">\n        \n            <div class=\"post-thumbnail\">\n                \n                <img loading=\"lazy\" decoding=\"async\" width=\"500\" height=\"360\" src=\"https:\/\/sofiabernasconi.com\/wp-content\/uploads\/elementor\/thumbs\/IMG3-qg42cc6p6icmesmh82wl6tahtnxg4edyqyc31sqpe8.png\" class=\"attachment-500x360x1x1 size-500x360x1x1 wp-post-image\" alt=\"\" \/>                <a href=\"https:\/\/sofiabernasconi.com\/en\/como-parte-de-la-seleccion-final-del-premio-mavi-uc-en-santiago-video-instalacion-invita-a-explorar-los-limites-de-sofia-bernasconi-2023\/\" class=\"image-link\"><\/a>\n            \n            <\/div><!-- .post-thumbnail --> \n\n        <\/div><!-- .entry-media --> \n\n        <a href=\"https:\/\/sofiabernasconi.com\/en\/category\/cultura\/\" class=\"category-colored\" >CULTURA<\/a>\n\t<\/div>\n\t\n\t<div class=\"entry-wrapper\">\n\n\t\t<div class=\"entry-wrapper-content\">\n\t\n\t\t\t\t<header class=\"entry-header\">\n\t\t\t\t\t\n\t\t\t\t\t<h2 class=\"entry-title\"><a href=\"https:\/\/sofiabernasconi.com\/en\/como-parte-de-la-seleccion-final-del-premio-mavi-uc-en-santiago-video-instalacion-invita-a-explorar-los-limites-de-sofia-bernasconi-2023\/\" rel=\"bookmark\">As part of the final selection for the Mavi UC Award in Santiago, this video installation invites you to explore the limits of Sof\u00eda Bernasconi (2023).<\/a><\/h2>\t\t\t\t\t\t\n                    <div class=\"entry-meta\">\n\n                        <div class=\"entry-meta-single entry-meta-author\">\n                        <img alt='' src='https:\/\/secure.gravatar.com\/avatar\/a180b2790ac9ff0f2081e93df131e6a053b16d0bbf78d30e2c5477e96bb5d976?s=32&#038;d=mm&#038;r=g' class='avatar avatar-32 photo' height='32' width='32' \/><a href=\"https:\/\/sofiabernasconi.com\/en\/author\/admin_8ne25ds7\/\">Sofia Bernasconi Le Roy<\/a>                        <\/div><!-- .entry-meta-single -->\n\n                        <div class=\"entry-meta-single entry-meta-date\">\n                            <i class=\"feather feather-clock\"><\/i>Nov 30, 2023                        <\/div><!-- .entry-meta-single -->\n                    <\/div><!-- .entry-meta -->\n\n\t\t\t\t<\/header><!-- .entry-header -->\n\n\t\t\t<div class=\"entry-content\">\n                Nota en Diario El Sur, Chile. &nbsp; Jueves 13 de julio de 2023 Por Nicol\u00e1s Mart\u00ednez Ram\u00edrez. espectaculo@diarioelsur.cl &nbsp; &nbsp; Como parte de la selecci\u00f3n final del Premio Mavi UC en Santiago &nbsp; Video-instalaci\u00f3n invita a explorar los l\u00edmites de [&hellip;]            <\/div>\n\n            <div class=\"entry-footer\">\n                <div class=\"ce-share-buttons\"><span class=\"pre\">Share on:<\/span><a href=\"https:\/\/twitter.com\/intent\/tweet?text=Como%20parte%20de%20la%20selecci\u00f3n%20final%20del%20Premio%20Mavi%20UC%20en%20Santiago,%20video-instalaci\u00f3n%20invita%20a%20explorar%20los%20l\u00edmites%20de%20Sof\u00eda%20Bernasconi%20(2023)&amp;url=https%3A%2F%2Fsofiabernasconi.com%2Fen%2Fcomo-parte-de-la-seleccion-final-del-premio-mavi-uc-en-santiago-video-instalacion-invita-a-explorar-los-limites-de-sofia-bernasconi-2023%2F\" title=\"Social Share twitter\" target=\"_blank\"><i class=\"cl-icon-twitter\"><\/i><\/a><a href=\"https:\/\/www.facebook.com\/sharer\/sharer.php?u=https%3A%2F%2Fsofiabernasconi.com%2Fen%2Fcomo-parte-de-la-seleccion-final-del-premio-mavi-uc-en-santiago-video-instalacion-invita-a-explorar-los-limites-de-sofia-bernasconi-2023%2F\" title=\"Social Share facebook\" target=\"_blank\"><i class=\"cl-icon-facebook-f\"><\/i><\/a><a href=\"https:\/\/pinterest.com\/pin\/create\/button\/?url=https%3A%2F%2Fsofiabernasconi.com%2Fen%2Fcomo-parte-de-la-seleccion-final-del-premio-mavi-uc-en-santiago-video-instalacion-invita-a-explorar-los-limites-de-sofia-bernasconi-2023%2F&amp;media=https:\/\/sofiabernasconi.com\/wp-content\/uploads\/2023\/11\/IMG3.png&amp;description=Como%20parte%20de%20la%20selecci\u00f3n%20final%20del%20Premio%20Mavi%20UC%20en%20Santiago,%20video-instalaci\u00f3n%20invita%20a%20explorar%20los%20l\u00edmites%20de%20Sof\u00eda%20Bernasconi%20(2023)\" title=\"Social Share pinterest\" target=\"_blank\"><i class=\"cl-icon-pinterest\"><\/i><\/a><\/div>                                    <a href=\"https:\/\/sofiabernasconi.com\/en\/como-parte-de-la-seleccion-final-del-premio-mavi-uc-en-santiago-video-instalacion-invita-a-explorar-los-limites-de-sofia-bernasconi-2023\/\" class=\"entry-readmore\">Continue Reading<\/a>\n                            <\/div>\n\t\t\t\n\t\t\t\n\t\t<\/div><!-- .entry-wrapper-content -->\n\n\t<\/div><!-- .entry-wrapper -->\n\t\n<\/article><!-- #post-## -->\n                    \t\t\t\t\t\t                        \n<article id=\"ce-post-item-7993\" class=\"ce-post-item\" data-delay=\"0\" >\n\t\n    <div class=\"media-wrapper\">\n\t\n                \n        <div class=\"entry-media\">\n        \n            <div class=\"post-thumbnail\">\n                \n                <img loading=\"lazy\" decoding=\"async\" width=\"500\" height=\"360\" src=\"https:\/\/sofiabernasconi.com\/wp-content\/uploads\/elementor\/thumbs\/img2-qg42a8zlzrholznpf6efnc9mau830m3fsm58nnu780.png\" class=\"attachment-500x360x1x1 size-500x360x1x1 wp-post-image\" alt=\"\" \/>                <a href=\"https:\/\/sofiabernasconi.com\/en\/la-artista-penquista-sofia-bernasconi-es-una-de-las-46-finalistas-del-xvi-premio-mavi-uc-arte-joven-2023\/\" class=\"image-link\"><\/a>\n            \n            <\/div><!-- .post-thumbnail --> \n\n        <\/div><!-- .entry-media --> \n\n        <a href=\"https:\/\/sofiabernasconi.com\/en\/category\/cultura\/\" class=\"category-colored\" >CULTURA<\/a>\n\t<\/div>\n\t\n\t<div class=\"entry-wrapper\">\n\n\t\t<div class=\"entry-wrapper-content\">\n\t\n\t\t\t\t<header class=\"entry-header\">\n\t\t\t\t\t\n\t\t\t\t\t<h2 class=\"entry-title\"><a href=\"https:\/\/sofiabernasconi.com\/en\/la-artista-penquista-sofia-bernasconi-es-una-de-las-46-finalistas-del-xvi-premio-mavi-uc-arte-joven-2023\/\" rel=\"bookmark\">The artist from Concepci\u00f3n, Sof\u00eda Bernasconi, is one of the 46 finalists in the XVI MAVI UC Young Art Award (2023).<\/a><\/h2>\t\t\t\t\t\t\n                    <div class=\"entry-meta\">\n\n                        <div class=\"entry-meta-single entry-meta-author\">\n                        <img alt='' src='https:\/\/secure.gravatar.com\/avatar\/a180b2790ac9ff0f2081e93df131e6a053b16d0bbf78d30e2c5477e96bb5d976?s=32&#038;d=mm&#038;r=g' class='avatar avatar-32 photo' height='32' width='32' \/><a href=\"https:\/\/sofiabernasconi.com\/en\/author\/admin_8ne25ds7\/\">Sofia Bernasconi Le Roy<\/a>                        <\/div><!-- .entry-meta-single -->\n\n                        <div class=\"entry-meta-single entry-meta-date\">\n                            <i class=\"feather feather-clock\"><\/i>Nov 30, 2023                        <\/div><!-- .entry-meta-single -->\n                    <\/div><!-- .entry-meta -->\n\n\t\t\t\t<\/header><!-- .entry-header -->\n\n\t\t\t<div class=\"entry-content\">\n                \u00a1Excelentes noticias para el arte de Concepci\u00f3n! La artista y productora visual, Sof\u00eda Bernasconi fue finalista del concurso \u201cPremio MAVI UC Larra\u00ednVial Arte Joven\u201d en su convocatoria 2023, adjundic\u00e1ndose la oportunidad de participar de la exposici\u00f3n colectiva con su obra [&hellip;]            <\/div>\n\n            <div class=\"entry-footer\">\n                <div class=\"ce-share-buttons\"><span class=\"pre\">Share on:<\/span><a href=\"https:\/\/twitter.com\/intent\/tweet?text=La%20artista%20penquista%20Sof\u00eda%20Bernasconi%20es%20una%20de%20las%2046%20finalistas%20del%20XVI%20Premio%20MAVI%20UC%20Arte%20Joven%20(2023)&amp;url=https%3A%2F%2Fsofiabernasconi.com%2Fen%2Fla-artista-penquista-sofia-bernasconi-es-una-de-las-46-finalistas-del-xvi-premio-mavi-uc-arte-joven-2023%2F\" title=\"Social Share twitter\" target=\"_blank\"><i class=\"cl-icon-twitter\"><\/i><\/a><a href=\"https:\/\/www.facebook.com\/sharer\/sharer.php?u=https%3A%2F%2Fsofiabernasconi.com%2Fen%2Fla-artista-penquista-sofia-bernasconi-es-una-de-las-46-finalistas-del-xvi-premio-mavi-uc-arte-joven-2023%2F\" title=\"Social Share facebook\" target=\"_blank\"><i class=\"cl-icon-facebook-f\"><\/i><\/a><a href=\"https:\/\/pinterest.com\/pin\/create\/button\/?url=https%3A%2F%2Fsofiabernasconi.com%2Fen%2Fla-artista-penquista-sofia-bernasconi-es-una-de-las-46-finalistas-del-xvi-premio-mavi-uc-arte-joven-2023%2F&amp;media=https:\/\/sofiabernasconi.com\/wp-content\/uploads\/2023\/11\/img2.png&amp;description=La%20artista%20penquista%20Sof\u00eda%20Bernasconi%20es%20una%20de%20las%2046%20finalistas%20del%20XVI%20Premio%20MAVI%20UC%20Arte%20Joven%20(2023)\" title=\"Social Share pinterest\" target=\"_blank\"><i class=\"cl-icon-pinterest\"><\/i><\/a><\/div>                                    <a href=\"https:\/\/sofiabernasconi.com\/en\/la-artista-penquista-sofia-bernasconi-es-una-de-las-46-finalistas-del-xvi-premio-mavi-uc-arte-joven-2023\/\" class=\"entry-readmore\">Continue Reading<\/a>\n                            <\/div>\n\t\t\t\n\t\t\t\n\t\t<\/div><!-- .entry-wrapper-content -->\n\n\t<\/div><!-- .entry-wrapper -->\n\t\n<\/article><!-- #post-## -->\n                                    \t\t\t\t\t\t\t\t\r\n\r\n\t\t\t\t\r\n\t\t\t\r\n\t\t<\/div>\t\t\r\n\t\t\t\t<\/div>\n\t\t\t\t<\/div>\n\t\t\t\t\t<\/div>\n\t\t<\/div>\n\t\t\t\t\t\t\t<\/div>\n\t\t<\/section>\n\t\t\t\t<section class=\"elementor-section elementor-top-section elementor-element elementor-element-974ca30 elementor-section-full_width elementor-section-height-default elementor-section-height-default\" data-id=\"974ca30\" data-element_type=\"section\">\n\t\t\t\t\t\t<div class=\"elementor-container elementor-column-gap-default\">\n\t\t\t\t\t<div class=\"elementor-column elementor-col-100 elementor-top-column elementor-element elementor-element-17f9805\" data-id=\"17f9805\" data-element_type=\"column\">\n\t\t\t<div class=\"elementor-widget-wrap elementor-element-populated\">\n\t\t\t\t\t\t\t\t<div class=\"elementor-element elementor-element-ce4ab49 elementor-widget elementor-widget-ce-posts-carousel\" data-id=\"ce4ab49\" data-element_type=\"widget\" data-widget_type=\"ce-posts-carousel.default\">\n\t\t\t\t<div class=\"elementor-widget-container\">\n\t\t\t\t\t\t\t<div class=\"ce-posts-carousel ce-post-style-rowan\" data-columns=\"3\" data-autoplay=\"0\" data-slide-by=\"1\" data-loop=\"0\" data-gutter=\"15\" data-center=\"0\" data-mouse-drag=\"1\" data-edge-padding-side=\"0\" data-carousel-controls=\"0\" data-edge-padding=\"\">\r\n\r\n            \t\t\t\t\t\t                        \n<article id=\"ce-post-item-11309\" class=\"ce-post-item\" data-delay=\"0\" >\n    <div class=\"grid-holder\"> \n        <div class=\"grid-holder-inner\">  \n            <div class=\"media-wrapper\">\n            \n                                \n                <div class=\"entry-media\">\n                \n                    <div class=\"post-thumbnail\">\n                        \n                        <img loading=\"lazy\" decoding=\"async\" width=\"162\" height=\"300\" src=\"https:\/\/sofiabernasconi.com\/wp-content\/uploads\/2025\/06\/WhatsApp-Image-2025-06-24-at-10.06.32-e1751238693816-162x300.jpeg\" class=\"attachment-medium size-medium wp-post-image\" alt=\"\" srcset=\"https:\/\/sofiabernasconi.com\/wp-content\/uploads\/2025\/06\/WhatsApp-Image-2025-06-24-at-10.06.32-e1751238693816-162x300.jpeg 162w, https:\/\/sofiabernasconi.com\/wp-content\/uploads\/2025\/06\/WhatsApp-Image-2025-06-24-at-10.06.32-e1751238693816-6x12.jpeg 6w, https:\/\/sofiabernasconi.com\/wp-content\/uploads\/2025\/06\/WhatsApp-Image-2025-06-24-at-10.06.32-e1751238693816.jpeg 523w\" sizes=\"auto, (max-width: 162px) 100vw, 162px\" \/>                        <a href=\"https:\/\/sofiabernasconi.com\/en\/artista-visual-penquista-presenta-hibrida-en-balmaceda-arte-joven\/\" class=\"image-link\"><\/a>\n                    \n                    <\/div><!-- .post-thumbnail --> \n\n                <\/div><!-- .entry-media --> \n\n                \n            <\/div>\n            \n            <div class=\"entry-wrapper\">\n\n                <div class=\"entry-wrapper-content\">\n            \n                        <header class=\"entry-header\">\n\n                            <a href=\"https:\/\/sofiabernasconi.com\/en\/category\/uncategorized\/\" class=\"category-colored\" >Uncategorized<\/a>\n                            <h2 class=\"entry-title\"><a href=\"https:\/\/sofiabernasconi.com\/en\/artista-visual-penquista-presenta-hibrida-en-balmaceda-arte-joven\/\" rel=\"bookmark\">Artista visual penquista presenta &#8220;H\u00edbrida&#8221; en Balmaceda Arte Joven &#8211; La Estrella<\/a><\/h2>\n                            <div class=\"entry-meta\">\n\n                                <div class=\"entry-meta-single entry-meta-author\">\n                                <img alt='' src='https:\/\/secure.gravatar.com\/avatar\/a180b2790ac9ff0f2081e93df131e6a053b16d0bbf78d30e2c5477e96bb5d976?s=32&#038;d=mm&#038;r=g' class='avatar avatar-32 photo' height='32' width='32' \/><a href=\"https:\/\/sofiabernasconi.com\/en\/author\/admin_8ne25ds7\/\">Sofia Bernasconi Le Roy<\/a>                                <\/div><!-- .entry-meta-single -->\n\n                                <div class=\"entry-meta-single entry-meta-date\">\n                                    <i class=\"feather feather-clock\"><\/i>Jun 29, 2025                                <\/div><!-- .entry-meta-single -->\n                            <\/div><!-- .entry-meta -->\n\n                        <\/header><!-- .entry-header -->\n                    \n                    \n                <\/div><!-- .entry-wrapper-content -->\n\n            <\/div><!-- .entry-wrapper -->\n            \n        <\/div>\n    <\/div>\n<\/article><!-- #post-## -->\n                    \t\t\t\t\t\t                        \n<article id=\"ce-post-item-11306\" class=\"ce-post-item\" data-delay=\"0\" >\n    <div class=\"grid-holder\"> \n        <div class=\"grid-holder-inner\">  \n            <div class=\"media-wrapper\">\n            \n                                \n                <div class=\"entry-media\">\n                \n                    <div class=\"post-thumbnail\">\n                        \n                        <img loading=\"lazy\" decoding=\"async\" width=\"224\" height=\"300\" src=\"https:\/\/sofiabernasconi.com\/wp-content\/uploads\/2025\/06\/WhatsApp-Image-2025-06-23-at-13.46.39-224x300.jpeg\" class=\"attachment-medium size-medium wp-post-image\" alt=\"\" srcset=\"https:\/\/sofiabernasconi.com\/wp-content\/uploads\/2025\/06\/WhatsApp-Image-2025-06-23-at-13.46.39-224x300.jpeg 224w, https:\/\/sofiabernasconi.com\/wp-content\/uploads\/2025\/06\/WhatsApp-Image-2025-06-23-at-13.46.39-764x1024.jpeg 764w, https:\/\/sofiabernasconi.com\/wp-content\/uploads\/2025\/06\/WhatsApp-Image-2025-06-23-at-13.46.39-768x1030.jpeg 768w, https:\/\/sofiabernasconi.com\/wp-content\/uploads\/2025\/06\/WhatsApp-Image-2025-06-23-at-13.46.39-1145x1536.jpeg 1145w, https:\/\/sofiabernasconi.com\/wp-content\/uploads\/2025\/06\/WhatsApp-Image-2025-06-23-at-13.46.39-9x12.jpeg 9w, https:\/\/sofiabernasconi.com\/wp-content\/uploads\/2025\/06\/WhatsApp-Image-2025-06-23-at-13.46.39.jpeg 1170w\" sizes=\"auto, (max-width: 224px) 100vw, 224px\" \/>                        <a href=\"https:\/\/sofiabernasconi.com\/en\/una-muestra-interactiva-que-mezcla-cuerpo-paisaje-y-maquina-diario-concepcion\/\" class=\"image-link\"><\/a>\n                    \n                    <\/div><!-- .post-thumbnail --> \n\n                <\/div><!-- .entry-media --> \n\n                \n            <\/div>\n            \n            <div class=\"entry-wrapper\">\n\n                <div class=\"entry-wrapper-content\">\n            \n                        <header class=\"entry-header\">\n\n                            <a href=\"https:\/\/sofiabernasconi.com\/en\/category\/uncategorized\/\" class=\"category-colored\" >Uncategorized<\/a>\n                            <h2 class=\"entry-title\"><a href=\"https:\/\/sofiabernasconi.com\/en\/una-muestra-interactiva-que-mezcla-cuerpo-paisaje-y-maquina-diario-concepcion\/\" rel=\"bookmark\">Una muestra interactiva que mezcla cuerpo, paisaje y m\u00e1quina. &#8211; Diario Concepci\u00f3n<\/a><\/h2>\n                            <div class=\"entry-meta\">\n\n                                <div class=\"entry-meta-single entry-meta-author\">\n                                <img alt='' src='https:\/\/secure.gravatar.com\/avatar\/a180b2790ac9ff0f2081e93df131e6a053b16d0bbf78d30e2c5477e96bb5d976?s=32&#038;d=mm&#038;r=g' class='avatar avatar-32 photo' height='32' width='32' \/><a href=\"https:\/\/sofiabernasconi.com\/en\/author\/admin_8ne25ds7\/\">Sofia Bernasconi Le Roy<\/a>                                <\/div><!-- .entry-meta-single -->\n\n                                <div class=\"entry-meta-single entry-meta-date\">\n                                    <i class=\"feather feather-clock\"><\/i>Jun 29, 2025                                <\/div><!-- .entry-meta-single -->\n                            <\/div><!-- .entry-meta -->\n\n                        <\/header><!-- .entry-header -->\n                    \n                    \n                <\/div><!-- .entry-wrapper-content -->\n\n            <\/div><!-- .entry-wrapper -->\n            \n        <\/div>\n    <\/div>\n<\/article><!-- #post-## -->\n                    \t\t\t\t\t\t                        \n<article id=\"ce-post-item-11296\" class=\"ce-post-item\" data-delay=\"0\" >\n    <div class=\"grid-holder\"> \n        <div class=\"grid-holder-inner\">  \n            <div class=\"media-wrapper\">\n            \n                                \n                <div class=\"entry-media\">\n                \n                    <div class=\"post-thumbnail\">\n                        \n                        <img loading=\"lazy\" decoding=\"async\" width=\"300\" height=\"169\" src=\"https:\/\/sofiabernasconi.com\/wp-content\/uploads\/2025\/06\/imagen-wp-2025-06-25t10263051750861595-960x540-1-300x169.jpg\" class=\"attachment-medium size-medium wp-post-image\" alt=\"\" srcset=\"https:\/\/sofiabernasconi.com\/wp-content\/uploads\/2025\/06\/imagen-wp-2025-06-25t10263051750861595-960x540-1-300x169.jpg 300w, https:\/\/sofiabernasconi.com\/wp-content\/uploads\/2025\/06\/imagen-wp-2025-06-25t10263051750861595-960x540-1-768x432.jpg 768w, https:\/\/sofiabernasconi.com\/wp-content\/uploads\/2025\/06\/imagen-wp-2025-06-25t10263051750861595-960x540-1-18x10.jpg 18w, https:\/\/sofiabernasconi.com\/wp-content\/uploads\/2025\/06\/imagen-wp-2025-06-25t10263051750861595-960x540-1.jpg 960w\" sizes=\"auto, (max-width: 300px) 100vw, 300px\" \/>                        <a href=\"https:\/\/sofiabernasconi.com\/en\/hibrida-una-experiencia-inmersiva-unica-en-concepcion-que-mezcla-cuerpo-paisaje-y-tecnologia\/\" class=\"image-link\"><\/a>\n                    \n                    <\/div><!-- .post-thumbnail --> \n\n                <\/div><!-- .entry-media --> \n\n                \n            <\/div>\n            \n            <div class=\"entry-wrapper\">\n\n                <div class=\"entry-wrapper-content\">\n            \n                        <header class=\"entry-header\">\n\n                            <a href=\"https:\/\/sofiabernasconi.com\/en\/category\/uncategorized\/\" class=\"category-colored\" >Uncategorized<\/a>\n                            <h2 class=\"entry-title\"><a href=\"https:\/\/sofiabernasconi.com\/en\/hibrida-una-experiencia-inmersiva-unica-en-concepcion-que-mezcla-cuerpo-paisaje-y-tecnologia\/\" rel=\"bookmark\">&#8220;H\u00cdBRIDA&#8221;: una experiencia inmersiva \u00fanica en Concepci\u00f3n que mezcla cuerpo, paisaje y tecnolog\u00eda &#8211; SABES.CL<\/a><\/h2>\n                            <div class=\"entry-meta\">\n\n                                <div class=\"entry-meta-single entry-meta-author\">\n                                <img alt='' src='https:\/\/secure.gravatar.com\/avatar\/a180b2790ac9ff0f2081e93df131e6a053b16d0bbf78d30e2c5477e96bb5d976?s=32&#038;d=mm&#038;r=g' class='avatar avatar-32 photo' height='32' width='32' \/><a href=\"https:\/\/sofiabernasconi.com\/en\/author\/admin_8ne25ds7\/\">Sofia Bernasconi Le Roy<\/a>                                <\/div><!-- .entry-meta-single -->\n\n                                <div class=\"entry-meta-single entry-meta-date\">\n                                    <i class=\"feather feather-clock\"><\/i>Jun 29, 2025                                <\/div><!-- .entry-meta-single -->\n                            <\/div><!-- .entry-meta -->\n\n                        <\/header><!-- .entry-header -->\n                    \n                    \n                <\/div><!-- .entry-wrapper-content -->\n\n            <\/div><!-- .entry-wrapper -->\n            \n        <\/div>\n    <\/div>\n<\/article><!-- #post-## -->\n                    \t\t\t\t\t\t                        \n<article id=\"ce-post-item-11287\" class=\"ce-post-item\" data-delay=\"0\" >\n    <div class=\"grid-holder\"> \n        <div class=\"grid-holder-inner\">  \n            <div class=\"media-wrapper\">\n            \n                                \n                <div class=\"entry-media\">\n                \n                    <div class=\"post-thumbnail\">\n                        \n                        <img loading=\"lazy\" decoding=\"async\" width=\"300\" height=\"164\" src=\"https:\/\/sofiabernasconi.com\/wp-content\/uploads\/2025\/06\/Captura-de-pantalla-2025-06-29-a-las-6.42.41\u202fp.m-300x164.png\" class=\"attachment-medium size-medium wp-post-image\" alt=\"\" srcset=\"https:\/\/sofiabernasconi.com\/wp-content\/uploads\/2025\/06\/Captura-de-pantalla-2025-06-29-a-las-6.42.41\u202fp.m-300x164.png 300w, https:\/\/sofiabernasconi.com\/wp-content\/uploads\/2025\/06\/Captura-de-pantalla-2025-06-29-a-las-6.42.41\u202fp.m-1024x559.png 1024w, https:\/\/sofiabernasconi.com\/wp-content\/uploads\/2025\/06\/Captura-de-pantalla-2025-06-29-a-las-6.42.41\u202fp.m-768x419.png 768w, https:\/\/sofiabernasconi.com\/wp-content\/uploads\/2025\/06\/Captura-de-pantalla-2025-06-29-a-las-6.42.41\u202fp.m-1536x838.png 1536w, https:\/\/sofiabernasconi.com\/wp-content\/uploads\/2025\/06\/Captura-de-pantalla-2025-06-29-a-las-6.42.41\u202fp.m-2048x1117.png 2048w, https:\/\/sofiabernasconi.com\/wp-content\/uploads\/2025\/06\/Captura-de-pantalla-2025-06-29-a-las-6.42.41\u202fp.m-18x10.png 18w\" sizes=\"auto, (max-width: 300px) 100vw, 300px\" \/>                        <a href=\"https:\/\/sofiabernasconi.com\/en\/hacen-falta-mas-espacios-para-este-tipo-de-arte-sofia-bernasconi-por-exposicion-de-hibrida\/\" class=\"image-link\"><\/a>\n                    \n                    <\/div><!-- .post-thumbnail --> \n\n                <\/div><!-- .entry-media --> \n\n                \n            <\/div>\n            \n            <div class=\"entry-wrapper\">\n\n                <div class=\"entry-wrapper-content\">\n            \n                        <header class=\"entry-header\">\n\n                            <a href=\"https:\/\/sofiabernasconi.com\/en\/category\/uncategorized\/\" class=\"category-colored\" >Uncategorized<\/a>\n                            <h2 class=\"entry-title\"><a href=\"https:\/\/sofiabernasconi.com\/en\/hacen-falta-mas-espacios-para-este-tipo-de-arte-sofia-bernasconi-por-exposicion-de-hibrida\/\" rel=\"bookmark\">\u201cHacen falta m\u00e1s espacios para este tipo de arte\u201d: Sof\u00eda Bernasconi por exposici\u00f3n de &#8220;H\u00edbrida&#8221; &#8211; TVU<\/a><\/h2>\n                            <div class=\"entry-meta\">\n\n                                <div class=\"entry-meta-single entry-meta-author\">\n                                <img alt='' src='https:\/\/secure.gravatar.com\/avatar\/a180b2790ac9ff0f2081e93df131e6a053b16d0bbf78d30e2c5477e96bb5d976?s=32&#038;d=mm&#038;r=g' class='avatar avatar-32 photo' height='32' width='32' \/><a href=\"https:\/\/sofiabernasconi.com\/en\/author\/admin_8ne25ds7\/\">Sofia Bernasconi Le Roy<\/a>                                <\/div><!-- .entry-meta-single -->\n\n                                <div class=\"entry-meta-single entry-meta-date\">\n                                    <i class=\"feather feather-clock\"><\/i>Jun 29, 2025                                <\/div><!-- .entry-meta-single -->\n                            <\/div><!-- .entry-meta -->\n\n                        <\/header><!-- .entry-header -->\n                    \n                    \n                <\/div><!-- .entry-wrapper-content -->\n\n            <\/div><!-- .entry-wrapper -->\n            \n        <\/div>\n    <\/div>\n<\/article><!-- #post-## -->\n                    \t\t\t\t\t\t                        \n<article id=\"ce-post-item-11282\" class=\"ce-post-item\" data-delay=\"0\" >\n    <div class=\"grid-holder\"> \n        <div class=\"grid-holder-inner\">  \n            <div class=\"media-wrapper\">\n            \n                                \n                <div class=\"entry-media\">\n                \n                    <div class=\"post-thumbnail\">\n                        \n                        <img loading=\"lazy\" decoding=\"async\" width=\"166\" height=\"300\" src=\"https:\/\/sofiabernasconi.com\/wp-content\/uploads\/2025\/06\/21_06_25_pag_20-1440-0f4edc-1-166x300.jpg\" class=\"attachment-medium size-medium wp-post-image\" alt=\"\" srcset=\"https:\/\/sofiabernasconi.com\/wp-content\/uploads\/2025\/06\/21_06_25_pag_20-1440-0f4edc-1-166x300.jpg 166w, https:\/\/sofiabernasconi.com\/wp-content\/uploads\/2025\/06\/21_06_25_pag_20-1440-0f4edc-1-565x1024.jpg 565w, https:\/\/sofiabernasconi.com\/wp-content\/uploads\/2025\/06\/21_06_25_pag_20-1440-0f4edc-1-768x1392.jpg 768w, https:\/\/sofiabernasconi.com\/wp-content\/uploads\/2025\/06\/21_06_25_pag_20-1440-0f4edc-1-847x1536.jpg 847w, https:\/\/sofiabernasconi.com\/wp-content\/uploads\/2025\/06\/21_06_25_pag_20-1440-0f4edc-1-1130x2048.jpg 1130w, https:\/\/sofiabernasconi.com\/wp-content\/uploads\/2025\/06\/21_06_25_pag_20-1440-0f4edc-1-7x12.jpg 7w, https:\/\/sofiabernasconi.com\/wp-content\/uploads\/2025\/06\/21_06_25_pag_20-1440-0f4edc-1-scaled.jpg 1412w\" sizes=\"auto, (max-width: 166px) 100vw, 166px\" \/>                        <a href=\"https:\/\/sofiabernasconi.com\/en\/sofia-bernasconi-llega-a-baj-biobio-con-su-videoinstalacion-performatica\/\" class=\"image-link\"><\/a>\n                    \n                    <\/div><!-- .post-thumbnail --> \n\n                <\/div><!-- .entry-media --> \n\n                \n            <\/div>\n            \n            <div class=\"entry-wrapper\">\n\n                <div class=\"entry-wrapper-content\">\n            \n                        <header class=\"entry-header\">\n\n                            <a href=\"https:\/\/sofiabernasconi.com\/en\/category\/cultura\/\" class=\"category-colored\" >CULTURA<\/a>\n                            <h2 class=\"entry-title\"><a href=\"https:\/\/sofiabernasconi.com\/en\/sofia-bernasconi-llega-a-baj-biobio-con-su-videoinstalacion-performatica\/\" rel=\"bookmark\">Sof\u00eda Bernasconi llega a BAJ Biob\u00edo con su videoinstalaci\u00f3n perform\u00e1tica &#8211; Diario El Sur<\/a><\/h2>\n                            <div class=\"entry-meta\">\n\n                                <div class=\"entry-meta-single entry-meta-author\">\n                                <img alt='' src='https:\/\/secure.gravatar.com\/avatar\/a180b2790ac9ff0f2081e93df131e6a053b16d0bbf78d30e2c5477e96bb5d976?s=32&#038;d=mm&#038;r=g' class='avatar avatar-32 photo' height='32' width='32' \/><a href=\"https:\/\/sofiabernasconi.com\/en\/author\/admin_8ne25ds7\/\">Sofia Bernasconi Le Roy<\/a>                                <\/div><!-- .entry-meta-single -->\n\n                                <div class=\"entry-meta-single entry-meta-date\">\n                                    <i class=\"feather feather-clock\"><\/i>Jun 29, 2025                                <\/div><!-- .entry-meta-single -->\n                            <\/div><!-- .entry-meta -->\n\n                        <\/header><!-- .entry-header -->\n                    \n                    \n                <\/div><!-- .entry-wrapper-content -->\n\n            <\/div><!-- .entry-wrapper -->\n            \n        <\/div>\n    <\/div>\n<\/article><!-- #post-## -->\n                    \t\t\t\t\t\t                        \n<article id=\"ce-post-item-8279\" class=\"ce-post-item\" data-delay=\"0\" >\n    <div class=\"grid-holder\"> \n        <div class=\"grid-holder-inner\">  \n            <div class=\"media-wrapper\">\n            \n                                \n                <div class=\"entry-media\">\n                \n                    <div class=\"post-thumbnail\">\n                        \n                        <img loading=\"lazy\" decoding=\"async\" width=\"217\" height=\"300\" src=\"https:\/\/sofiabernasconi.com\/wp-content\/uploads\/2023\/07\/Diario-04-06-2024-17-1-1_page-0001-1-217x300.jpg\" class=\"attachment-medium size-medium wp-post-image\" alt=\"\" srcset=\"https:\/\/sofiabernasconi.com\/wp-content\/uploads\/2023\/07\/Diario-04-06-2024-17-1-1_page-0001-1-217x300.jpg 217w, https:\/\/sofiabernasconi.com\/wp-content\/uploads\/2023\/07\/Diario-04-06-2024-17-1-1_page-0001-1-741x1024.jpg 741w, https:\/\/sofiabernasconi.com\/wp-content\/uploads\/2023\/07\/Diario-04-06-2024-17-1-1_page-0001-1-768x1062.jpg 768w, https:\/\/sofiabernasconi.com\/wp-content\/uploads\/2023\/07\/Diario-04-06-2024-17-1-1_page-0001-1-1111x1536.jpg 1111w, https:\/\/sofiabernasconi.com\/wp-content\/uploads\/2023\/07\/Diario-04-06-2024-17-1-1_page-0001-1-1482x2048.jpg 1482w, https:\/\/sofiabernasconi.com\/wp-content\/uploads\/2023\/07\/Diario-04-06-2024-17-1-1_page-0001-1-9x12.jpg 9w, https:\/\/sofiabernasconi.com\/wp-content\/uploads\/2023\/07\/Diario-04-06-2024-17-1-1_page-0001-1.jpg 1598w\" sizes=\"auto, (max-width: 217px) 100vw, 217px\" \/>                        <a href=\"https:\/\/sofiabernasconi.com\/en\/una-muestra-que-une-la-corporalidad-con-nuevos-lenguajes-exposicion-desbordes-de-sofia-bernasconi\/\" class=\"image-link\"><\/a>\n                    \n                    <\/div><!-- .post-thumbnail --> \n\n                <\/div><!-- .entry-media --> \n\n                \n            <\/div>\n            \n            <div class=\"entry-wrapper\">\n\n                <div class=\"entry-wrapper-content\">\n            \n                        <header class=\"entry-header\">\n\n                            <a href=\"https:\/\/sofiabernasconi.com\/en\/category\/desbordes\/\" class=\"category-colored\" >Desbordes<\/a>\n                            <h2 class=\"entry-title\"><a href=\"https:\/\/sofiabernasconi.com\/en\/una-muestra-que-une-la-corporalidad-con-nuevos-lenguajes-exposicion-desbordes-de-sofia-bernasconi\/\" rel=\"bookmark\">Una muestra que une la corporalidad con nuevos lenguajes.    Exposici\u00f3n &#8220;Desbordes&#8221; de Sof\u00eda Bernasconi. (2024) &#8211; Diario Concepci\u00f3n<\/a><\/h2>\n                            <div class=\"entry-meta\">\n\n                                <div class=\"entry-meta-single entry-meta-author\">\n                                <img alt='' src='https:\/\/secure.gravatar.com\/avatar\/a180b2790ac9ff0f2081e93df131e6a053b16d0bbf78d30e2c5477e96bb5d976?s=32&#038;d=mm&#038;r=g' class='avatar avatar-32 photo' height='32' width='32' \/><a href=\"https:\/\/sofiabernasconi.com\/en\/author\/admin_8ne25ds7\/\">Sofia Bernasconi Le Roy<\/a>                                <\/div><!-- .entry-meta-single -->\n\n                                <div class=\"entry-meta-single entry-meta-date\">\n                                    <i class=\"feather feather-clock\"><\/i>Jun 24, 2024                                <\/div><!-- .entry-meta-single -->\n                            <\/div><!-- .entry-meta -->\n\n                        <\/header><!-- .entry-header -->\n                    \n                    \n                <\/div><!-- .entry-wrapper-content -->\n\n            <\/div><!-- .entry-wrapper -->\n            \n        <\/div>\n    <\/div>\n<\/article><!-- #post-## -->\n                    \t\t\t\t\t\t                        \n<article id=\"ce-post-item-11293\" class=\"ce-post-item\" data-delay=\"0\" >\n    <div class=\"grid-holder\"> \n        <div class=\"grid-holder-inner\">  \n            <div class=\"media-wrapper\">\n            \n                                \n                <div class=\"entry-media\">\n                \n                    <div class=\"post-thumbnail\">\n                        \n                        <img loading=\"lazy\" decoding=\"async\" width=\"300\" height=\"176\" src=\"https:\/\/sofiabernasconi.com\/wp-content\/uploads\/2025\/06\/obra-desbordes-850x500-1-300x176.jpg\" class=\"attachment-medium size-medium wp-post-image\" alt=\"\" srcset=\"https:\/\/sofiabernasconi.com\/wp-content\/uploads\/2025\/06\/obra-desbordes-850x500-1-300x176.jpg 300w, https:\/\/sofiabernasconi.com\/wp-content\/uploads\/2025\/06\/obra-desbordes-850x500-1-768x452.jpg 768w, https:\/\/sofiabernasconi.com\/wp-content\/uploads\/2025\/06\/obra-desbordes-850x500-1-18x12.jpg 18w, https:\/\/sofiabernasconi.com\/wp-content\/uploads\/2025\/06\/obra-desbordes-850x500-1.jpg 850w\" sizes=\"auto, (max-width: 300px) 100vw, 300px\" \/>                        <a href=\"https:\/\/sofiabernasconi.com\/en\/una-muestra-que-une-la-corporalidad-con-nuevos-lenguajes\/\" class=\"image-link\"><\/a>\n                    \n                    <\/div><!-- .post-thumbnail --> \n\n                <\/div><!-- .entry-media --> \n\n                \n            <\/div>\n            \n            <div class=\"entry-wrapper\">\n\n                <div class=\"entry-wrapper-content\">\n            \n                        <header class=\"entry-header\">\n\n                            <a href=\"https:\/\/sofiabernasconi.com\/en\/category\/uncategorized\/\" class=\"category-colored\" >Uncategorized<\/a>\n                            <h2 class=\"entry-title\"><a href=\"https:\/\/sofiabernasconi.com\/en\/una-muestra-que-une-la-corporalidad-con-nuevos-lenguajes\/\" rel=\"bookmark\">Una muestra que une la corporalidad con nuevos lenguajes<\/a><\/h2>\n                            <div class=\"entry-meta\">\n\n                                <div class=\"entry-meta-single entry-meta-author\">\n                                <img alt='' src='https:\/\/secure.gravatar.com\/avatar\/a180b2790ac9ff0f2081e93df131e6a053b16d0bbf78d30e2c5477e96bb5d976?s=32&#038;d=mm&#038;r=g' class='avatar avatar-32 photo' height='32' width='32' \/><a href=\"https:\/\/sofiabernasconi.com\/en\/author\/admin_8ne25ds7\/\">Sofia Bernasconi Le Roy<\/a>                                <\/div><!-- .entry-meta-single -->\n\n                                <div class=\"entry-meta-single entry-meta-date\">\n                                    <i class=\"feather feather-clock\"><\/i>Jun 4, 2024                                <\/div><!-- .entry-meta-single -->\n                            <\/div><!-- .entry-meta -->\n\n                        <\/header><!-- .entry-header -->\n                    \n                    \n                <\/div><!-- .entry-wrapper-content -->\n\n            <\/div><!-- .entry-wrapper -->\n            \n        <\/div>\n    <\/div>\n<\/article><!-- #post-## -->\n                    \t\t\t\t\t\t                        \n<article id=\"ce-post-item-7998\" class=\"ce-post-item\" data-delay=\"0\" >\n    <div class=\"grid-holder\"> \n        <div class=\"grid-holder-inner\">  \n            <div class=\"media-wrapper\">\n            \n                                \n                <div class=\"entry-media\">\n                \n                    <div class=\"post-thumbnail\">\n                        \n                        <img loading=\"lazy\" decoding=\"async\" width=\"292\" height=\"300\" src=\"https:\/\/sofiabernasconi.com\/wp-content\/uploads\/2023\/11\/IMG3-292x300.png\" class=\"attachment-medium size-medium wp-post-image\" alt=\"\" srcset=\"https:\/\/sofiabernasconi.com\/wp-content\/uploads\/2023\/11\/IMG3-292x300.png 292w, https:\/\/sofiabernasconi.com\/wp-content\/uploads\/2023\/11\/IMG3-12x12.png 12w, https:\/\/sofiabernasconi.com\/wp-content\/uploads\/2023\/11\/IMG3.png 583w\" sizes=\"auto, (max-width: 292px) 100vw, 292px\" \/>                        <a href=\"https:\/\/sofiabernasconi.com\/en\/como-parte-de-la-seleccion-final-del-premio-mavi-uc-en-santiago-video-instalacion-invita-a-explorar-los-limites-de-sofia-bernasconi-2023\/\" class=\"image-link\"><\/a>\n                    \n                    <\/div><!-- .post-thumbnail --> \n\n                <\/div><!-- .entry-media --> \n\n                \n            <\/div>\n            \n            <div class=\"entry-wrapper\">\n\n                <div class=\"entry-wrapper-content\">\n            \n                        <header class=\"entry-header\">\n\n                            <a href=\"https:\/\/sofiabernasconi.com\/en\/category\/cultura\/\" class=\"category-colored\" >CULTURA<\/a>\n                            <h2 class=\"entry-title\"><a href=\"https:\/\/sofiabernasconi.com\/en\/como-parte-de-la-seleccion-final-del-premio-mavi-uc-en-santiago-video-instalacion-invita-a-explorar-los-limites-de-sofia-bernasconi-2023\/\" rel=\"bookmark\">As part of the final selection for the Mavi UC Award in Santiago, this video installation invites you to explore the limits of Sof\u00eda Bernasconi (2023).<\/a><\/h2>\n                            <div class=\"entry-meta\">\n\n                                <div class=\"entry-meta-single entry-meta-author\">\n                                <img alt='' src='https:\/\/secure.gravatar.com\/avatar\/a180b2790ac9ff0f2081e93df131e6a053b16d0bbf78d30e2c5477e96bb5d976?s=32&#038;d=mm&#038;r=g' class='avatar avatar-32 photo' height='32' width='32' \/><a href=\"https:\/\/sofiabernasconi.com\/en\/author\/admin_8ne25ds7\/\">Sofia Bernasconi Le Roy<\/a>                                <\/div><!-- .entry-meta-single -->\n\n                                <div class=\"entry-meta-single entry-meta-date\">\n                                    <i class=\"feather feather-clock\"><\/i>Nov 30, 2023                                <\/div><!-- .entry-meta-single -->\n                            <\/div><!-- .entry-meta -->\n\n                        <\/header><!-- .entry-header -->\n                    \n                    \n                <\/div><!-- .entry-wrapper-content -->\n\n            <\/div><!-- .entry-wrapper -->\n            \n        <\/div>\n    <\/div>\n<\/article><!-- #post-## -->\n                    \t\t\t\t\t\t                        \n<article id=\"ce-post-item-7993\" class=\"ce-post-item\" data-delay=\"0\" >\n    <div class=\"grid-holder\"> \n        <div class=\"grid-holder-inner\">  \n            <div class=\"media-wrapper\">\n            \n                                \n                <div class=\"entry-media\">\n                \n                    <div class=\"post-thumbnail\">\n                        \n                        <img loading=\"lazy\" decoding=\"async\" width=\"300\" height=\"285\" src=\"https:\/\/sofiabernasconi.com\/wp-content\/uploads\/2023\/11\/img2-300x285.png\" class=\"attachment-medium size-medium wp-post-image\" alt=\"\" srcset=\"https:\/\/sofiabernasconi.com\/wp-content\/uploads\/2023\/11\/img2-300x285.png 300w, https:\/\/sofiabernasconi.com\/wp-content\/uploads\/2023\/11\/img2-13x12.png 13w, https:\/\/sofiabernasconi.com\/wp-content\/uploads\/2023\/11\/img2.png 633w\" sizes=\"auto, (max-width: 300px) 100vw, 300px\" \/>                        <a href=\"https:\/\/sofiabernasconi.com\/en\/la-artista-penquista-sofia-bernasconi-es-una-de-las-46-finalistas-del-xvi-premio-mavi-uc-arte-joven-2023\/\" class=\"image-link\"><\/a>\n                    \n                    <\/div><!-- .post-thumbnail --> \n\n                <\/div><!-- .entry-media --> \n\n                \n            <\/div>\n            \n            <div class=\"entry-wrapper\">\n\n                <div class=\"entry-wrapper-content\">\n            \n                        <header class=\"entry-header\">\n\n                            <a href=\"https:\/\/sofiabernasconi.com\/en\/category\/cultura\/\" class=\"category-colored\" >CULTURA<\/a>\n                            <h2 class=\"entry-title\"><a href=\"https:\/\/sofiabernasconi.com\/en\/la-artista-penquista-sofia-bernasconi-es-una-de-las-46-finalistas-del-xvi-premio-mavi-uc-arte-joven-2023\/\" rel=\"bookmark\">The artist from Concepci\u00f3n, Sof\u00eda Bernasconi, is one of the 46 finalists in the XVI MAVI UC Young Art Award (2023).<\/a><\/h2>\n                            <div class=\"entry-meta\">\n\n                                <div class=\"entry-meta-single entry-meta-author\">\n                                <img alt='' src='https:\/\/secure.gravatar.com\/avatar\/a180b2790ac9ff0f2081e93df131e6a053b16d0bbf78d30e2c5477e96bb5d976?s=32&#038;d=mm&#038;r=g' class='avatar avatar-32 photo' height='32' width='32' \/><a href=\"https:\/\/sofiabernasconi.com\/en\/author\/admin_8ne25ds7\/\">Sofia Bernasconi Le Roy<\/a>                                <\/div><!-- .entry-meta-single -->\n\n                                <div class=\"entry-meta-single entry-meta-date\">\n                                    <i class=\"feather feather-clock\"><\/i>Nov 30, 2023                                <\/div><!-- .entry-meta-single -->\n                            <\/div><!-- .entry-meta -->\n\n                        <\/header><!-- .entry-header -->\n                    \n                    \n                <\/div><!-- .entry-wrapper-content -->\n\n            <\/div><!-- .entry-wrapper -->\n            \n        <\/div>\n    <\/div>\n<\/article><!-- #post-## -->\n                                    \t\t\t\t\t\t\t\t\r\n\r\n\t\t\t\t\r\n\t\t\t\r\n\t\t<\/div>\t\t\r\n\t\t\t\t<\/div>\n\t\t\t\t<\/div>\n\t\t\t\t\t<\/div>\n\t\t<\/div>\n\t\t\t\t\t\t\t<\/div>\n\t\t<\/section>\n\t\t\t\t\t\t\t<\/div>","protected":false},"excerpt":{"rendered":"<p>follow ourweekly journal Compassion, social return on investment via a global, thought provoking social return. subscribe Art Peter Reid Feb 8, 2020 When Chocolate was Medicine: Colmenero, Wadsworth, and Dufour Continue Reading Marketing Peter Reid Feb 8, 2020 The Human [&hellip;]<\/p>","protected":false},"author":1,"featured_media":0,"parent":0,"menu_order":0,"comment_status":"closed","ping_status":"closed","template":"","meta":{"footnotes":""},"class_list":["post-3176","page","type-page","status-publish","hentry"],"_links":{"self":[{"href":"https:\/\/sofiabernasconi.com\/en\/wp-json\/wp\/v2\/pages\/3176","targetHints":{"allow":["GET"]}}],"collection":[{"href":"https:\/\/sofiabernasconi.com\/en\/wp-json\/wp\/v2\/pages"}],"about":[{"href":"https:\/\/sofiabernasconi.com\/en\/wp-json\/wp\/v2\/types\/page"}],"author":[{"embeddable":true,"href":"https:\/\/sofiabernasconi.com\/en\/wp-json\/wp\/v2\/users\/1"}],"replies":[{"embeddable":true,"href":"https:\/\/sofiabernasconi.com\/en\/wp-json\/wp\/v2\/comments?post=3176"}],"version-history":[{"count":1,"href":"https:\/\/sofiabernasconi.com\/en\/wp-json\/wp\/v2\/pages\/3176\/revisions"}],"predecessor-version":[{"id":3614,"href":"https:\/\/sofiabernasconi.com\/en\/wp-json\/wp\/v2\/pages\/3176\/revisions\/3614"}],"wp:attachment":[{"href":"https:\/\/sofiabernasconi.com\/en\/wp-json\/wp\/v2\/media?parent=3176"}],"curies":[{"name":"wp","href":"https:\/\/api.w.org\/{rel}","templated":true}]}}