{"id":2421,"date":"2020-08-07T10:28:45","date_gmt":"2020-08-07T10:28:45","guid":{"rendered":"https:\/\/remake.codeless.co\/?page_id=2421"},"modified":"2023-08-03T18:25:40","modified_gmt":"2023-08-03T18:25:40","slug":"blog-3","status":"publish","type":"page","link":"https:\/\/sofiabernasconi.com\/en\/blog-3\/","title":{"rendered":"Blog 3"},"content":{"rendered":"<div data-elementor-type=\"wp-page\" data-elementor-id=\"2421\" class=\"elementor elementor-2421\">\n\t\t\t\t\t\t\t\t\t<section class=\"elementor-section elementor-top-section elementor-element elementor-element-b4fb40a elementor-section-stretched elementor-section-full_width elementor-section-height-default elementor-section-height-default\" data-id=\"b4fb40a\" data-element_type=\"section\" data-settings=\"{&quot;stretch_section&quot;:&quot;section-stretched&quot;}\">\n\t\t\t\t\t\t<div class=\"elementor-container elementor-column-gap-default\">\n\t\t\t\t\t<div class=\"elementor-column elementor-col-100 elementor-top-column elementor-element elementor-element-fef2b45\" data-id=\"fef2b45\" data-element_type=\"column\">\n\t\t\t<div class=\"elementor-widget-wrap elementor-element-populated\">\n\t\t\t\t\t\t\t\t<div class=\"elementor-element elementor-element-047f0e9 elementor-widget elementor-widget-ce-posts-carousel\" data-id=\"047f0e9\" data-element_type=\"widget\" data-widget_type=\"ce-posts-carousel.default\">\n\t\t\t\t<div class=\"elementor-widget-container\">\n\t\t\t\t\t\t\t\t<div class=\"ce-carousel-head\">\r\n                <div class=\"ce-posts-carousel-controls\">\r\n                    <a href=\"#\" class=\"ce-prev\"><i class=\"feather feather-arrow-left\"><\/i><\/a>\r\n                    <a href=\"#\" class=\"ce-next\"><i class=\"feather feather-arrow-right\"><\/i><\/a>\r\n                <\/div>            \t\r\n\t\t\t<\/div>\r\n\t\t\t\t<div class=\"ce-posts-carousel ce-post-style-rowan\" data-columns=\"4\" data-autoplay=\"0\" data-slide-by=\"1\" data-loop=\"0\" data-gutter=\"30\" data-center=\"0\" data-mouse-drag=\"1\" data-edge-padding-side=\"0\" data-carousel-controls=\"1\" data-edge-padding=\"\">\r\n\r\n            \t\t\t\t\t\t                        \n<article id=\"ce-post-item-11309\" class=\"ce-post-item\" data-delay=\"0\" >\n    <div class=\"grid-holder\"> \n        <div class=\"grid-holder-inner\">  \n            <div class=\"media-wrapper\">\n            \n                                \n                <div class=\"entry-media\">\n                \n                    <div class=\"post-thumbnail\">\n                        \n                        <img loading=\"lazy\" decoding=\"async\" width=\"523\" height=\"970\" src=\"https:\/\/sofiabernasconi.com\/wp-content\/uploads\/2025\/06\/WhatsApp-Image-2025-06-24-at-10.06.32-e1751238693816.jpeg\" class=\"attachment-full size-full wp-post-image\" alt=\"\" srcset=\"https:\/\/sofiabernasconi.com\/wp-content\/uploads\/2025\/06\/WhatsApp-Image-2025-06-24-at-10.06.32-e1751238693816.jpeg 523w, https:\/\/sofiabernasconi.com\/wp-content\/uploads\/2025\/06\/WhatsApp-Image-2025-06-24-at-10.06.32-e1751238693816-162x300.jpeg 162w, https:\/\/sofiabernasconi.com\/wp-content\/uploads\/2025\/06\/WhatsApp-Image-2025-06-24-at-10.06.32-e1751238693816-6x12.jpeg 6w\" sizes=\"auto, (max-width: 523px) 100vw, 523px\" \/>                        <a href=\"https:\/\/sofiabernasconi.com\/en\/artista-visual-penquista-presenta-hibrida-en-balmaceda-arte-joven\/\" class=\"image-link\"><\/a>\n                    \n                    <\/div><!-- .post-thumbnail --> \n\n                <\/div><!-- .entry-media --> \n\n                \n            <\/div>\n            \n            <div class=\"entry-wrapper\">\n\n                <div class=\"entry-wrapper-content\">\n            \n                        <header class=\"entry-header\">\n\n                            <a href=\"https:\/\/sofiabernasconi.com\/en\/category\/uncategorized\/\" class=\"category-colored\" >Uncategorized<\/a>\n                            <h2 class=\"entry-title\"><a href=\"https:\/\/sofiabernasconi.com\/en\/artista-visual-penquista-presenta-hibrida-en-balmaceda-arte-joven\/\" rel=\"bookmark\">Artista visual penquista presenta &#8220;H\u00edbrida&#8221; en Balmaceda Arte Joven &#8211; La Estrella<\/a><\/h2>\n                            <div class=\"entry-meta\">\n\n                                <div class=\"entry-meta-single entry-meta-author\">\n                                <img alt='' src='https:\/\/secure.gravatar.com\/avatar\/a180b2790ac9ff0f2081e93df131e6a053b16d0bbf78d30e2c5477e96bb5d976?s=32&#038;d=mm&#038;r=g' class='avatar avatar-32 photo' height='32' width='32' \/><a href=\"https:\/\/sofiabernasconi.com\/en\/author\/admin_8ne25ds7\/\">Sofia Bernasconi Le Roy<\/a>                                <\/div><!-- .entry-meta-single -->\n\n                                <div class=\"entry-meta-single entry-meta-date\">\n                                    <i class=\"feather feather-clock\"><\/i>Jun 29, 2025                                <\/div><!-- .entry-meta-single -->\n                            <\/div><!-- .entry-meta -->\n\n                        <\/header><!-- .entry-header -->\n                    \n                    \n                <\/div><!-- .entry-wrapper-content -->\n\n            <\/div><!-- .entry-wrapper -->\n            \n        <\/div>\n    <\/div>\n<\/article><!-- #post-## -->\n                    \t\t\t\t\t\t                        \n<article id=\"ce-post-item-11306\" class=\"ce-post-item\" data-delay=\"0\" >\n    <div class=\"grid-holder\"> \n        <div class=\"grid-holder-inner\">  \n            <div class=\"media-wrapper\">\n            \n                                \n                <div class=\"entry-media\">\n                \n                    <div class=\"post-thumbnail\">\n                        \n                        <img loading=\"lazy\" decoding=\"async\" width=\"1170\" height=\"1569\" src=\"https:\/\/sofiabernasconi.com\/wp-content\/uploads\/2025\/06\/WhatsApp-Image-2025-06-23-at-13.46.39.jpeg\" class=\"attachment-full size-full wp-post-image\" alt=\"\" srcset=\"https:\/\/sofiabernasconi.com\/wp-content\/uploads\/2025\/06\/WhatsApp-Image-2025-06-23-at-13.46.39.jpeg 1170w, https:\/\/sofiabernasconi.com\/wp-content\/uploads\/2025\/06\/WhatsApp-Image-2025-06-23-at-13.46.39-224x300.jpeg 224w, https:\/\/sofiabernasconi.com\/wp-content\/uploads\/2025\/06\/WhatsApp-Image-2025-06-23-at-13.46.39-764x1024.jpeg 764w, https:\/\/sofiabernasconi.com\/wp-content\/uploads\/2025\/06\/WhatsApp-Image-2025-06-23-at-13.46.39-768x1030.jpeg 768w, https:\/\/sofiabernasconi.com\/wp-content\/uploads\/2025\/06\/WhatsApp-Image-2025-06-23-at-13.46.39-1145x1536.jpeg 1145w, https:\/\/sofiabernasconi.com\/wp-content\/uploads\/2025\/06\/WhatsApp-Image-2025-06-23-at-13.46.39-9x12.jpeg 9w\" sizes=\"auto, (max-width: 1170px) 100vw, 1170px\" \/>                        <a href=\"https:\/\/sofiabernasconi.com\/en\/una-muestra-interactiva-que-mezcla-cuerpo-paisaje-y-maquina-diario-concepcion\/\" class=\"image-link\"><\/a>\n                    \n                    <\/div><!-- .post-thumbnail --> \n\n                <\/div><!-- .entry-media --> \n\n                \n            <\/div>\n            \n            <div class=\"entry-wrapper\">\n\n                <div class=\"entry-wrapper-content\">\n            \n                        <header class=\"entry-header\">\n\n                            <a href=\"https:\/\/sofiabernasconi.com\/en\/category\/uncategorized\/\" class=\"category-colored\" >Uncategorized<\/a>\n                            <h2 class=\"entry-title\"><a href=\"https:\/\/sofiabernasconi.com\/en\/una-muestra-interactiva-que-mezcla-cuerpo-paisaje-y-maquina-diario-concepcion\/\" rel=\"bookmark\">Una muestra interactiva que mezcla cuerpo, paisaje y m\u00e1quina. &#8211; Diario Concepci\u00f3n<\/a><\/h2>\n                            <div class=\"entry-meta\">\n\n                                <div class=\"entry-meta-single entry-meta-author\">\n                                <img alt='' src='https:\/\/secure.gravatar.com\/avatar\/a180b2790ac9ff0f2081e93df131e6a053b16d0bbf78d30e2c5477e96bb5d976?s=32&#038;d=mm&#038;r=g' class='avatar avatar-32 photo' height='32' width='32' \/><a href=\"https:\/\/sofiabernasconi.com\/en\/author\/admin_8ne25ds7\/\">Sofia Bernasconi Le Roy<\/a>                                <\/div><!-- .entry-meta-single -->\n\n                                <div class=\"entry-meta-single entry-meta-date\">\n                                    <i class=\"feather feather-clock\"><\/i>Jun 29, 2025                                <\/div><!-- .entry-meta-single -->\n                            <\/div><!-- .entry-meta -->\n\n                        <\/header><!-- .entry-header -->\n                    \n                    \n                <\/div><!-- .entry-wrapper-content -->\n\n            <\/div><!-- .entry-wrapper -->\n            \n        <\/div>\n    <\/div>\n<\/article><!-- #post-## -->\n                    \t\t\t\t\t\t                        \n<article id=\"ce-post-item-11296\" class=\"ce-post-item\" data-delay=\"0\" >\n    <div class=\"grid-holder\"> \n        <div class=\"grid-holder-inner\">  \n            <div class=\"media-wrapper\">\n            \n                                \n                <div class=\"entry-media\">\n                \n                    <div class=\"post-thumbnail\">\n                        \n                        <img loading=\"lazy\" decoding=\"async\" width=\"960\" height=\"540\" src=\"https:\/\/sofiabernasconi.com\/wp-content\/uploads\/2025\/06\/imagen-wp-2025-06-25t10263051750861595-960x540-1.jpg\" class=\"attachment-full size-full wp-post-image\" alt=\"\" srcset=\"https:\/\/sofiabernasconi.com\/wp-content\/uploads\/2025\/06\/imagen-wp-2025-06-25t10263051750861595-960x540-1.jpg 960w, https:\/\/sofiabernasconi.com\/wp-content\/uploads\/2025\/06\/imagen-wp-2025-06-25t10263051750861595-960x540-1-300x169.jpg 300w, https:\/\/sofiabernasconi.com\/wp-content\/uploads\/2025\/06\/imagen-wp-2025-06-25t10263051750861595-960x540-1-768x432.jpg 768w, https:\/\/sofiabernasconi.com\/wp-content\/uploads\/2025\/06\/imagen-wp-2025-06-25t10263051750861595-960x540-1-18x10.jpg 18w\" sizes=\"auto, (max-width: 960px) 100vw, 960px\" \/>                        <a href=\"https:\/\/sofiabernasconi.com\/en\/hibrida-una-experiencia-inmersiva-unica-en-concepcion-que-mezcla-cuerpo-paisaje-y-tecnologia\/\" class=\"image-link\"><\/a>\n                    \n                    <\/div><!-- .post-thumbnail --> \n\n                <\/div><!-- .entry-media --> \n\n                \n            <\/div>\n            \n            <div class=\"entry-wrapper\">\n\n                <div class=\"entry-wrapper-content\">\n            \n                        <header class=\"entry-header\">\n\n                            <a href=\"https:\/\/sofiabernasconi.com\/en\/category\/uncategorized\/\" class=\"category-colored\" >Uncategorized<\/a>\n                            <h2 class=\"entry-title\"><a href=\"https:\/\/sofiabernasconi.com\/en\/hibrida-una-experiencia-inmersiva-unica-en-concepcion-que-mezcla-cuerpo-paisaje-y-tecnologia\/\" rel=\"bookmark\">&#8220;H\u00cdBRIDA&#8221;: una experiencia inmersiva \u00fanica en Concepci\u00f3n que mezcla cuerpo, paisaje y tecnolog\u00eda &#8211; SABES.CL<\/a><\/h2>\n                            <div class=\"entry-meta\">\n\n                                <div class=\"entry-meta-single entry-meta-author\">\n                                <img alt='' src='https:\/\/secure.gravatar.com\/avatar\/a180b2790ac9ff0f2081e93df131e6a053b16d0bbf78d30e2c5477e96bb5d976?s=32&#038;d=mm&#038;r=g' class='avatar avatar-32 photo' height='32' width='32' \/><a href=\"https:\/\/sofiabernasconi.com\/en\/author\/admin_8ne25ds7\/\">Sofia Bernasconi Le Roy<\/a>                                <\/div><!-- .entry-meta-single -->\n\n                                <div class=\"entry-meta-single entry-meta-date\">\n                                    <i class=\"feather feather-clock\"><\/i>Jun 29, 2025                                <\/div><!-- .entry-meta-single -->\n                            <\/div><!-- .entry-meta -->\n\n                        <\/header><!-- .entry-header -->\n                    \n                    \n                <\/div><!-- .entry-wrapper-content -->\n\n            <\/div><!-- .entry-wrapper -->\n            \n        <\/div>\n    <\/div>\n<\/article><!-- #post-## -->\n                    \t\t\t\t\t\t                        \n<article id=\"ce-post-item-11287\" class=\"ce-post-item\" data-delay=\"0\" >\n    <div class=\"grid-holder\"> \n        <div class=\"grid-holder-inner\">  \n            <div class=\"media-wrapper\">\n            \n                                \n                <div class=\"entry-media\">\n                \n                    <div class=\"post-thumbnail\">\n                        \n                        <img loading=\"lazy\" decoding=\"async\" width=\"2104\" height=\"1148\" src=\"https:\/\/sofiabernasconi.com\/wp-content\/uploads\/2025\/06\/Captura-de-pantalla-2025-06-29-a-las-6.42.41\u202fp.m.png\" class=\"attachment-full size-full wp-post-image\" alt=\"\" srcset=\"https:\/\/sofiabernasconi.com\/wp-content\/uploads\/2025\/06\/Captura-de-pantalla-2025-06-29-a-las-6.42.41\u202fp.m.png 2104w, https:\/\/sofiabernasconi.com\/wp-content\/uploads\/2025\/06\/Captura-de-pantalla-2025-06-29-a-las-6.42.41\u202fp.m-300x164.png 300w, https:\/\/sofiabernasconi.com\/wp-content\/uploads\/2025\/06\/Captura-de-pantalla-2025-06-29-a-las-6.42.41\u202fp.m-1024x559.png 1024w, https:\/\/sofiabernasconi.com\/wp-content\/uploads\/2025\/06\/Captura-de-pantalla-2025-06-29-a-las-6.42.41\u202fp.m-768x419.png 768w, https:\/\/sofiabernasconi.com\/wp-content\/uploads\/2025\/06\/Captura-de-pantalla-2025-06-29-a-las-6.42.41\u202fp.m-1536x838.png 1536w, https:\/\/sofiabernasconi.com\/wp-content\/uploads\/2025\/06\/Captura-de-pantalla-2025-06-29-a-las-6.42.41\u202fp.m-2048x1117.png 2048w, https:\/\/sofiabernasconi.com\/wp-content\/uploads\/2025\/06\/Captura-de-pantalla-2025-06-29-a-las-6.42.41\u202fp.m-18x10.png 18w\" sizes=\"auto, (max-width: 2104px) 100vw, 2104px\" \/>                        <a href=\"https:\/\/sofiabernasconi.com\/en\/hacen-falta-mas-espacios-para-este-tipo-de-arte-sofia-bernasconi-por-exposicion-de-hibrida\/\" class=\"image-link\"><\/a>\n                    \n                    <\/div><!-- .post-thumbnail --> \n\n                <\/div><!-- .entry-media --> \n\n                \n            <\/div>\n            \n            <div class=\"entry-wrapper\">\n\n                <div class=\"entry-wrapper-content\">\n            \n                        <header class=\"entry-header\">\n\n                            <a href=\"https:\/\/sofiabernasconi.com\/en\/category\/uncategorized\/\" class=\"category-colored\" >Uncategorized<\/a>\n                            <h2 class=\"entry-title\"><a href=\"https:\/\/sofiabernasconi.com\/en\/hacen-falta-mas-espacios-para-este-tipo-de-arte-sofia-bernasconi-por-exposicion-de-hibrida\/\" rel=\"bookmark\">\u201cHacen falta m\u00e1s espacios para este tipo de arte\u201d: Sof\u00eda Bernasconi por exposici\u00f3n de &#8220;H\u00edbrida&#8221; &#8211; TVU<\/a><\/h2>\n                            <div class=\"entry-meta\">\n\n                                <div class=\"entry-meta-single entry-meta-author\">\n                                <img alt='' src='https:\/\/secure.gravatar.com\/avatar\/a180b2790ac9ff0f2081e93df131e6a053b16d0bbf78d30e2c5477e96bb5d976?s=32&#038;d=mm&#038;r=g' class='avatar avatar-32 photo' height='32' width='32' \/><a href=\"https:\/\/sofiabernasconi.com\/en\/author\/admin_8ne25ds7\/\">Sofia Bernasconi Le Roy<\/a>                                <\/div><!-- .entry-meta-single -->\n\n                                <div class=\"entry-meta-single entry-meta-date\">\n                                    <i class=\"feather feather-clock\"><\/i>Jun 29, 2025                                <\/div><!-- .entry-meta-single -->\n                            <\/div><!-- .entry-meta -->\n\n                        <\/header><!-- .entry-header -->\n                    \n                    \n                <\/div><!-- .entry-wrapper-content -->\n\n            <\/div><!-- .entry-wrapper -->\n            \n        <\/div>\n    <\/div>\n<\/article><!-- #post-## -->\n                    \t\t\t\t\t\t                        \n<article id=\"ce-post-item-11282\" class=\"ce-post-item\" data-delay=\"0\" >\n    <div class=\"grid-holder\"> \n        <div class=\"grid-holder-inner\">  \n            <div class=\"media-wrapper\">\n            \n                                \n                <div class=\"entry-media\">\n                \n                    <div class=\"post-thumbnail\">\n                        \n                        <img loading=\"lazy\" decoding=\"async\" width=\"1412\" height=\"2560\" src=\"https:\/\/sofiabernasconi.com\/wp-content\/uploads\/2025\/06\/21_06_25_pag_20-1440-0f4edc-1-scaled.jpg\" class=\"attachment-full size-full wp-post-image\" alt=\"\" srcset=\"https:\/\/sofiabernasconi.com\/wp-content\/uploads\/2025\/06\/21_06_25_pag_20-1440-0f4edc-1-scaled.jpg 1412w, https:\/\/sofiabernasconi.com\/wp-content\/uploads\/2025\/06\/21_06_25_pag_20-1440-0f4edc-1-166x300.jpg 166w, https:\/\/sofiabernasconi.com\/wp-content\/uploads\/2025\/06\/21_06_25_pag_20-1440-0f4edc-1-565x1024.jpg 565w, https:\/\/sofiabernasconi.com\/wp-content\/uploads\/2025\/06\/21_06_25_pag_20-1440-0f4edc-1-768x1392.jpg 768w, https:\/\/sofiabernasconi.com\/wp-content\/uploads\/2025\/06\/21_06_25_pag_20-1440-0f4edc-1-847x1536.jpg 847w, https:\/\/sofiabernasconi.com\/wp-content\/uploads\/2025\/06\/21_06_25_pag_20-1440-0f4edc-1-1130x2048.jpg 1130w, https:\/\/sofiabernasconi.com\/wp-content\/uploads\/2025\/06\/21_06_25_pag_20-1440-0f4edc-1-7x12.jpg 7w\" sizes=\"auto, (max-width: 1412px) 100vw, 1412px\" \/>                        <a href=\"https:\/\/sofiabernasconi.com\/en\/sofia-bernasconi-llega-a-baj-biobio-con-su-videoinstalacion-performatica\/\" class=\"image-link\"><\/a>\n                    \n                    <\/div><!-- .post-thumbnail --> \n\n                <\/div><!-- .entry-media --> \n\n                \n            <\/div>\n            \n            <div class=\"entry-wrapper\">\n\n                <div class=\"entry-wrapper-content\">\n            \n                        <header class=\"entry-header\">\n\n                            <a href=\"https:\/\/sofiabernasconi.com\/en\/category\/cultura\/\" class=\"category-colored\" >CULTURA<\/a>\n                            <h2 class=\"entry-title\"><a href=\"https:\/\/sofiabernasconi.com\/en\/sofia-bernasconi-llega-a-baj-biobio-con-su-videoinstalacion-performatica\/\" rel=\"bookmark\">Sof\u00eda Bernasconi llega a BAJ Biob\u00edo con su videoinstalaci\u00f3n perform\u00e1tica &#8211; Diario El Sur<\/a><\/h2>\n                            <div class=\"entry-meta\">\n\n                                <div class=\"entry-meta-single entry-meta-author\">\n                                <img alt='' src='https:\/\/secure.gravatar.com\/avatar\/a180b2790ac9ff0f2081e93df131e6a053b16d0bbf78d30e2c5477e96bb5d976?s=32&#038;d=mm&#038;r=g' class='avatar avatar-32 photo' height='32' width='32' \/><a href=\"https:\/\/sofiabernasconi.com\/en\/author\/admin_8ne25ds7\/\">Sofia Bernasconi Le Roy<\/a>                                <\/div><!-- .entry-meta-single -->\n\n                                <div class=\"entry-meta-single entry-meta-date\">\n                                    <i class=\"feather feather-clock\"><\/i>Jun 29, 2025                                <\/div><!-- .entry-meta-single -->\n                            <\/div><!-- .entry-meta -->\n\n                        <\/header><!-- .entry-header -->\n                    \n                    \n                <\/div><!-- .entry-wrapper-content -->\n\n            <\/div><!-- .entry-wrapper -->\n            \n        <\/div>\n    <\/div>\n<\/article><!-- #post-## -->\n                    \t\t\t\t\t\t                        \n<article id=\"ce-post-item-8279\" class=\"ce-post-item\" data-delay=\"0\" >\n    <div class=\"grid-holder\"> \n        <div class=\"grid-holder-inner\">  \n            <div class=\"media-wrapper\">\n            \n                                \n                <div class=\"entry-media\">\n                \n                    <div class=\"post-thumbnail\">\n                        \n                        <img loading=\"lazy\" decoding=\"async\" width=\"1598\" height=\"2209\" src=\"https:\/\/sofiabernasconi.com\/wp-content\/uploads\/2023\/07\/Diario-04-06-2024-17-1-1_page-0001-1.jpg\" class=\"attachment-full size-full wp-post-image\" alt=\"\" srcset=\"https:\/\/sofiabernasconi.com\/wp-content\/uploads\/2023\/07\/Diario-04-06-2024-17-1-1_page-0001-1.jpg 1598w, https:\/\/sofiabernasconi.com\/wp-content\/uploads\/2023\/07\/Diario-04-06-2024-17-1-1_page-0001-1-217x300.jpg 217w, https:\/\/sofiabernasconi.com\/wp-content\/uploads\/2023\/07\/Diario-04-06-2024-17-1-1_page-0001-1-741x1024.jpg 741w, https:\/\/sofiabernasconi.com\/wp-content\/uploads\/2023\/07\/Diario-04-06-2024-17-1-1_page-0001-1-768x1062.jpg 768w, https:\/\/sofiabernasconi.com\/wp-content\/uploads\/2023\/07\/Diario-04-06-2024-17-1-1_page-0001-1-1111x1536.jpg 1111w, https:\/\/sofiabernasconi.com\/wp-content\/uploads\/2023\/07\/Diario-04-06-2024-17-1-1_page-0001-1-1482x2048.jpg 1482w, https:\/\/sofiabernasconi.com\/wp-content\/uploads\/2023\/07\/Diario-04-06-2024-17-1-1_page-0001-1-9x12.jpg 9w\" sizes=\"auto, (max-width: 1598px) 100vw, 1598px\" \/>                        <a href=\"https:\/\/sofiabernasconi.com\/en\/una-muestra-que-une-la-corporalidad-con-nuevos-lenguajes-exposicion-desbordes-de-sofia-bernasconi\/\" class=\"image-link\"><\/a>\n                    \n                    <\/div><!-- .post-thumbnail --> \n\n                <\/div><!-- .entry-media --> \n\n                \n            <\/div>\n            \n            <div class=\"entry-wrapper\">\n\n                <div class=\"entry-wrapper-content\">\n            \n                        <header class=\"entry-header\">\n\n                            <a href=\"https:\/\/sofiabernasconi.com\/en\/category\/desbordes\/\" class=\"category-colored\" >Desbordes<\/a>\n                            <h2 class=\"entry-title\"><a href=\"https:\/\/sofiabernasconi.com\/en\/una-muestra-que-une-la-corporalidad-con-nuevos-lenguajes-exposicion-desbordes-de-sofia-bernasconi\/\" rel=\"bookmark\">Una muestra que une la corporalidad con nuevos lenguajes.    Exposici\u00f3n &#8220;Desbordes&#8221; de Sof\u00eda Bernasconi. (2024) &#8211; Diario Concepci\u00f3n<\/a><\/h2>\n                            <div class=\"entry-meta\">\n\n                                <div class=\"entry-meta-single entry-meta-author\">\n                                <img alt='' src='https:\/\/secure.gravatar.com\/avatar\/a180b2790ac9ff0f2081e93df131e6a053b16d0bbf78d30e2c5477e96bb5d976?s=32&#038;d=mm&#038;r=g' class='avatar avatar-32 photo' height='32' width='32' \/><a href=\"https:\/\/sofiabernasconi.com\/en\/author\/admin_8ne25ds7\/\">Sofia Bernasconi Le Roy<\/a>                                <\/div><!-- .entry-meta-single -->\n\n                                <div class=\"entry-meta-single entry-meta-date\">\n                                    <i class=\"feather feather-clock\"><\/i>Jun 24, 2024                                <\/div><!-- .entry-meta-single -->\n                            <\/div><!-- .entry-meta -->\n\n                        <\/header><!-- .entry-header -->\n                    \n                    \n                <\/div><!-- .entry-wrapper-content -->\n\n            <\/div><!-- .entry-wrapper -->\n            \n        <\/div>\n    <\/div>\n<\/article><!-- #post-## -->\n                    \t\t\t\t\t\t                        \n<article id=\"ce-post-item-11293\" class=\"ce-post-item\" data-delay=\"0\" >\n    <div class=\"grid-holder\"> \n        <div class=\"grid-holder-inner\">  \n            <div class=\"media-wrapper\">\n            \n                                \n                <div class=\"entry-media\">\n                \n                    <div class=\"post-thumbnail\">\n                        \n                        <img loading=\"lazy\" decoding=\"async\" width=\"850\" height=\"500\" src=\"https:\/\/sofiabernasconi.com\/wp-content\/uploads\/2025\/06\/obra-desbordes-850x500-1.jpg\" class=\"attachment-full size-full wp-post-image\" alt=\"\" srcset=\"https:\/\/sofiabernasconi.com\/wp-content\/uploads\/2025\/06\/obra-desbordes-850x500-1.jpg 850w, https:\/\/sofiabernasconi.com\/wp-content\/uploads\/2025\/06\/obra-desbordes-850x500-1-300x176.jpg 300w, https:\/\/sofiabernasconi.com\/wp-content\/uploads\/2025\/06\/obra-desbordes-850x500-1-768x452.jpg 768w, https:\/\/sofiabernasconi.com\/wp-content\/uploads\/2025\/06\/obra-desbordes-850x500-1-18x12.jpg 18w\" sizes=\"auto, (max-width: 850px) 100vw, 850px\" \/>                        <a href=\"https:\/\/sofiabernasconi.com\/en\/una-muestra-que-une-la-corporalidad-con-nuevos-lenguajes\/\" class=\"image-link\"><\/a>\n                    \n                    <\/div><!-- .post-thumbnail --> \n\n                <\/div><!-- .entry-media --> \n\n                \n            <\/div>\n            \n            <div class=\"entry-wrapper\">\n\n                <div class=\"entry-wrapper-content\">\n            \n                        <header class=\"entry-header\">\n\n                            <a href=\"https:\/\/sofiabernasconi.com\/en\/category\/uncategorized\/\" class=\"category-colored\" >Uncategorized<\/a>\n                            <h2 class=\"entry-title\"><a href=\"https:\/\/sofiabernasconi.com\/en\/una-muestra-que-une-la-corporalidad-con-nuevos-lenguajes\/\" rel=\"bookmark\">Una muestra que une la corporalidad con nuevos lenguajes<\/a><\/h2>\n                            <div class=\"entry-meta\">\n\n                                <div class=\"entry-meta-single entry-meta-author\">\n                                <img alt='' src='https:\/\/secure.gravatar.com\/avatar\/a180b2790ac9ff0f2081e93df131e6a053b16d0bbf78d30e2c5477e96bb5d976?s=32&#038;d=mm&#038;r=g' class='avatar avatar-32 photo' height='32' width='32' \/><a href=\"https:\/\/sofiabernasconi.com\/en\/author\/admin_8ne25ds7\/\">Sofia Bernasconi Le Roy<\/a>                                <\/div><!-- .entry-meta-single -->\n\n                                <div class=\"entry-meta-single entry-meta-date\">\n                                    <i class=\"feather feather-clock\"><\/i>Jun 4, 2024                                <\/div><!-- .entry-meta-single -->\n                            <\/div><!-- .entry-meta -->\n\n                        <\/header><!-- .entry-header -->\n                    \n                    \n                <\/div><!-- .entry-wrapper-content -->\n\n            <\/div><!-- .entry-wrapper -->\n            \n        <\/div>\n    <\/div>\n<\/article><!-- #post-## -->\n                    \t\t\t\t\t\t                        \n<article id=\"ce-post-item-7998\" class=\"ce-post-item\" data-delay=\"0\" >\n    <div class=\"grid-holder\"> \n        <div class=\"grid-holder-inner\">  \n            <div class=\"media-wrapper\">\n            \n                                \n                <div class=\"entry-media\">\n                \n                    <div class=\"post-thumbnail\">\n                        \n                        <img loading=\"lazy\" decoding=\"async\" width=\"583\" height=\"598\" src=\"https:\/\/sofiabernasconi.com\/wp-content\/uploads\/2023\/11\/IMG3.png\" class=\"attachment-full size-full wp-post-image\" alt=\"\" srcset=\"https:\/\/sofiabernasconi.com\/wp-content\/uploads\/2023\/11\/IMG3.png 583w, https:\/\/sofiabernasconi.com\/wp-content\/uploads\/2023\/11\/IMG3-292x300.png 292w, https:\/\/sofiabernasconi.com\/wp-content\/uploads\/2023\/11\/IMG3-12x12.png 12w\" sizes=\"auto, (max-width: 583px) 100vw, 583px\" \/>                        <a href=\"https:\/\/sofiabernasconi.com\/en\/como-parte-de-la-seleccion-final-del-premio-mavi-uc-en-santiago-video-instalacion-invita-a-explorar-los-limites-de-sofia-bernasconi-2023\/\" class=\"image-link\"><\/a>\n                    \n                    <\/div><!-- .post-thumbnail --> \n\n                <\/div><!-- .entry-media --> \n\n                \n            <\/div>\n            \n            <div class=\"entry-wrapper\">\n\n                <div class=\"entry-wrapper-content\">\n            \n                        <header class=\"entry-header\">\n\n                            <a href=\"https:\/\/sofiabernasconi.com\/en\/category\/cultura\/\" class=\"category-colored\" >CULTURA<\/a>\n                            <h2 class=\"entry-title\"><a href=\"https:\/\/sofiabernasconi.com\/en\/como-parte-de-la-seleccion-final-del-premio-mavi-uc-en-santiago-video-instalacion-invita-a-explorar-los-limites-de-sofia-bernasconi-2023\/\" rel=\"bookmark\">As part of the final selection for the Mavi UC Award in Santiago, this video installation invites you to explore the limits of Sof\u00eda Bernasconi (2023).<\/a><\/h2>\n                            <div class=\"entry-meta\">\n\n                                <div class=\"entry-meta-single entry-meta-author\">\n                                <img alt='' src='https:\/\/secure.gravatar.com\/avatar\/a180b2790ac9ff0f2081e93df131e6a053b16d0bbf78d30e2c5477e96bb5d976?s=32&#038;d=mm&#038;r=g' class='avatar avatar-32 photo' height='32' width='32' \/><a href=\"https:\/\/sofiabernasconi.com\/en\/author\/admin_8ne25ds7\/\">Sofia Bernasconi Le Roy<\/a>                                <\/div><!-- .entry-meta-single -->\n\n                                <div class=\"entry-meta-single entry-meta-date\">\n                                    <i class=\"feather feather-clock\"><\/i>Nov 30, 2023                                <\/div><!-- .entry-meta-single -->\n                            <\/div><!-- .entry-meta -->\n\n                        <\/header><!-- .entry-header -->\n                    \n                    \n                <\/div><!-- .entry-wrapper-content -->\n\n            <\/div><!-- .entry-wrapper -->\n            \n        <\/div>\n    <\/div>\n<\/article><!-- #post-## -->\n                                    \t\t\t\t\t\t\t\t\r\n\r\n\t\t\t\t\r\n\t\t\t\r\n\t\t<\/div>\t\t\r\n\t\t\t\t<\/div>\n\t\t\t\t<\/div>\n\t\t\t\t\t<\/div>\n\t\t<\/div>\n\t\t\t\t\t\t\t<\/div>\n\t\t<\/section>\n\t\t\t\t<section class=\"elementor-section elementor-top-section elementor-element elementor-element-0cc2cc7 elementor-section-boxed elementor-section-height-default elementor-section-height-default\" data-id=\"0cc2cc7\" data-element_type=\"section\">\n\t\t\t\t\t\t<div class=\"elementor-container elementor-column-gap-default\">\n\t\t\t\t\t<div class=\"elementor-column elementor-col-50 elementor-top-column elementor-element elementor-element-3b6a1d6\" data-id=\"3b6a1d6\" data-element_type=\"column\">\n\t\t\t<div class=\"elementor-widget-wrap elementor-element-populated\">\n\t\t\t\t\t\t\t\t<div class=\"elementor-element elementor-element-0fbdd47 heading_small_border elementor-widget elementor-widget-heading\" data-id=\"0fbdd47\" data-element_type=\"widget\" data-widget_type=\"heading.default\">\n\t\t\t\t<div class=\"elementor-widget-container\">\n\t\t\t<style>\/*! elementor - v3.15.0 - 31-07-2023 *\/\n.elementor-heading-title{padding:0;margin:0;line-height:1}.elementor-widget-heading .elementor-heading-title[class*=elementor-size-]>a{color:inherit;font-size:inherit;line-height:inherit}.elementor-widget-heading .elementor-heading-title.elementor-size-small{font-size:15px}.elementor-widget-heading .elementor-heading-title.elementor-size-medium{font-size:19px}.elementor-widget-heading .elementor-heading-title.elementor-size-large{font-size:29px}.elementor-widget-heading .elementor-heading-title.elementor-size-xl{font-size:39px}.elementor-widget-heading .elementor-heading-title.elementor-size-xxl{font-size:59px}<\/style><h6 class=\"elementor-heading-title elementor-size-default\">Featured Stories<\/h6>\t\t<\/div>\n\t\t\t\t<\/div>\n\t\t\t\t<div class=\"elementor-element elementor-element-62d176a elementor-widget elementor-widget-ce-posts-grid\" data-id=\"62d176a\" data-element_type=\"widget\" data-widget_type=\"ce-posts-grid.default\">\n\t\t\t\t<div class=\"elementor-widget-container\">\n\t\t\t\t\t<div class=\"ce-posts-grid ce-post-style-adair\" data-columns=\"1\" data-layout=\"masonry\">\r\n\r\n\t\t\t\t\t\t\r\n\t\t<\/div>\r\n\t\t\t\t<\/div>\n\t\t\t\t<\/div>\n\t\t\t\t<div class=\"elementor-element elementor-element-08225da elementor-widget elementor-widget-ce-posts-grid\" data-id=\"08225da\" data-element_type=\"widget\" data-widget_type=\"ce-posts-grid.default\">\n\t\t\t\t<div class=\"elementor-widget-container\">\n\t\t\t\t\t<div class=\"ce-posts-grid ce-post-style-colm\" data-columns=\"2\" data-layout=\"masonry\">\r\n\r\n\t\t\t\t\t\t\t\t\t                        \n<article id=\"ce-post-item-11309\"  class=\"ce-post-item ce-animation ce-animation--none ce-animation-manual post-11309 post type-post status-publish format-standard has-post-thumbnail hentry category-uncategorized\" data-delay=\"0\" >\n    <div class=\"grid-holder\"> \n        <div class=\"grid-holder-inner\">  \n            <div class=\"media-wrapper\">\n            \n                                \n                <div class=\"entry-media\">\n                \n                    <div class=\"post-thumbnail\">\n                        \n                        <img loading=\"lazy\" decoding=\"async\" width=\"370\" height=\"245\" src=\"https:\/\/sofiabernasconi.com\/wp-content\/uploads\/elementor\/thumbs\/WhatsApp-Image-2025-06-24-at-10.06.32-e1751238693816-r81k9f8gijxe1bq5ee4cpefkabjo399gvyy5qijnyq.jpeg\" class=\"attachment-370x245x1x1 size-370x245x1x1 wp-post-image\" alt=\"\" \/>\n                        <a href=\"https:\/\/sofiabernasconi.com\/en\/artista-visual-penquista-presenta-hibrida-en-balmaceda-arte-joven\/\" class=\"image-link\"><\/a>\n                    \n                    <\/div><!-- .post-thumbnail --> \n\n                <\/div><!-- .entry-media --> \n\n                <a href=\"https:\/\/sofiabernasconi.com\/en\/category\/uncategorized\/\" class=\"category-colored\" >Uncategorized<\/a>\n            <\/div>\n            \n            <div class=\"entry-wrapper\">\n\n                <div class=\"entry-wrapper-content\">\n            \n                        <header class=\"entry-header\">\n \n                            <div class=\"entry-meta\">\n\n                                <div class=\"entry-meta-single entry-meta-author\">\n                                <img alt='' src='https:\/\/secure.gravatar.com\/avatar\/a180b2790ac9ff0f2081e93df131e6a053b16d0bbf78d30e2c5477e96bb5d976?s=32&#038;d=mm&#038;r=g' class='avatar avatar-32 photo' height='32' width='32' \/><a href=\"https:\/\/sofiabernasconi.com\/en\/author\/admin_8ne25ds7\/\">Sofia Bernasconi Le Roy<\/a>                                <\/div><!-- .entry-meta-single -->\n\n                                <div class=\"entry-meta-single entry-meta-date\">\n                                    <i class=\"feather feather-clock\"><\/i>Jun 29, 2025                                <\/div><!-- .entry-meta-single -->\n                            <\/div><!-- .entry-meta -->\n\n                            <h2 class=\"entry-title\"><a href=\"https:\/\/sofiabernasconi.com\/en\/artista-visual-penquista-presenta-hibrida-en-balmaceda-arte-joven\/\" rel=\"bookmark\">Artista visual penquista presenta &#8220;H\u00edbrida&#8221; en Balmaceda Arte Joven &#8211; La Estrella<\/a><\/h2>\n                        <\/header><!-- .entry-header -->\n\n                    <div class=\"entry-content\">\n                                            <\/div>\n\n                    <div class=\"entry-footer\">\n                                                    <a href=\"https:\/\/sofiabernasconi.com\/en\/artista-visual-penquista-presenta-hibrida-en-balmaceda-arte-joven\/\" class=\"entry-readmore\">Continue Reading<\/a>\n                                            <\/div>\n                    \n                    \n                <\/div><!-- .entry-wrapper-content -->\n\n            <\/div><!-- .entry-wrapper -->\n        <\/div>\n    <\/div>\n<\/article><!-- #post-## -->\n                    \t\t\t\t\t\t                        \n<article id=\"ce-post-item-11306\"  class=\"ce-post-item ce-animation ce-animation--none ce-animation-manual post-11306 post type-post status-publish format-standard has-post-thumbnail hentry category-uncategorized\" data-delay=\"0\" >\n    <div class=\"grid-holder\"> \n        <div class=\"grid-holder-inner\">  \n            <div class=\"media-wrapper\">\n            \n                                \n                <div class=\"entry-media\">\n                \n                    <div class=\"post-thumbnail\">\n                        \n                        <img loading=\"lazy\" decoding=\"async\" width=\"370\" height=\"245\" src=\"https:\/\/sofiabernasconi.com\/wp-content\/uploads\/elementor\/thumbs\/WhatsApp-Image-2025-06-23-at-13.46.39-r81k2edvg4b9a7xfeutpko8kho5xkodo97gjn2ykgi.jpeg\" class=\"attachment-370x245x1x1 size-370x245x1x1 wp-post-image\" alt=\"\" \/>\n                        <a href=\"https:\/\/sofiabernasconi.com\/en\/una-muestra-interactiva-que-mezcla-cuerpo-paisaje-y-maquina-diario-concepcion\/\" class=\"image-link\"><\/a>\n                    \n                    <\/div><!-- .post-thumbnail --> \n\n                <\/div><!-- .entry-media --> \n\n                <a href=\"https:\/\/sofiabernasconi.com\/en\/category\/uncategorized\/\" class=\"category-colored\" >Uncategorized<\/a>\n            <\/div>\n            \n            <div class=\"entry-wrapper\">\n\n                <div class=\"entry-wrapper-content\">\n            \n                        <header class=\"entry-header\">\n \n                            <div class=\"entry-meta\">\n\n                                <div class=\"entry-meta-single entry-meta-author\">\n                                <img alt='' src='https:\/\/secure.gravatar.com\/avatar\/a180b2790ac9ff0f2081e93df131e6a053b16d0bbf78d30e2c5477e96bb5d976?s=32&#038;d=mm&#038;r=g' class='avatar avatar-32 photo' height='32' width='32' \/><a href=\"https:\/\/sofiabernasconi.com\/en\/author\/admin_8ne25ds7\/\">Sofia Bernasconi Le Roy<\/a>                                <\/div><!-- .entry-meta-single -->\n\n                                <div class=\"entry-meta-single entry-meta-date\">\n                                    <i class=\"feather feather-clock\"><\/i>Jun 29, 2025                                <\/div><!-- .entry-meta-single -->\n                            <\/div><!-- .entry-meta -->\n\n                            <h2 class=\"entry-title\"><a href=\"https:\/\/sofiabernasconi.com\/en\/una-muestra-interactiva-que-mezcla-cuerpo-paisaje-y-maquina-diario-concepcion\/\" rel=\"bookmark\">Una muestra interactiva que mezcla cuerpo, paisaje y m\u00e1quina. &#8211; Diario Concepci\u00f3n<\/a><\/h2>\n                        <\/header><!-- .entry-header -->\n\n                    <div class=\"entry-content\">\n                                            <\/div>\n\n                    <div class=\"entry-footer\">\n                                                    <a href=\"https:\/\/sofiabernasconi.com\/en\/una-muestra-interactiva-que-mezcla-cuerpo-paisaje-y-maquina-diario-concepcion\/\" class=\"entry-readmore\">Continue Reading<\/a>\n                                            <\/div>\n                    \n                    \n                <\/div><!-- .entry-wrapper-content -->\n\n            <\/div><!-- .entry-wrapper -->\n        <\/div>\n    <\/div>\n<\/article><!-- #post-## -->\n                                                    \t\t\t\r\n\t\t<\/div>\r\n\t\t\t\t<\/div>\n\t\t\t\t<\/div>\n\t\t\t\t<div class=\"elementor-element elementor-element-4867905 elementor-widget elementor-widget-spacer\" data-id=\"4867905\" data-element_type=\"widget\" data-widget_type=\"spacer.default\">\n\t\t\t\t<div class=\"elementor-widget-container\">\n\t\t\t<style>\/*! elementor - v3.15.0 - 31-07-2023 *\/\n.elementor-column .elementor-spacer-inner{height:var(--spacer-size)}.e-con{--container-widget-width:100%}.e-con-inner>.elementor-widget-spacer,.e-con>.elementor-widget-spacer{width:var(--container-widget-width,var(--spacer-size));--align-self:var(--container-widget-align-self,initial);--flex-shrink:0}.e-con-inner>.elementor-widget-spacer>.elementor-widget-container,.e-con-inner>.elementor-widget-spacer>.elementor-widget-container>.elementor-spacer,.e-con>.elementor-widget-spacer>.elementor-widget-container,.e-con>.elementor-widget-spacer>.elementor-widget-container>.elementor-spacer{height:100%}.e-con-inner>.elementor-widget-spacer>.elementor-widget-container>.elementor-spacer>.elementor-spacer-inner,.e-con>.elementor-widget-spacer>.elementor-widget-container>.elementor-spacer>.elementor-spacer-inner{height:var(--container-widget-height,var(--spacer-size))}<\/style>\t\t<div class=\"elementor-spacer\">\n\t\t\t<div class=\"elementor-spacer-inner\"><\/div>\n\t\t<\/div>\n\t\t\t\t<\/div>\n\t\t\t\t<\/div>\n\t\t\t\t<div class=\"elementor-element elementor-element-d1db12d heading_small_border elementor-widget elementor-widget-heading\" data-id=\"d1db12d\" data-element_type=\"widget\" data-widget_type=\"heading.default\">\n\t\t\t\t<div class=\"elementor-widget-container\">\n\t\t\t<h6 class=\"elementor-heading-title elementor-size-default\">Top this week<\/h6>\t\t<\/div>\n\t\t\t\t<\/div>\n\t\t\t\t<div class=\"elementor-element elementor-element-fc415c3 elementor-widget elementor-widget-ce-posts-grid\" data-id=\"fc415c3\" data-element_type=\"widget\" data-widget_type=\"ce-posts-grid.default\">\n\t\t\t\t<div class=\"elementor-widget-container\">\n\t\t\t\t\t<div class=\"ce-posts-grid ce-post-style-adair\" data-columns=\"1\" data-layout=\"masonry\">\r\n\r\n\t\t\t\t\t\t\r\n\t\t<\/div>\r\n\t\t\t\t<\/div>\n\t\t\t\t<\/div>\n\t\t\t\t<div class=\"elementor-element elementor-element-c6f69b7 elementor-widget elementor-widget-ce-posts-grid\" data-id=\"c6f69b7\" data-element_type=\"widget\" data-widget_type=\"ce-posts-grid.default\">\n\t\t\t\t<div class=\"elementor-widget-container\">\n\t\t\t\t\t<div class=\"ce-posts-grid ce-post-style-drake\" data-columns=\"1\" data-layout=\"masonry\">\r\n\r\n\t\t\t\t\t\t\t\t\t                        \n<article id=\"ce-post-item-11309\"  class=\"ce-post-item ce-animation ce-animation--none ce-animation-manual post-11309 post type-post status-publish format-standard has-post-thumbnail hentry category-uncategorized\" data-delay=\"0\" >\n            <div class=\"media-wrapper\">\n            \n                                \n                <div class=\"entry-media\">\n                \n                    <div class=\"post-thumbnail\">\n                        \n                        <img loading=\"lazy\" decoding=\"async\" width=\"370\" height=\"245\" src=\"https:\/\/sofiabernasconi.com\/wp-content\/uploads\/elementor\/thumbs\/WhatsApp-Image-2025-06-24-at-10.06.32-e1751238693816-r81k9f8gijxe1bq5ee4cpefkabjo399gvyy5qijnyq.jpeg\" class=\"attachment-370x245x1x1 size-370x245x1x1 wp-post-image\" alt=\"\" \/>\n                        <a href=\"https:\/\/sofiabernasconi.com\/en\/artista-visual-penquista-presenta-hibrida-en-balmaceda-arte-joven\/\" class=\"image-link\"><\/a>\n                    \n                    <\/div><!-- .post-thumbnail --> \n\n                <\/div><!-- .entry-media --> \n\n                \n            <\/div>\n            \n            <div class=\"entry-wrapper\">\n\n                <div class=\"entry-wrapper-content\">\n                        <a href=\"https:\/\/sofiabernasconi.com\/en\/category\/uncategorized\/\" class=\"category-colored\" >Uncategorized<\/a>                        <header class=\"entry-header\">\n                            \n                            <h2 class=\"entry-title\"><a href=\"https:\/\/sofiabernasconi.com\/en\/artista-visual-penquista-presenta-hibrida-en-balmaceda-arte-joven\/\" rel=\"bookmark\">Artista visual penquista presenta &#8220;H\u00edbrida&#8221; en Balmaceda Arte Joven &#8211; La Estrella<\/a><\/h2>\n                            <div class=\"entry-meta\">\n\n                                <div class=\"entry-meta-single entry-meta-author\">\n                                <img alt='' src='https:\/\/secure.gravatar.com\/avatar\/a180b2790ac9ff0f2081e93df131e6a053b16d0bbf78d30e2c5477e96bb5d976?s=32&#038;d=mm&#038;r=g' class='avatar avatar-32 photo' height='32' width='32' \/><a href=\"https:\/\/sofiabernasconi.com\/en\/author\/admin_8ne25ds7\/\">Sofia Bernasconi Le Roy<\/a>                                <\/div><!-- .entry-meta-single -->\n\n                                <div class=\"entry-meta-single entry-meta-date\">\n                                    <i class=\"feather feather-clock\"><\/i>Jun 29, 2025                                <\/div><!-- .entry-meta-single -->\n                            <\/div><!-- .entry-meta -->\n\n                           \n\n                        <\/header><!-- .entry-header -->\n\n                    <div class=\"entry-content\">\n                                            <\/div>\n\n                    \n                    \n                <\/div><!-- .entry-wrapper-content -->\n\n            <\/div><!-- .entry-wrapper -->\n<\/article><!-- #post-## -->\n                    \t\t\t\t\t\t                        \n<article id=\"ce-post-item-11306\"  class=\"ce-post-item ce-animation ce-animation--none ce-animation-manual post-11306 post type-post status-publish format-standard has-post-thumbnail hentry category-uncategorized\" data-delay=\"0\" >\n            <div class=\"media-wrapper\">\n            \n                                \n                <div class=\"entry-media\">\n                \n                    <div class=\"post-thumbnail\">\n                        \n                        <img loading=\"lazy\" decoding=\"async\" width=\"370\" height=\"245\" src=\"https:\/\/sofiabernasconi.com\/wp-content\/uploads\/elementor\/thumbs\/WhatsApp-Image-2025-06-23-at-13.46.39-r81k2edvg4b9a7xfeutpko8kho5xkodo97gjn2ykgi.jpeg\" class=\"attachment-370x245x1x1 size-370x245x1x1 wp-post-image\" alt=\"\" \/>\n                        <a href=\"https:\/\/sofiabernasconi.com\/en\/una-muestra-interactiva-que-mezcla-cuerpo-paisaje-y-maquina-diario-concepcion\/\" class=\"image-link\"><\/a>\n                    \n                    <\/div><!-- .post-thumbnail --> \n\n                <\/div><!-- .entry-media --> \n\n                \n            <\/div>\n            \n            <div class=\"entry-wrapper\">\n\n                <div class=\"entry-wrapper-content\">\n                        <a href=\"https:\/\/sofiabernasconi.com\/en\/category\/uncategorized\/\" class=\"category-colored\" >Uncategorized<\/a>                        <header class=\"entry-header\">\n                            \n                            <h2 class=\"entry-title\"><a href=\"https:\/\/sofiabernasconi.com\/en\/una-muestra-interactiva-que-mezcla-cuerpo-paisaje-y-maquina-diario-concepcion\/\" rel=\"bookmark\">Una muestra interactiva que mezcla cuerpo, paisaje y m\u00e1quina. &#8211; Diario Concepci\u00f3n<\/a><\/h2>\n                            <div class=\"entry-meta\">\n\n                                <div class=\"entry-meta-single entry-meta-author\">\n                                <img alt='' src='https:\/\/secure.gravatar.com\/avatar\/a180b2790ac9ff0f2081e93df131e6a053b16d0bbf78d30e2c5477e96bb5d976?s=32&#038;d=mm&#038;r=g' class='avatar avatar-32 photo' height='32' width='32' \/><a href=\"https:\/\/sofiabernasconi.com\/en\/author\/admin_8ne25ds7\/\">Sofia Bernasconi Le Roy<\/a>                                <\/div><!-- .entry-meta-single -->\n\n                                <div class=\"entry-meta-single entry-meta-date\">\n                                    <i class=\"feather feather-clock\"><\/i>Jun 29, 2025                                <\/div><!-- .entry-meta-single -->\n                            <\/div><!-- .entry-meta -->\n\n                           \n\n                        <\/header><!-- .entry-header -->\n\n                    <div class=\"entry-content\">\n                                            <\/div>\n\n                    \n                    \n                <\/div><!-- .entry-wrapper-content -->\n\n            <\/div><!-- .entry-wrapper -->\n<\/article><!-- #post-## -->\n                    \t\t\t\t\t\t                        \n<article id=\"ce-post-item-11296\"  class=\"ce-post-item ce-animation ce-animation--none ce-animation-manual post-11296 post type-post status-publish format-standard has-post-thumbnail hentry category-uncategorized\" data-delay=\"0\" >\n            <div class=\"media-wrapper\">\n            \n                                \n                <div class=\"entry-media\">\n                \n                    <div class=\"post-thumbnail\">\n                        \n                        <img loading=\"lazy\" decoding=\"async\" width=\"370\" height=\"245\" src=\"https:\/\/sofiabernasconi.com\/wp-content\/uploads\/elementor\/thumbs\/imagen-wp-2025-06-25t10263051750861595-960x540-1-r81jr59fmiwoaa9w4hpi80gwglmqf4pd1ia9stn8ya.jpg\" class=\"attachment-370x245x1x1 size-370x245x1x1 wp-post-image\" alt=\"\" \/>\n                        <a href=\"https:\/\/sofiabernasconi.com\/en\/hibrida-una-experiencia-inmersiva-unica-en-concepcion-que-mezcla-cuerpo-paisaje-y-tecnologia\/\" class=\"image-link\"><\/a>\n                    \n                    <\/div><!-- .post-thumbnail --> \n\n                <\/div><!-- .entry-media --> \n\n                \n            <\/div>\n            \n            <div class=\"entry-wrapper\">\n\n                <div class=\"entry-wrapper-content\">\n                        <a href=\"https:\/\/sofiabernasconi.com\/en\/category\/uncategorized\/\" class=\"category-colored\" >Uncategorized<\/a>                        <header class=\"entry-header\">\n                            \n                            <h2 class=\"entry-title\"><a href=\"https:\/\/sofiabernasconi.com\/en\/hibrida-una-experiencia-inmersiva-unica-en-concepcion-que-mezcla-cuerpo-paisaje-y-tecnologia\/\" rel=\"bookmark\">&#8220;H\u00cdBRIDA&#8221;: una experiencia inmersiva \u00fanica en Concepci\u00f3n que mezcla cuerpo, paisaje y tecnolog\u00eda &#8211; SABES.CL<\/a><\/h2>\n                            <div class=\"entry-meta\">\n\n                                <div class=\"entry-meta-single entry-meta-author\">\n                                <img alt='' src='https:\/\/secure.gravatar.com\/avatar\/a180b2790ac9ff0f2081e93df131e6a053b16d0bbf78d30e2c5477e96bb5d976?s=32&#038;d=mm&#038;r=g' class='avatar avatar-32 photo' height='32' width='32' \/><a href=\"https:\/\/sofiabernasconi.com\/en\/author\/admin_8ne25ds7\/\">Sofia Bernasconi Le Roy<\/a>                                <\/div><!-- .entry-meta-single -->\n\n                                <div class=\"entry-meta-single entry-meta-date\">\n                                    <i class=\"feather feather-clock\"><\/i>Jun 29, 2025                                <\/div><!-- .entry-meta-single -->\n                            <\/div><!-- .entry-meta -->\n\n                           \n\n                        <\/header><!-- .entry-header -->\n\n                    <div class=\"entry-content\">\n                        La artista penquista Sof\u00eda Bernasconi Le Roy presenta su nueva videoinstalaci\u00f3n perform\u00e1tica en Balmaceda Arte Joven Biob\u00edo. Por |&nbsp;mi\u00e9rcoles 25 junio...                    <\/div>\n\n                    \n                    \n                <\/div><!-- .entry-wrapper-content -->\n\n            <\/div><!-- .entry-wrapper -->\n<\/article><!-- #post-## -->\n                    \t\t\t\t\t\t                        \n<article id=\"ce-post-item-11287\"  class=\"ce-post-item ce-animation ce-animation--none ce-animation-manual post-11287 post type-post status-publish format-standard has-post-thumbnail hentry category-uncategorized\" data-delay=\"0\" >\n            <div class=\"media-wrapper\">\n            \n                                \n                <div class=\"entry-media\">\n                \n                    <div class=\"post-thumbnail\">\n                        \n                        <img loading=\"lazy\" decoding=\"async\" width=\"370\" height=\"245\" src=\"https:\/\/sofiabernasconi.com\/wp-content\/uploads\/elementor\/thumbs\/Captura-de-pantalla-2025-06-29-a-las-6.42.41\u202fp.m-r81j136i5v8ifg4ia87u3l6vm22f1798sj7ouoa5g2.png\" class=\"attachment-370x245x1x1 size-370x245x1x1 wp-post-image\" alt=\"\" \/>\n                        <a href=\"https:\/\/sofiabernasconi.com\/en\/hacen-falta-mas-espacios-para-este-tipo-de-arte-sofia-bernasconi-por-exposicion-de-hibrida\/\" class=\"image-link\"><\/a>\n                    \n                    <\/div><!-- .post-thumbnail --> \n\n                <\/div><!-- .entry-media --> \n\n                \n            <\/div>\n            \n            <div class=\"entry-wrapper\">\n\n                <div class=\"entry-wrapper-content\">\n                        <a href=\"https:\/\/sofiabernasconi.com\/en\/category\/uncategorized\/\" class=\"category-colored\" >Uncategorized<\/a>                        <header class=\"entry-header\">\n                            \n                            <h2 class=\"entry-title\"><a href=\"https:\/\/sofiabernasconi.com\/en\/hacen-falta-mas-espacios-para-este-tipo-de-arte-sofia-bernasconi-por-exposicion-de-hibrida\/\" rel=\"bookmark\">\u201cHacen falta m\u00e1s espacios para este tipo de arte\u201d: Sof\u00eda Bernasconi por exposici\u00f3n de &#8220;H\u00edbrida&#8221; &#8211; TVU<\/a><\/h2>\n                            <div class=\"entry-meta\">\n\n                                <div class=\"entry-meta-single entry-meta-author\">\n                                <img alt='' src='https:\/\/secure.gravatar.com\/avatar\/a180b2790ac9ff0f2081e93df131e6a053b16d0bbf78d30e2c5477e96bb5d976?s=32&#038;d=mm&#038;r=g' class='avatar avatar-32 photo' height='32' width='32' \/><a href=\"https:\/\/sofiabernasconi.com\/en\/author\/admin_8ne25ds7\/\">Sofia Bernasconi Le Roy<\/a>                                <\/div><!-- .entry-meta-single -->\n\n                                <div class=\"entry-meta-single entry-meta-date\">\n                                    <i class=\"feather feather-clock\"><\/i>Jun 29, 2025                                <\/div><!-- .entry-meta-single -->\n                            <\/div><!-- .entry-meta -->\n\n                           \n\n                        <\/header><!-- .entry-header -->\n\n                    <div class=\"entry-content\">\n                                            <\/div>\n\n                    \n                    \n                <\/div><!-- .entry-wrapper-content -->\n\n            <\/div><!-- .entry-wrapper -->\n<\/article><!-- #post-## -->\n                                                    \t\t\t\r\n\t\t<\/div>\r\n\t\t\t\t<\/div>\n\t\t\t\t<\/div>\n\t\t\t\t\t<\/div>\n\t\t<\/div>\n\t\t\t\t<div class=\"elementor-column elementor-col-50 elementor-top-column elementor-element elementor-element-6689d67\" data-id=\"6689d67\" data-element_type=\"column\">\n\t\t\t<div class=\"elementor-widget-wrap elementor-element-populated\">\n\t\t\t\t\t\t\t\t<div class=\"elementor-element elementor-element-199f988 elementor-widget elementor-widget-sidebar\" data-id=\"199f988\" data-element_type=\"widget\" data-widget_type=\"sidebar.default\">\n\t\t\t\t<div class=\"elementor-widget-container\">\n\t\t\t<div id=\"block-2\" class=\"widget widget_block widget_search\"><form role=\"search\" method=\"get\" action=\"https:\/\/sofiabernasconi.com\/en\/\" class=\"wp-block-search__button-outside wp-block-search__text-button wp-block-search\" data-trp-original-action=\"https:\/\/sofiabernasconi.com\/en\/\"    ><label class=\"wp-block-search__label\" for=\"wp-block-search__input-1\" >Search<\/label><div class=\"wp-block-search__inside-wrapper\" ><input class=\"wp-block-search__input\" id=\"wp-block-search__input-1\" placeholder=\"\" value=\"\" type=\"search\" name=\"s\" required \/><button aria-label=\"Search\" class=\"wp-block-search__button wp-element-button\" type=\"submit\" >Search<\/button><\/div><input type=\"hidden\" name=\"trp-form-language\" value=\"en\"\/><\/form><\/div><div id=\"block-3\" class=\"widget widget_block\"><div class=\"wp-block-group\"><div class=\"wp-block-group__inner-container is-layout-flow wp-block-group-is-layout-flow\"><h2 class=\"wp-block-heading\">Recent Posts<\/h2><ul class=\"wp-block-latest-posts__list wp-block-latest-posts\"><li><a class=\"wp-block-latest-posts__post-title\" href=\"https:\/\/sofiabernasconi.com\/en\/artista-visual-penquista-presenta-hibrida-en-balmaceda-arte-joven\/\">Artista visual penquista presenta &#8220;H\u00edbrida&#8221; en Balmaceda Arte Joven &#8211; La Estrella<\/a><\/li>\n<li><a class=\"wp-block-latest-posts__post-title\" href=\"https:\/\/sofiabernasconi.com\/en\/una-muestra-interactiva-que-mezcla-cuerpo-paisaje-y-maquina-diario-concepcion\/\">Una muestra interactiva que mezcla cuerpo, paisaje y m\u00e1quina. &#8211; Diario Concepci\u00f3n<\/a><\/li>\n<li><a class=\"wp-block-latest-posts__post-title\" href=\"https:\/\/sofiabernasconi.com\/en\/hibrida-una-experiencia-inmersiva-unica-en-concepcion-que-mezcla-cuerpo-paisaje-y-tecnologia\/\">&#8220;H\u00cdBRIDA&#8221;: una experiencia inmersiva \u00fanica en Concepci\u00f3n que mezcla cuerpo, paisaje y tecnolog\u00eda &#8211; SABES.CL<\/a><\/li>\n<li><a class=\"wp-block-latest-posts__post-title\" href=\"https:\/\/sofiabernasconi.com\/en\/hacen-falta-mas-espacios-para-este-tipo-de-arte-sofia-bernasconi-por-exposicion-de-hibrida\/\">\u201cHacen falta m\u00e1s espacios para este tipo de arte\u201d: Sof\u00eda Bernasconi por exposici\u00f3n de &#8220;H\u00edbrida&#8221; &#8211; TVU<\/a><\/li>\n<li><a class=\"wp-block-latest-posts__post-title\" href=\"https:\/\/sofiabernasconi.com\/en\/sofia-bernasconi-llega-a-baj-biobio-con-su-videoinstalacion-performatica\/\">Sof\u00eda Bernasconi llega a BAJ Biob\u00edo con su videoinstalaci\u00f3n perform\u00e1tica &#8211; Diario El Sur<\/a><\/li>\n<\/ul><\/div><\/div><\/div><div id=\"block-4\" class=\"widget widget_block\"><div class=\"wp-block-group\"><div class=\"wp-block-group__inner-container is-layout-flow wp-block-group-is-layout-flow\"><h2 class=\"wp-block-heading\">Recent Comments<\/h2><div class=\"no-comments wp-block-latest-comments\">No comments to show.<\/div><\/div><\/div><\/div><div id=\"widget_aboutme-1\" class=\"widget widget_aboutme\">\n        \n                            <img decoding=\"async\" class=\"image\" src=\"https:\/\/remake.codeless.co\/wp-content\/uploads\/2020\/02\/widget1.jpg\" alt=\"About Me\" \/>\n                    <div class=\"wrapper\">\n            <div class=\"logo_circle\">\n                <img decoding=\"async\" class=\"logo-img-about\" src=\"https:\/\/remake.codeless.co\/wp-content\/uploads\/2020\/02\/logo.png\" alt=\"About Me Logo\" \/>\n            <\/div>\n        \n            <h6>We the Bleeple<\/h6>\n            <p class=\"text\">For over 32 years our goal has been scalable,  compelling growth for brands that matter. The data in driven practices cultivate fully hum<\/p>\n\n                            <a class=\"btn\" href=\"#\">More about us<\/a>\n                    <\/div>\n\n        <\/div><div id=\"social_widget-1\" class=\"widget social_widget\"><h3 class=\"widget-title\">Connect with Us<\/h3><ul class=\"social-icons-widget simple\"><li class=\"facebook\"><a href=\"#\"><i class=\"cl-icon-facebook\"><\/i>fb<\/a><\/li><li class=\"twitter\"><a href=\"#\"><i class=\"cl-icon-twitter\"><\/i>twitter<\/a><\/li><li class=\"dribbble\"><a href=\"#\"><i class=\"cl-icon-dribbble\"><\/i>dribbble<\/a><\/li><li class=\"foursquare\"><a href=\"#\"><i class=\"cl-icon-linkedin\"><\/i>linkedin<\/a><\/li><li class=\"email\"><a href=\"#\"><i class=\"cl-icon-instagram\"><\/i>insta<\/a><\/li><li class=\"email\"><a href=\"#\"><i class=\"cl-icon-behance\"><\/i>behance<\/a><\/li><\/ul><\/div><div id=\"mc4wp_form_widget-1\" class=\"widget widget_mc4wp_form_widget\"><\/div><div id=\"tag_cloud-1\" class=\"widget widget_tag_cloud\"><h3 class=\"widget-title\">Post Categories<\/h3><div class=\"tagcloud\"><a href=\"https:\/\/sofiabernasconi.com\/en\/category\/cablerio-cuerpos-perifericos\/\" class=\"tag-cloud-link tag-link-99 tag-link-position-1\" style=\"font-size: 8pt;\" aria-label=\"Cabler\u00edo, cuerpos perif\u00e9ricos (1 item)\">Cabler\u00edo, cuerpos perif\u00e9ricos<span class=\"tag-link-count\"> (1)<\/span><\/a>\n<a href=\"https:\/\/sofiabernasconi.com\/en\/category\/casa-a-12-megapixeles-videoarte\/\" class=\"tag-cloud-link tag-link-96 tag-link-position-2\" style=\"font-size: 8pt;\" aria-label=\"CASA A 12 MEGAPIXELES - VIDEOARTE (1 item)\">CASA A 12 MEGAPIXELES - VIDEOARTE<span class=\"tag-link-count\"> (1)<\/span><\/a>\n<a href=\"https:\/\/sofiabernasconi.com\/en\/category\/cultura\/\" class=\"tag-cloud-link tag-link-80 tag-link-position-3\" style=\"font-size: 22pt;\" aria-label=\"CULTURA (8 items)\">CULTURA<span class=\"tag-link-count\"> (8)<\/span><\/a>\n<a href=\"https:\/\/sofiabernasconi.com\/en\/category\/curatoria-2\/\" class=\"tag-cloud-link tag-link-103 tag-link-position-4\" style=\"font-size: 8pt;\" aria-label=\"CURATOR\u00cdA (1 item)\">CURATORSHIP<span class=\"tag-link-count\"> (1)<\/span><\/a>\n<a href=\"https:\/\/sofiabernasconi.com\/en\/category\/desbordes\/\" class=\"tag-cloud-link tag-link-111 tag-link-position-5\" style=\"font-size: 8pt;\" aria-label=\"Desbordes (1 item)\">Desbordes<span class=\"tag-link-count\"> (1)<\/span><\/a>\n<a href=\"https:\/\/sofiabernasconi.com\/en\/category\/deshilacha-cortometraje\/\" class=\"tag-cloud-link tag-link-94 tag-link-position-6\" style=\"font-size: 8pt;\" aria-label=\"DESHILACHA - CORTOMETRAJE (1 item)\">DESHILACHA - CORTOMETRAJE<span class=\"tag-link-count\"> (1)<\/span><\/a>\n<a href=\"https:\/\/sofiabernasconi.com\/en\/category\/inversovo-videoarte\/\" class=\"tag-cloud-link tag-link-90 tag-link-position-7\" style=\"font-size: 8pt;\" aria-label=\"INVERSOVO - VIDEOARTE (1 item)\">INVERSOVO - VIDEOARTE<span class=\"tag-link-count\"> (1)<\/span><\/a>\n<a href=\"https:\/\/sofiabernasconi.com\/en\/category\/sumersiones\/\" class=\"tag-cloud-link tag-link-105 tag-link-position-8\" style=\"font-size: 8pt;\" aria-label=\"Sumersiones (1 item)\">Sumersions<span class=\"tag-link-count\"> (1)<\/span><\/a>\n<a href=\"https:\/\/sofiabernasconi.com\/en\/category\/uncategorized\/\" class=\"tag-cloud-link tag-link-1 tag-link-position-9\" style=\"font-size: 20.923076923077pt;\" aria-label=\"Uncategorized (7 items)\">Uncategorized<span class=\"tag-link-count\"> (7)<\/span><\/a><\/div>\n<\/div><div id=\"widget_instagram-1\" class=\"widget widget_instagram\"><h3 class=\"widget-title\">#THEINSTABLOCK<\/h3>\n        <p>Follow us on instagram @Blockdoes<\/p>\n\n       <div class=\"cl-instafeed\" data-token=\"\" data-userid=\"\"><\/div>\n\n      \n        <\/div>\t\t<\/div>\n\t\t\t\t<\/div>\n\t\t\t\t\t<\/div>\n\t\t<\/div>\n\t\t\t\t\t\t\t<\/div>\n\t\t<\/section>\n\t\t\t\t<section class=\"elementor-section elementor-top-section elementor-element elementor-element-3ac0f3f elementor-section-stretched elementor-section-boxed elementor-section-height-default elementor-section-height-default\" data-id=\"3ac0f3f\" data-element_type=\"section\" data-settings=\"{&quot;stretch_section&quot;:&quot;section-stretched&quot;,&quot;background_background&quot;:&quot;classic&quot;}\">\n\t\t\t\t\t\t<div class=\"elementor-container elementor-column-gap-default\">\n\t\t\t\t\t<div class=\"elementor-column elementor-col-100 elementor-top-column elementor-element elementor-element-e4843cf\" data-id=\"e4843cf\" data-element_type=\"column\">\n\t\t\t<div class=\"elementor-widget-wrap elementor-element-populated\">\n\t\t\t\t\t\t\t\t<div class=\"elementor-element elementor-element-5aa8a0c heading_small_border elementor-widget elementor-widget-heading\" data-id=\"5aa8a0c\" data-element_type=\"widget\" data-widget_type=\"heading.default\">\n\t\t\t\t<div class=\"elementor-widget-container\">\n\t\t\t<h6 class=\"elementor-heading-title elementor-size-default\">Featured Stories<\/h6>\t\t<\/div>\n\t\t\t\t<\/div>\n\t\t\t\t<div class=\"elementor-element elementor-element-58fe982 elementor-widget elementor-widget-spacer\" data-id=\"58fe982\" data-element_type=\"widget\" data-widget_type=\"spacer.default\">\n\t\t\t\t<div class=\"elementor-widget-container\">\n\t\t\t\t\t<div class=\"elementor-spacer\">\n\t\t\t<div class=\"elementor-spacer-inner\"><\/div>\n\t\t<\/div>\n\t\t\t\t<\/div>\n\t\t\t\t<\/div>\n\t\t\t\t<div class=\"elementor-element elementor-element-bcc568c carousel_controls_2 elementor-widget elementor-widget-ce-posts-carousel\" data-id=\"bcc568c\" data-element_type=\"widget\" data-widget_type=\"ce-posts-carousel.default\">\n\t\t\t\t<div class=\"elementor-widget-container\">\n\t\t\t\t\t\t\t\t<div class=\"ce-carousel-head\">\r\n                <div class=\"ce-posts-carousel-controls\">\r\n                    <a href=\"#\" class=\"ce-prev\"><i class=\"feather feather-arrow-left\"><\/i><\/a>\r\n                    <a href=\"#\" class=\"ce-next\"><i class=\"feather feather-arrow-right\"><\/i><\/a>\r\n                <\/div>            \t\r\n\t\t\t<\/div>\r\n\t\t\t\t<div class=\"ce-posts-carousel ce-post-style-birk\" data-columns=\"4\" data-autoplay=\"0\" data-slide-by=\"1\" data-loop=\"0\" data-gutter=\"25\" data-center=\"0\" data-mouse-drag=\"1\" data-edge-padding-side=\"0\" data-carousel-controls=\"1\" data-edge-padding=\"\">\r\n\r\n            \t\t\t\t\t\t                        \n<article id=\"ce-post-item-11309\" class=\"ce-post-item\" data-delay=\"0\" >\n    <div class=\"grid-holder\"> \n        <div class=\"grid-holder-inner\">  \n            <div class=\"media-wrapper\">\n            \n                                \n                <div class=\"entry-media\">\n                \n                    <div class=\"post-thumbnail\">\n                        \n                        <img loading=\"lazy\" decoding=\"async\" width=\"270\" height=\"180\" src=\"https:\/\/sofiabernasconi.com\/wp-content\/uploads\/elementor\/thumbs\/WhatsApp-Image-2025-06-24-at-10.06.32-e1751238693816-r81k9f8fap55l4mx03sjkt4pdtsidk8nwwa8ancolk.jpeg\" class=\"attachment-270x180x1x1 size-270x180x1x1 wp-post-image\" alt=\"\" \/>\n                        <a href=\"https:\/\/sofiabernasconi.com\/en\/artista-visual-penquista-presenta-hibrida-en-balmaceda-arte-joven\/\" class=\"image-link\"><\/a>\n                    \n                    <\/div><!-- .post-thumbnail --> \n\n                <\/div><!-- .entry-media --> \n\n                <a href=\"https:\/\/sofiabernasconi.com\/en\/category\/uncategorized\/\" class=\"category-colored\" >Uncategorized<\/a>\n            <\/div>\n            \n            <div class=\"entry-wrapper\">\n\n                <div class=\"entry-wrapper-content\">\n            \n                        <header class=\"entry-header\">\n \n                            <div class=\"entry-meta\">\n\n                                <div class=\"entry-meta-single entry-meta-author\">\n         \n                                    <i class=\"feather feather-user\"><\/i>Sofia Bernasconi Le Roy            \n                                <\/div><!-- .entry-meta-single -->\n\n                                <div class=\"entry-meta-single entry-meta-date\">\n                                    <i class=\"feather feather-clock\"><\/i>Jun 29, 2025                                <\/div><!-- .entry-meta-single -->\n                            <\/div><!-- .entry-meta -->\n\n                            <h2 class=\"entry-title\"><a href=\"https:\/\/sofiabernasconi.com\/en\/artista-visual-penquista-presenta-hibrida-en-balmaceda-arte-joven\/\" rel=\"bookmark\">Artista visual penquista presenta &#8220;H\u00edbrida&#8221; en Balmaceda Arte Joven &#8211; La Estrella<\/a><\/h2>\n                        <\/header><!-- .entry-header -->\n\n                    <div class=\"entry-content\">\n                                            <\/div>\n\n                    <div class=\"entry-footer\">\n                                            <\/div>\n                    \n                    \n                <\/div><!-- .entry-wrapper-content -->\n\n            <\/div><!-- .entry-wrapper -->\n        <\/div>\n    <\/div>\n<\/article><!-- #post-## -->\n                    \t\t\t\t\t\t                        \n<article id=\"ce-post-item-11306\" class=\"ce-post-item\" data-delay=\"0\" >\n    <div class=\"grid-holder\"> \n        <div class=\"grid-holder-inner\">  \n            <div class=\"media-wrapper\">\n            \n                                \n                <div class=\"entry-media\">\n                \n                    <div class=\"post-thumbnail\">\n                        \n                        <img loading=\"lazy\" decoding=\"async\" width=\"270\" height=\"180\" src=\"https:\/\/sofiabernasconi.com\/wp-content\/uploads\/elementor\/thumbs\/WhatsApp-Image-2025-06-23-at-13.46.39-r81k2edu89j0u0u70khwg2xpl6eruzcva4sm77rl3c.jpeg\" class=\"attachment-270x180x1x1 size-270x180x1x1 wp-post-image\" alt=\"\" \/>\n                        <a href=\"https:\/\/sofiabernasconi.com\/en\/una-muestra-interactiva-que-mezcla-cuerpo-paisaje-y-maquina-diario-concepcion\/\" class=\"image-link\"><\/a>\n                    \n                    <\/div><!-- .post-thumbnail --> \n\n                <\/div><!-- .entry-media --> \n\n                <a href=\"https:\/\/sofiabernasconi.com\/en\/category\/uncategorized\/\" class=\"category-colored\" >Uncategorized<\/a>\n            <\/div>\n            \n            <div class=\"entry-wrapper\">\n\n                <div class=\"entry-wrapper-content\">\n            \n                        <header class=\"entry-header\">\n \n                            <div class=\"entry-meta\">\n\n                                <div class=\"entry-meta-single entry-meta-author\">\n         \n                                    <i class=\"feather feather-user\"><\/i>Sofia Bernasconi Le Roy            \n                                <\/div><!-- .entry-meta-single -->\n\n                                <div class=\"entry-meta-single entry-meta-date\">\n                                    <i class=\"feather feather-clock\"><\/i>Jun 29, 2025                                <\/div><!-- .entry-meta-single -->\n                            <\/div><!-- .entry-meta -->\n\n                            <h2 class=\"entry-title\"><a href=\"https:\/\/sofiabernasconi.com\/en\/una-muestra-interactiva-que-mezcla-cuerpo-paisaje-y-maquina-diario-concepcion\/\" rel=\"bookmark\">Una muestra interactiva que mezcla cuerpo, paisaje y m\u00e1quina. &#8211; Diario Concepci\u00f3n<\/a><\/h2>\n                        <\/header><!-- .entry-header -->\n\n                    <div class=\"entry-content\">\n                                            <\/div>\n\n                    <div class=\"entry-footer\">\n                                            <\/div>\n                    \n                    \n                <\/div><!-- .entry-wrapper-content -->\n\n            <\/div><!-- .entry-wrapper -->\n        <\/div>\n    <\/div>\n<\/article><!-- #post-## -->\n                    \t\t\t\t\t\t                        \n<article id=\"ce-post-item-11296\" class=\"ce-post-item\" data-delay=\"0\" >\n    <div class=\"grid-holder\"> \n        <div class=\"grid-holder-inner\">  \n            <div class=\"media-wrapper\">\n            \n                                \n                <div class=\"entry-media\">\n                \n                    <div class=\"post-thumbnail\">\n                        \n                        <img loading=\"lazy\" decoding=\"async\" width=\"270\" height=\"180\" src=\"https:\/\/sofiabernasconi.com\/wp-content\/uploads\/elementor\/thumbs\/imagen-wp-2025-06-25t10263051750861595-960x540-1-r81jr59eeo4fu36nq7dp3f61k3vkpfok2fmccyg9l4.jpg\" class=\"attachment-270x180x1x1 size-270x180x1x1 wp-post-image\" alt=\"\" \/>\n                        <a href=\"https:\/\/sofiabernasconi.com\/en\/hibrida-una-experiencia-inmersiva-unica-en-concepcion-que-mezcla-cuerpo-paisaje-y-tecnologia\/\" class=\"image-link\"><\/a>\n                    \n                    <\/div><!-- .post-thumbnail --> \n\n                <\/div><!-- .entry-media --> \n\n                <a href=\"https:\/\/sofiabernasconi.com\/en\/category\/uncategorized\/\" class=\"category-colored\" >Uncategorized<\/a>\n            <\/div>\n            \n            <div class=\"entry-wrapper\">\n\n                <div class=\"entry-wrapper-content\">\n            \n                        <header class=\"entry-header\">\n \n                            <div class=\"entry-meta\">\n\n                                <div class=\"entry-meta-single entry-meta-author\">\n         \n                                    <i class=\"feather feather-user\"><\/i>Sofia Bernasconi Le Roy            \n                                <\/div><!-- .entry-meta-single -->\n\n                                <div class=\"entry-meta-single entry-meta-date\">\n                                    <i class=\"feather feather-clock\"><\/i>Jun 29, 2025                                <\/div><!-- .entry-meta-single -->\n                            <\/div><!-- .entry-meta -->\n\n                            <h2 class=\"entry-title\"><a href=\"https:\/\/sofiabernasconi.com\/en\/hibrida-una-experiencia-inmersiva-unica-en-concepcion-que-mezcla-cuerpo-paisaje-y-tecnologia\/\" rel=\"bookmark\">&#8220;H\u00cdBRIDA&#8221;: una experiencia inmersiva \u00fanica en Concepci\u00f3n que mezcla cuerpo, paisaje y tecnolog\u00eda &#8211; SABES.CL<\/a><\/h2>\n                        <\/header><!-- .entry-header -->\n\n                    <div class=\"entry-content\">\n                                            <\/div>\n\n                    <div class=\"entry-footer\">\n                                            <\/div>\n                    \n                    \n                <\/div><!-- .entry-wrapper-content -->\n\n            <\/div><!-- .entry-wrapper -->\n        <\/div>\n    <\/div>\n<\/article><!-- #post-## -->\n                    \t\t\t\t\t\t                        \n<article id=\"ce-post-item-11287\" class=\"ce-post-item\" data-delay=\"0\" >\n    <div class=\"grid-holder\"> \n        <div class=\"grid-holder-inner\">  \n            <div class=\"media-wrapper\">\n            \n                                \n                <div class=\"entry-media\">\n                \n                    <div class=\"post-thumbnail\">\n                        \n                        <img loading=\"lazy\" decoding=\"async\" width=\"270\" height=\"180\" src=\"https:\/\/sofiabernasconi.com\/wp-content\/uploads\/elementor\/thumbs\/Captura-de-pantalla-2025-06-29-a-las-6.42.41\u202fp.m-r81j136gy0g9z919vxw0yzw0pkb9bi8ftgjret362w.png\" class=\"attachment-270x180x1x1 size-270x180x1x1 wp-post-image\" alt=\"\" \/>\n                        <a href=\"https:\/\/sofiabernasconi.com\/en\/hacen-falta-mas-espacios-para-este-tipo-de-arte-sofia-bernasconi-por-exposicion-de-hibrida\/\" class=\"image-link\"><\/a>\n                    \n                    <\/div><!-- .post-thumbnail --> \n\n                <\/div><!-- .entry-media --> \n\n                <a href=\"https:\/\/sofiabernasconi.com\/en\/category\/uncategorized\/\" class=\"category-colored\" >Uncategorized<\/a>\n            <\/div>\n            \n            <div class=\"entry-wrapper\">\n\n                <div class=\"entry-wrapper-content\">\n            \n                        <header class=\"entry-header\">\n \n                            <div class=\"entry-meta\">\n\n                                <div class=\"entry-meta-single entry-meta-author\">\n         \n                                    <i class=\"feather feather-user\"><\/i>Sofia Bernasconi Le Roy            \n                                <\/div><!-- .entry-meta-single -->\n\n                                <div class=\"entry-meta-single entry-meta-date\">\n                                    <i class=\"feather feather-clock\"><\/i>Jun 29, 2025                                <\/div><!-- .entry-meta-single -->\n                            <\/div><!-- .entry-meta -->\n\n                            <h2 class=\"entry-title\"><a href=\"https:\/\/sofiabernasconi.com\/en\/hacen-falta-mas-espacios-para-este-tipo-de-arte-sofia-bernasconi-por-exposicion-de-hibrida\/\" rel=\"bookmark\">\u201cHacen falta m\u00e1s espacios para este tipo de arte\u201d: Sof\u00eda Bernasconi por exposici\u00f3n de &#8220;H\u00edbrida&#8221; &#8211; TVU<\/a><\/h2>\n                        <\/header><!-- .entry-header -->\n\n                    <div class=\"entry-content\">\n                                            <\/div>\n\n                    <div class=\"entry-footer\">\n                                            <\/div>\n                    \n                    \n                <\/div><!-- .entry-wrapper-content -->\n\n            <\/div><!-- .entry-wrapper -->\n        <\/div>\n    <\/div>\n<\/article><!-- #post-## -->\n                    \t\t\t\t\t\t                        \n<article id=\"ce-post-item-11282\" class=\"ce-post-item\" data-delay=\"0\" >\n    <div class=\"grid-holder\"> \n        <div class=\"grid-holder-inner\">  \n            <div class=\"media-wrapper\">\n            \n                                \n                <div class=\"entry-media\">\n                \n                    <div class=\"post-thumbnail\">\n                        \n                        <img loading=\"lazy\" decoding=\"async\" width=\"270\" height=\"180\" src=\"https:\/\/sofiabernasconi.com\/wp-content\/uploads\/elementor\/thumbs\/21_06_25_pag_20-1440-0f4edc-1-scaled-r81hv4ntv90hpvzdwayk632a3d4epwnsds6h75atu0.jpg\" class=\"attachment-270x180x1x1 size-270x180x1x1 wp-post-image\" alt=\"\" \/>\n                        <a href=\"https:\/\/sofiabernasconi.com\/en\/sofia-bernasconi-llega-a-baj-biobio-con-su-videoinstalacion-performatica\/\" class=\"image-link\"><\/a>\n                    \n                    <\/div><!-- .post-thumbnail --> \n\n                <\/div><!-- .entry-media --> \n\n                <a href=\"https:\/\/sofiabernasconi.com\/en\/category\/cultura\/\" class=\"category-colored\" >CULTURA<\/a>\n            <\/div>\n            \n            <div class=\"entry-wrapper\">\n\n                <div class=\"entry-wrapper-content\">\n            \n                        <header class=\"entry-header\">\n \n                            <div class=\"entry-meta\">\n\n                                <div class=\"entry-meta-single entry-meta-author\">\n         \n                                    <i class=\"feather feather-user\"><\/i>Sofia Bernasconi Le Roy            \n                                <\/div><!-- .entry-meta-single -->\n\n                                <div class=\"entry-meta-single entry-meta-date\">\n                                    <i class=\"feather feather-clock\"><\/i>Jun 29, 2025                                <\/div><!-- .entry-meta-single -->\n                            <\/div><!-- .entry-meta -->\n\n                            <h2 class=\"entry-title\"><a href=\"https:\/\/sofiabernasconi.com\/en\/sofia-bernasconi-llega-a-baj-biobio-con-su-videoinstalacion-performatica\/\" rel=\"bookmark\">Sof\u00eda Bernasconi llega a BAJ Biob\u00edo con su videoinstalaci\u00f3n perform\u00e1tica &#8211; Diario El Sur<\/a><\/h2>\n                        <\/header><!-- .entry-header -->\n\n                    <div class=\"entry-content\">\n                                            <\/div>\n\n                    <div class=\"entry-footer\">\n                                            <\/div>\n                    \n                    \n                <\/div><!-- .entry-wrapper-content -->\n\n            <\/div><!-- .entry-wrapper -->\n        <\/div>\n    <\/div>\n<\/article><!-- #post-## -->\n                    \t\t\t\t\t\t                        \n<article id=\"ce-post-item-8279\" class=\"ce-post-item\" data-delay=\"0\" >\n    <div class=\"grid-holder\"> \n        <div class=\"grid-holder-inner\">  \n            <div class=\"media-wrapper\">\n            \n                                \n                <div class=\"entry-media\">\n                \n                    <div class=\"post-thumbnail\">\n                        \n                        <img loading=\"lazy\" decoding=\"async\" width=\"270\" height=\"180\" src=\"https:\/\/sofiabernasconi.com\/wp-content\/uploads\/elementor\/thumbs\/Diario-04-06-2024-17-1-1_page-0001-1-qq4zyawnw8yj66k16rbfz9i6seungtbg8xmi8eprpk.jpg\" class=\"attachment-270x180x1x1 size-270x180x1x1 wp-post-image\" alt=\"\" \/>\n                        <a href=\"https:\/\/sofiabernasconi.com\/en\/una-muestra-que-une-la-corporalidad-con-nuevos-lenguajes-exposicion-desbordes-de-sofia-bernasconi\/\" class=\"image-link\"><\/a>\n                    \n                    <\/div><!-- .post-thumbnail --> \n\n                <\/div><!-- .entry-media --> \n\n                <a href=\"https:\/\/sofiabernasconi.com\/en\/category\/desbordes\/\" class=\"category-colored\" >Desbordes<\/a>\n            <\/div>\n            \n            <div class=\"entry-wrapper\">\n\n                <div class=\"entry-wrapper-content\">\n            \n                        <header class=\"entry-header\">\n \n                            <div class=\"entry-meta\">\n\n                                <div class=\"entry-meta-single entry-meta-author\">\n         \n                                    <i class=\"feather feather-user\"><\/i>Sofia Bernasconi Le Roy            \n                                <\/div><!-- .entry-meta-single -->\n\n                                <div class=\"entry-meta-single entry-meta-date\">\n                                    <i class=\"feather feather-clock\"><\/i>Jun 24, 2024                                <\/div><!-- .entry-meta-single -->\n                            <\/div><!-- .entry-meta -->\n\n                            <h2 class=\"entry-title\"><a href=\"https:\/\/sofiabernasconi.com\/en\/una-muestra-que-une-la-corporalidad-con-nuevos-lenguajes-exposicion-desbordes-de-sofia-bernasconi\/\" rel=\"bookmark\">Una muestra que une la corporalidad con nuevos lenguajes.    Exposici\u00f3n &#8220;Desbordes&#8221; de Sof\u00eda Bernasconi. (2024) &#8211; Diario Concepci\u00f3n<\/a><\/h2>\n                        <\/header><!-- .entry-header -->\n\n                    <div class=\"entry-content\">\n                                            <\/div>\n\n                    <div class=\"entry-footer\">\n                                            <\/div>\n                    \n                    \n                <\/div><!-- .entry-wrapper-content -->\n\n            <\/div><!-- .entry-wrapper -->\n        <\/div>\n    <\/div>\n<\/article><!-- #post-## -->\n                    \t\t\t\t\t\t                        \n<article id=\"ce-post-item-11293\" class=\"ce-post-item\" data-delay=\"0\" >\n    <div class=\"grid-holder\"> \n        <div class=\"grid-holder-inner\">  \n            <div class=\"media-wrapper\">\n            \n                                \n                <div class=\"entry-media\">\n                \n                    <div class=\"post-thumbnail\">\n                        \n                        <img loading=\"lazy\" decoding=\"async\" width=\"270\" height=\"180\" src=\"https:\/\/sofiabernasconi.com\/wp-content\/uploads\/elementor\/thumbs\/obra-desbordes-850x500-1-r81jkqyxw9d6tmh62xu3mja40penblabirsds5xpxk.jpg\" class=\"attachment-270x180x1x1 size-270x180x1x1 wp-post-image\" alt=\"\" \/>\n                        <a href=\"https:\/\/sofiabernasconi.com\/en\/una-muestra-que-une-la-corporalidad-con-nuevos-lenguajes\/\" class=\"image-link\"><\/a>\n                    \n                    <\/div><!-- .post-thumbnail --> \n\n                <\/div><!-- .entry-media --> \n\n                <a href=\"https:\/\/sofiabernasconi.com\/en\/category\/uncategorized\/\" class=\"category-colored\" >Uncategorized<\/a>\n            <\/div>\n            \n            <div class=\"entry-wrapper\">\n\n                <div class=\"entry-wrapper-content\">\n            \n                        <header class=\"entry-header\">\n \n                            <div class=\"entry-meta\">\n\n                                <div class=\"entry-meta-single entry-meta-author\">\n         \n                                    <i class=\"feather feather-user\"><\/i>Sofia Bernasconi Le Roy            \n                                <\/div><!-- .entry-meta-single -->\n\n                                <div class=\"entry-meta-single entry-meta-date\">\n                                    <i class=\"feather feather-clock\"><\/i>Jun 4, 2024                                <\/div><!-- .entry-meta-single -->\n                            <\/div><!-- .entry-meta -->\n\n                            <h2 class=\"entry-title\"><a href=\"https:\/\/sofiabernasconi.com\/en\/una-muestra-que-une-la-corporalidad-con-nuevos-lenguajes\/\" rel=\"bookmark\">Una muestra que une la corporalidad con nuevos lenguajes<\/a><\/h2>\n                        <\/header><!-- .entry-header -->\n\n                    <div class=\"entry-content\">\n                                            <\/div>\n\n                    <div class=\"entry-footer\">\n                                            <\/div>\n                    \n                    \n                <\/div><!-- .entry-wrapper-content -->\n\n            <\/div><!-- .entry-wrapper -->\n        <\/div>\n    <\/div>\n<\/article><!-- #post-## -->\n                    \t\t\t\t\t\t                        \n<article id=\"ce-post-item-7998\" class=\"ce-post-item\" data-delay=\"0\" >\n    <div class=\"grid-holder\"> \n        <div class=\"grid-holder-inner\">  \n            <div class=\"media-wrapper\">\n            \n                                \n                <div class=\"entry-media\">\n                \n                    <div class=\"post-thumbnail\">\n                        \n                        <img loading=\"lazy\" decoding=\"async\" width=\"270\" height=\"180\" src=\"https:\/\/sofiabernasconi.com\/wp-content\/uploads\/elementor\/thumbs\/IMG3-qg42cc6mdn53xoj18m94ldv9mpgsuazeikj3x1wkug.png\" class=\"attachment-270x180x1x1 size-270x180x1x1 wp-post-image\" alt=\"\" \/>\n                        <a href=\"https:\/\/sofiabernasconi.com\/en\/como-parte-de-la-seleccion-final-del-premio-mavi-uc-en-santiago-video-instalacion-invita-a-explorar-los-limites-de-sofia-bernasconi-2023\/\" class=\"image-link\"><\/a>\n                    \n                    <\/div><!-- .post-thumbnail --> \n\n                <\/div><!-- .entry-media --> \n\n                <a href=\"https:\/\/sofiabernasconi.com\/en\/category\/cultura\/\" class=\"category-colored\" >CULTURA<\/a>\n            <\/div>\n            \n            <div class=\"entry-wrapper\">\n\n                <div class=\"entry-wrapper-content\">\n            \n                        <header class=\"entry-header\">\n \n                            <div class=\"entry-meta\">\n\n                                <div class=\"entry-meta-single entry-meta-author\">\n         \n                                    <i class=\"feather feather-user\"><\/i>Sofia Bernasconi Le Roy            \n                                <\/div><!-- .entry-meta-single -->\n\n                                <div class=\"entry-meta-single entry-meta-date\">\n                                    <i class=\"feather feather-clock\"><\/i>Nov 30, 2023                                <\/div><!-- .entry-meta-single -->\n                            <\/div><!-- .entry-meta -->\n\n                            <h2 class=\"entry-title\"><a href=\"https:\/\/sofiabernasconi.com\/en\/como-parte-de-la-seleccion-final-del-premio-mavi-uc-en-santiago-video-instalacion-invita-a-explorar-los-limites-de-sofia-bernasconi-2023\/\" rel=\"bookmark\">As part of the final selection for the Mavi UC Award in Santiago, this video installation invites you to explore the limits of Sof\u00eda Bernasconi (2023).<\/a><\/h2>\n                        <\/header><!-- .entry-header -->\n\n                    <div class=\"entry-content\">\n                                            <\/div>\n\n                    <div class=\"entry-footer\">\n                                            <\/div>\n                    \n                    \n                <\/div><!-- .entry-wrapper-content -->\n\n            <\/div><!-- .entry-wrapper -->\n        <\/div>\n    <\/div>\n<\/article><!-- #post-## -->\n                    \t\t\t\t\t\t                        \n<article id=\"ce-post-item-7993\" class=\"ce-post-item\" data-delay=\"0\" >\n    <div class=\"grid-holder\"> \n        <div class=\"grid-holder-inner\">  \n            <div class=\"media-wrapper\">\n            \n                                \n                <div class=\"entry-media\">\n                \n                    <div class=\"post-thumbnail\">\n                        \n                        <img loading=\"lazy\" decoding=\"async\" width=\"270\" height=\"180\" src=\"https:\/\/sofiabernasconi.com\/wp-content\/uploads\/elementor\/thumbs\/img2-qg42a8zj6wa64vk9fpqz1wue3vrfqiovk8c9ix02o8.png\" class=\"attachment-270x180x1x1 size-270x180x1x1 wp-post-image\" alt=\"\" \/>\n                        <a href=\"https:\/\/sofiabernasconi.com\/en\/la-artista-penquista-sofia-bernasconi-es-una-de-las-46-finalistas-del-xvi-premio-mavi-uc-arte-joven-2023\/\" class=\"image-link\"><\/a>\n                    \n                    <\/div><!-- .post-thumbnail --> \n\n                <\/div><!-- .entry-media --> \n\n                <a href=\"https:\/\/sofiabernasconi.com\/en\/category\/cultura\/\" class=\"category-colored\" >CULTURA<\/a>\n            <\/div>\n            \n            <div class=\"entry-wrapper\">\n\n                <div class=\"entry-wrapper-content\">\n            \n                        <header class=\"entry-header\">\n \n                            <div class=\"entry-meta\">\n\n                                <div class=\"entry-meta-single entry-meta-author\">\n         \n                                    <i class=\"feather feather-user\"><\/i>Sofia Bernasconi Le Roy            \n                                <\/div><!-- .entry-meta-single -->\n\n                                <div class=\"entry-meta-single entry-meta-date\">\n                                    <i class=\"feather feather-clock\"><\/i>Nov 30, 2023                                <\/div><!-- .entry-meta-single -->\n                            <\/div><!-- .entry-meta -->\n\n                            <h2 class=\"entry-title\"><a href=\"https:\/\/sofiabernasconi.com\/en\/la-artista-penquista-sofia-bernasconi-es-una-de-las-46-finalistas-del-xvi-premio-mavi-uc-arte-joven-2023\/\" rel=\"bookmark\">The artist from Concepci\u00f3n, Sof\u00eda Bernasconi, is one of the 46 finalists in the XVI MAVI UC Young Art Award (2023).<\/a><\/h2>\n                        <\/header><!-- .entry-header -->\n\n                    <div class=\"entry-content\">\n                                            <\/div>\n\n                    <div class=\"entry-footer\">\n                                            <\/div>\n                    \n                    \n                <\/div><!-- .entry-wrapper-content -->\n\n            <\/div><!-- .entry-wrapper -->\n        <\/div>\n    <\/div>\n<\/article><!-- #post-## -->\n                                    \t\t\t\t\t\t\t\t\r\n\r\n\t\t\t\t\r\n\t\t\t\r\n\t\t<\/div>\t\t\r\n\t\t\t\t<\/div>\n\t\t\t\t<\/div>\n\t\t\t\t\t<\/div>\n\t\t<\/div>\n\t\t\t\t\t\t\t<\/div>\n\t\t<\/section>\n\t\t\t\t\t\t\t<\/div>","protected":false},"excerpt":{"rendered":"<p>CULTURA \u201cY el Cuerpo se Convirti\u00f3 en Control Remoto\u201d se presentar\u00e1 esta semana a trav\u00e9s del Canal YouTube (2021) Sofia Bernasconi Le Roy Jul 31, 2023 CULTURA \u201cY [&hellip;]<\/p>","protected":false},"author":1,"featured_media":0,"parent":0,"menu_order":0,"comment_status":"closed","ping_status":"closed","template":"","meta":{"footnotes":""},"class_list":["post-2421","page","type-page","status-publish","hentry"],"_links":{"self":[{"href":"https:\/\/sofiabernasconi.com\/en\/wp-json\/wp\/v2\/pages\/2421","targetHints":{"allow":["GET"]}}],"collection":[{"href":"https:\/\/sofiabernasconi.com\/en\/wp-json\/wp\/v2\/pages"}],"about":[{"href":"https:\/\/sofiabernasconi.com\/en\/wp-json\/wp\/v2\/types\/page"}],"author":[{"embeddable":true,"href":"https:\/\/sofiabernasconi.com\/en\/wp-json\/wp\/v2\/users\/1"}],"replies":[{"embeddable":true,"href":"https:\/\/sofiabernasconi.com\/en\/wp-json\/wp\/v2\/comments?post=2421"}],"version-history":[{"count":4,"href":"https:\/\/sofiabernasconi.com\/en\/wp-json\/wp\/v2\/pages\/2421\/revisions"}],"predecessor-version":[{"id":7645,"href":"https:\/\/sofiabernasconi.com\/en\/wp-json\/wp\/v2\/pages\/2421\/revisions\/7645"}],"wp:attachment":[{"href":"https:\/\/sofiabernasconi.com\/en\/wp-json\/wp\/v2\/media?parent=2421"}],"curies":[{"name":"wp","href":"https:\/\/api.w.org\/{rel}","templated":true}]}}