{"id":2401,"date":"2020-08-07T07:11:18","date_gmt":"2020-08-07T07:11:18","guid":{"rendered":"https:\/\/remake.codeless.co\/?page_id=2401"},"modified":"2023-08-24T02:23:02","modified_gmt":"2023-08-24T02:23:02","slug":"noticias","status":"publish","type":"page","link":"https:\/\/sofiabernasconi.com\/en\/noticias\/","title":{"rendered":"Press"},"content":{"rendered":"<div data-elementor-type=\"wp-page\" data-elementor-id=\"2401\" class=\"elementor elementor-2401\">\n\t\t\t\t\t\t\t\t\t<section class=\"elementor-section elementor-top-section elementor-element elementor-element-0a187ba elementor-section-boxed elementor-section-height-default elementor-section-height-default\" data-id=\"0a187ba\" data-element_type=\"section\" data-settings=\"{&quot;background_background&quot;:&quot;classic&quot;}\">\n\t\t\t\t\t\t\t<div class=\"elementor-background-overlay\"><\/div>\n\t\t\t\t\t\t\t<div class=\"elementor-container elementor-column-gap-default\">\n\t\t\t\t\t<div class=\"elementor-column elementor-col-100 elementor-top-column elementor-element elementor-element-560dec0\" data-id=\"560dec0\" data-element_type=\"column\">\n\t\t\t<div class=\"elementor-widget-wrap elementor-element-populated\">\n\t\t\t\t\t\t\t\t<div class=\"elementor-element elementor-element-08df3ca elementor-widget elementor-widget-page-title\" data-id=\"08df3ca\" data-element_type=\"widget\" data-widget_type=\"page-title.default\">\n\t\t\t\t<div class=\"elementor-widget-container\">\n\t\t\t\t\t\n\t\t<div class=\"ce-page-title ce-page-title-wrapper elementor-widget-heading\">\n\t\t\t\t\t\t\t\t\t<a href=\"https:\/\/sofiabernasconi.com\/en\">\n\t\t\t\t\t\t<h2 class=\"elementor-heading-title elementor-size-default\">\n\t\t\t\t\t\t\t\t\n\t\t\t\t\t\t\t\t\t \t\t\t\t\n\t\t\t\tPress\n\t\t\t\t  \n\t\t\t<\/h2> \n\t\t\t<\/a>    \n\t\t<\/div>\n\t\t\t\t<\/div>\n\t\t\t\t<\/div>\n\t\t\t\t\t<\/div>\n\t\t<\/div>\n\t\t\t\t\t\t\t<\/div>\n\t\t<\/section>\n\t\t\t\t<section class=\"elementor-section elementor-top-section elementor-element elementor-element-baa66a8 elementor-section-stretched elementor-section-boxed elementor-section-height-default elementor-section-height-default\" data-id=\"baa66a8\" data-element_type=\"section\" data-settings=\"{&quot;stretch_section&quot;:&quot;section-stretched&quot;}\">\n\t\t\t\t\t\t<div class=\"elementor-container elementor-column-gap-default\">\n\t\t\t\t\t<div class=\"elementor-column elementor-col-100 elementor-top-column elementor-element elementor-element-35876ce\" data-id=\"35876ce\" data-element_type=\"column\">\n\t\t\t<div class=\"elementor-widget-wrap elementor-element-populated\">\n\t\t\t\t\t\t\t\t<div class=\"elementor-element elementor-element-5d01997 heading_small_border elementor-widget__width-initial elementor-widget-mobile__width-initial elementor-widget elementor-widget-heading\" data-id=\"5d01997\" data-element_type=\"widget\" data-widget_type=\"heading.default\">\n\t\t\t\t<div class=\"elementor-widget-container\">\n\t\t\t<style>\/*! elementor - v3.15.0 - 31-07-2023 *\/\n.elementor-heading-title{padding:0;margin:0;line-height:1}.elementor-widget-heading .elementor-heading-title[class*=elementor-size-]>a{color:inherit;font-size:inherit;line-height:inherit}.elementor-widget-heading .elementor-heading-title.elementor-size-small{font-size:15px}.elementor-widget-heading .elementor-heading-title.elementor-size-medium{font-size:19px}.elementor-widget-heading .elementor-heading-title.elementor-size-large{font-size:29px}.elementor-widget-heading .elementor-heading-title.elementor-size-xl{font-size:39px}.elementor-widget-heading .elementor-heading-title.elementor-size-xxl{font-size:59px}<\/style><h6 class=\"elementor-heading-title elementor-size-default\">noticias<\/h6>\t\t<\/div>\n\t\t\t\t<\/div>\n\t\t\t\t<div class=\"elementor-element elementor-element-4ed6d7d elementor-widget__width-initial elementor-widget-mobile__width-initial elementor-widget elementor-widget-ce-posts-grid\" data-id=\"4ed6d7d\" data-element_type=\"widget\" data-widget_type=\"ce-posts-grid.default\">\n\t\t\t\t<div class=\"elementor-widget-container\">\n\t\t\t\t\t<div class=\"ce-posts-grid ce-post-style-drake\" data-columns=\"1\" data-layout=\"fitRows\">\r\n\r\n\t\t\t\t\t\t\t\t\t                        \n<article id=\"ce-post-item-11309\"  class=\"ce-post-item ce-animation ce-animation--none ce-animation-manual post-11309 post type-post status-publish format-standard has-post-thumbnail hentry category-uncategorized\" data-delay=\"0\" >\n            <div class=\"media-wrapper\">\n            \n                                \n                <div class=\"entry-media\">\n                \n                    <div class=\"post-thumbnail\">\n                        \n                        <img loading=\"lazy\" decoding=\"async\" width=\"370\" height=\"245\" src=\"https:\/\/sofiabernasconi.com\/wp-content\/uploads\/elementor\/thumbs\/WhatsApp-Image-2025-06-24-at-10.06.32-e1751238693816-r81k9f8gijxe1bq5ee4cpefkabjo399gvyy5qijnyq.jpeg\" class=\"attachment-370x245x1x1 size-370x245x1x1 wp-post-image\" alt=\"\" \/>\n                        <a href=\"https:\/\/sofiabernasconi.com\/en\/artista-visual-penquista-presenta-hibrida-en-balmaceda-arte-joven\/\" class=\"image-link\"><\/a>\n                    \n                    <\/div><!-- .post-thumbnail --> \n\n                <\/div><!-- .entry-media --> \n\n                \n            <\/div>\n            \n            <div class=\"entry-wrapper\">\n\n                <div class=\"entry-wrapper-content\">\n                        <a href=\"https:\/\/sofiabernasconi.com\/en\/category\/uncategorized\/\" class=\"category-colored\" >Uncategorized<\/a>                        <header class=\"entry-header\">\n                            \n                            <h2 class=\"entry-title\"><a href=\"https:\/\/sofiabernasconi.com\/en\/artista-visual-penquista-presenta-hibrida-en-balmaceda-arte-joven\/\" rel=\"bookmark\">Artista visual penquista presenta &#8220;H\u00edbrida&#8221; en Balmaceda Arte Joven &#8211; La Estrella<\/a><\/h2>\n                            <div class=\"entry-meta\">\n\n                                <div class=\"entry-meta-single entry-meta-author\">\n                                <img alt='' src='https:\/\/secure.gravatar.com\/avatar\/a180b2790ac9ff0f2081e93df131e6a053b16d0bbf78d30e2c5477e96bb5d976?s=32&#038;d=mm&#038;r=g' class='avatar avatar-32 photo' height='32' width='32' \/><a href=\"https:\/\/sofiabernasconi.com\/en\/author\/admin_8ne25ds7\/\">Sofia Bernasconi Le Roy<\/a>                                <\/div><!-- .entry-meta-single -->\n\n                                <div class=\"entry-meta-single entry-meta-date\">\n                                    <i class=\"feather feather-clock\"><\/i>Jun 29, 2025                                <\/div><!-- .entry-meta-single -->\n                            <\/div><!-- .entry-meta -->\n\n                           \n\n                        <\/header><!-- .entry-header -->\n\n                    <div class=\"entry-content\">\n                                            <\/div>\n\n                    \n                    \n                <\/div><!-- .entry-wrapper-content -->\n\n            <\/div><!-- .entry-wrapper -->\n<\/article><!-- #post-## -->\n                    \t\t\t\t\t\t                        \n<article id=\"ce-post-item-11306\"  class=\"ce-post-item ce-animation ce-animation--none ce-animation-manual post-11306 post type-post status-publish format-standard has-post-thumbnail hentry category-uncategorized\" data-delay=\"0\" >\n            <div class=\"media-wrapper\">\n            \n                                \n                <div class=\"entry-media\">\n                \n                    <div class=\"post-thumbnail\">\n                        \n                        <img loading=\"lazy\" decoding=\"async\" width=\"370\" height=\"245\" src=\"https:\/\/sofiabernasconi.com\/wp-content\/uploads\/elementor\/thumbs\/WhatsApp-Image-2025-06-23-at-13.46.39-r81k2edvg4b9a7xfeutpko8kho5xkodo97gjn2ykgi.jpeg\" class=\"attachment-370x245x1x1 size-370x245x1x1 wp-post-image\" alt=\"\" \/>\n                        <a href=\"https:\/\/sofiabernasconi.com\/en\/una-muestra-interactiva-que-mezcla-cuerpo-paisaje-y-maquina-diario-concepcion\/\" class=\"image-link\"><\/a>\n                    \n                    <\/div><!-- .post-thumbnail --> \n\n                <\/div><!-- .entry-media --> \n\n                \n            <\/div>\n            \n            <div class=\"entry-wrapper\">\n\n                <div class=\"entry-wrapper-content\">\n                        <a href=\"https:\/\/sofiabernasconi.com\/en\/category\/uncategorized\/\" class=\"category-colored\" >Uncategorized<\/a>                        <header class=\"entry-header\">\n                            \n                            <h2 class=\"entry-title\"><a href=\"https:\/\/sofiabernasconi.com\/en\/una-muestra-interactiva-que-mezcla-cuerpo-paisaje-y-maquina-diario-concepcion\/\" rel=\"bookmark\">Una muestra interactiva que mezcla cuerpo, paisaje y m\u00e1quina. &#8211; Diario Concepci\u00f3n<\/a><\/h2>\n                            <div class=\"entry-meta\">\n\n                                <div class=\"entry-meta-single entry-meta-author\">\n                                <img alt='' src='https:\/\/secure.gravatar.com\/avatar\/a180b2790ac9ff0f2081e93df131e6a053b16d0bbf78d30e2c5477e96bb5d976?s=32&#038;d=mm&#038;r=g' class='avatar avatar-32 photo' height='32' width='32' \/><a href=\"https:\/\/sofiabernasconi.com\/en\/author\/admin_8ne25ds7\/\">Sofia Bernasconi Le Roy<\/a>                                <\/div><!-- .entry-meta-single -->\n\n                                <div class=\"entry-meta-single entry-meta-date\">\n                                    <i class=\"feather feather-clock\"><\/i>Jun 29, 2025                                <\/div><!-- .entry-meta-single -->\n                            <\/div><!-- .entry-meta -->\n\n                           \n\n                        <\/header><!-- .entry-header -->\n\n                    <div class=\"entry-content\">\n                                            <\/div>\n\n                    \n                    \n                <\/div><!-- .entry-wrapper-content -->\n\n            <\/div><!-- .entry-wrapper -->\n<\/article><!-- #post-## -->\n                    \t\t\t\t\t\t                        \n<article id=\"ce-post-item-11296\"  class=\"ce-post-item ce-animation ce-animation--none ce-animation-manual post-11296 post type-post status-publish format-standard has-post-thumbnail hentry category-uncategorized\" data-delay=\"0\" >\n            <div class=\"media-wrapper\">\n            \n                                \n                <div class=\"entry-media\">\n                \n                    <div class=\"post-thumbnail\">\n                        \n                        <img loading=\"lazy\" decoding=\"async\" width=\"370\" height=\"245\" src=\"https:\/\/sofiabernasconi.com\/wp-content\/uploads\/elementor\/thumbs\/imagen-wp-2025-06-25t10263051750861595-960x540-1-r81jr59fmiwoaa9w4hpi80gwglmqf4pd1ia9stn8ya.jpg\" class=\"attachment-370x245x1x1 size-370x245x1x1 wp-post-image\" alt=\"\" \/>\n                        <a href=\"https:\/\/sofiabernasconi.com\/en\/hibrida-una-experiencia-inmersiva-unica-en-concepcion-que-mezcla-cuerpo-paisaje-y-tecnologia\/\" class=\"image-link\"><\/a>\n                    \n                    <\/div><!-- .post-thumbnail --> \n\n                <\/div><!-- .entry-media --> \n\n                \n            <\/div>\n            \n            <div class=\"entry-wrapper\">\n\n                <div class=\"entry-wrapper-content\">\n                        <a href=\"https:\/\/sofiabernasconi.com\/en\/category\/uncategorized\/\" class=\"category-colored\" >Uncategorized<\/a>                        <header class=\"entry-header\">\n                            \n                            <h2 class=\"entry-title\"><a href=\"https:\/\/sofiabernasconi.com\/en\/hibrida-una-experiencia-inmersiva-unica-en-concepcion-que-mezcla-cuerpo-paisaje-y-tecnologia\/\" rel=\"bookmark\">&#8220;H\u00cdBRIDA&#8221;: una experiencia inmersiva \u00fanica en Concepci\u00f3n que mezcla cuerpo, paisaje y tecnolog\u00eda &#8211; SABES.CL<\/a><\/h2>\n                            <div class=\"entry-meta\">\n\n                                <div class=\"entry-meta-single entry-meta-author\">\n                                <img alt='' src='https:\/\/secure.gravatar.com\/avatar\/a180b2790ac9ff0f2081e93df131e6a053b16d0bbf78d30e2c5477e96bb5d976?s=32&#038;d=mm&#038;r=g' class='avatar avatar-32 photo' height='32' width='32' \/><a href=\"https:\/\/sofiabernasconi.com\/en\/author\/admin_8ne25ds7\/\">Sofia Bernasconi Le Roy<\/a>                                <\/div><!-- .entry-meta-single -->\n\n                                <div class=\"entry-meta-single entry-meta-date\">\n                                    <i class=\"feather feather-clock\"><\/i>Jun 29, 2025                                <\/div><!-- .entry-meta-single -->\n                            <\/div><!-- .entry-meta -->\n\n                           \n\n                        <\/header><!-- .entry-header -->\n\n                    <div class=\"entry-content\">\n                         [&hellip;]                    <\/div>\n\n                    \n                    \n                <\/div><!-- .entry-wrapper-content -->\n\n            <\/div><!-- .entry-wrapper -->\n<\/article><!-- #post-## -->\n                    \t\t\t\t\t\t                        \n<article id=\"ce-post-item-11287\"  class=\"ce-post-item ce-animation ce-animation--none ce-animation-manual post-11287 post type-post status-publish format-standard has-post-thumbnail hentry category-uncategorized\" data-delay=\"0\" >\n            <div class=\"media-wrapper\">\n            \n                                \n                <div class=\"entry-media\">\n                \n                    <div class=\"post-thumbnail\">\n                        \n                        <img loading=\"lazy\" decoding=\"async\" width=\"370\" height=\"245\" src=\"https:\/\/sofiabernasconi.com\/wp-content\/uploads\/elementor\/thumbs\/Captura-de-pantalla-2025-06-29-a-las-6.42.41\u202fp.m-r81j136i5v8ifg4ia87u3l6vm22f1798sj7ouoa5g2.png\" class=\"attachment-370x245x1x1 size-370x245x1x1 wp-post-image\" alt=\"\" \/>\n                        <a href=\"https:\/\/sofiabernasconi.com\/en\/hacen-falta-mas-espacios-para-este-tipo-de-arte-sofia-bernasconi-por-exposicion-de-hibrida\/\" class=\"image-link\"><\/a>\n                    \n                    <\/div><!-- .post-thumbnail --> \n\n                <\/div><!-- .entry-media --> \n\n                \n            <\/div>\n            \n            <div class=\"entry-wrapper\">\n\n                <div class=\"entry-wrapper-content\">\n                        <a href=\"https:\/\/sofiabernasconi.com\/en\/category\/uncategorized\/\" class=\"category-colored\" >Uncategorized<\/a>                        <header class=\"entry-header\">\n                            \n                            <h2 class=\"entry-title\"><a href=\"https:\/\/sofiabernasconi.com\/en\/hacen-falta-mas-espacios-para-este-tipo-de-arte-sofia-bernasconi-por-exposicion-de-hibrida\/\" rel=\"bookmark\">\u201cHacen falta m\u00e1s espacios para este tipo de arte\u201d: Sof\u00eda Bernasconi por exposici\u00f3n de &#8220;H\u00edbrida&#8221; &#8211; TVU<\/a><\/h2>\n                            <div class=\"entry-meta\">\n\n                                <div class=\"entry-meta-single entry-meta-author\">\n                                <img alt='' src='https:\/\/secure.gravatar.com\/avatar\/a180b2790ac9ff0f2081e93df131e6a053b16d0bbf78d30e2c5477e96bb5d976?s=32&#038;d=mm&#038;r=g' class='avatar avatar-32 photo' height='32' width='32' \/><a href=\"https:\/\/sofiabernasconi.com\/en\/author\/admin_8ne25ds7\/\">Sofia Bernasconi Le Roy<\/a>                                <\/div><!-- .entry-meta-single -->\n\n                                <div class=\"entry-meta-single entry-meta-date\">\n                                    <i class=\"feather feather-clock\"><\/i>Jun 29, 2025                                <\/div><!-- .entry-meta-single -->\n                            <\/div><!-- .entry-meta -->\n\n                           \n\n                        <\/header><!-- .entry-header -->\n\n                    <div class=\"entry-content\">\n                                            <\/div>\n\n                    \n                    \n                <\/div><!-- .entry-wrapper-content -->\n\n            <\/div><!-- .entry-wrapper -->\n<\/article><!-- #post-## -->\n                    \t\t\t\t\t\t                        \n<article id=\"ce-post-item-11282\"  class=\"ce-post-item ce-animation ce-animation--none ce-animation-manual post-11282 post type-post status-publish format-standard has-post-thumbnail hentry category-cultura\" data-delay=\"0\" >\n            <div class=\"media-wrapper\">\n            \n                                \n                <div class=\"entry-media\">\n                \n                    <div class=\"post-thumbnail\">\n                        \n                        <img loading=\"lazy\" decoding=\"async\" width=\"370\" height=\"245\" src=\"https:\/\/sofiabernasconi.com\/wp-content\/uploads\/elementor\/thumbs\/21_06_25_pag_20-1440-0f4edc-1-scaled-r81hv4nv33sq632maladaod4zuvkflolcuuen0ht76.jpg\" class=\"attachment-370x245x1x1 size-370x245x1x1 wp-post-image\" alt=\"\" \/>\n                        <a href=\"https:\/\/sofiabernasconi.com\/en\/sofia-bernasconi-llega-a-baj-biobio-con-su-videoinstalacion-performatica\/\" class=\"image-link\"><\/a>\n                    \n                    <\/div><!-- .post-thumbnail --> \n\n                <\/div><!-- .entry-media --> \n\n                \n            <\/div>\n            \n            <div class=\"entry-wrapper\">\n\n                <div class=\"entry-wrapper-content\">\n                        <a href=\"https:\/\/sofiabernasconi.com\/en\/category\/cultura\/\" class=\"category-colored\" >CULTURA<\/a>                        <header class=\"entry-header\">\n                            \n                            <h2 class=\"entry-title\"><a href=\"https:\/\/sofiabernasconi.com\/en\/sofia-bernasconi-llega-a-baj-biobio-con-su-videoinstalacion-performatica\/\" rel=\"bookmark\">Sof\u00eda Bernasconi llega a BAJ Biob\u00edo con su videoinstalaci\u00f3n perform\u00e1tica &#8211; Diario El Sur<\/a><\/h2>\n                            <div class=\"entry-meta\">\n\n                                <div class=\"entry-meta-single entry-meta-author\">\n                                <img alt='' src='https:\/\/secure.gravatar.com\/avatar\/a180b2790ac9ff0f2081e93df131e6a053b16d0bbf78d30e2c5477e96bb5d976?s=32&#038;d=mm&#038;r=g' class='avatar avatar-32 photo' height='32' width='32' \/><a href=\"https:\/\/sofiabernasconi.com\/en\/author\/admin_8ne25ds7\/\">Sofia Bernasconi Le Roy<\/a>                                <\/div><!-- .entry-meta-single -->\n\n                                <div class=\"entry-meta-single entry-meta-date\">\n                                    <i class=\"feather feather-clock\"><\/i>Jun 29, 2025                                <\/div><!-- .entry-meta-single -->\n                            <\/div><!-- .entry-meta -->\n\n                           \n\n                        <\/header><!-- .entry-header -->\n\n                    <div class=\"entry-content\">\n                         [&hellip;]                    <\/div>\n\n                    \n                    \n                <\/div><!-- .entry-wrapper-content -->\n\n            <\/div><!-- .entry-wrapper -->\n<\/article><!-- #post-## -->\n                    \t\t\t\t\t\t                        \n<article id=\"ce-post-item-8279\"  class=\"ce-post-item ce-animation ce-animation--none ce-animation-manual post-8279 post type-post status-publish format-standard has-post-thumbnail hentry category-desbordes tag-artes tag-artes-mediales tag-concepcion tag-cuerpo tag-exposicion tag-nuevos-medios tag-punto-de-cultura tag-videoarte\" data-delay=\"0\" >\n            <div class=\"media-wrapper\">\n            \n                                \n                <div class=\"entry-media\">\n                \n                    <div class=\"post-thumbnail\">\n                        \n                        <img loading=\"lazy\" decoding=\"async\" width=\"370\" height=\"245\" src=\"https:\/\/sofiabernasconi.com\/wp-content\/uploads\/elementor\/thumbs\/Diario-04-06-2024-17-1-1_page-0001-1-qq4zyawp43qrmdn9l1n93ut1owlt6ic980afo9wr2q.jpg\" class=\"attachment-370x245x1x1 size-370x245x1x1 wp-post-image\" alt=\"\" \/>\n                        <a href=\"https:\/\/sofiabernasconi.com\/en\/una-muestra-que-une-la-corporalidad-con-nuevos-lenguajes-exposicion-desbordes-de-sofia-bernasconi\/\" class=\"image-link\"><\/a>\n                    \n                    <\/div><!-- .post-thumbnail --> \n\n                <\/div><!-- .entry-media --> \n\n                \n            <\/div>\n            \n            <div class=\"entry-wrapper\">\n\n                <div class=\"entry-wrapper-content\">\n                        <a href=\"https:\/\/sofiabernasconi.com\/en\/category\/desbordes\/\" class=\"category-colored\" >Desbordes<\/a>                        <header class=\"entry-header\">\n                            \n                            <h2 class=\"entry-title\"><a href=\"https:\/\/sofiabernasconi.com\/en\/una-muestra-que-une-la-corporalidad-con-nuevos-lenguajes-exposicion-desbordes-de-sofia-bernasconi\/\" rel=\"bookmark\">Una muestra que une la corporalidad con nuevos lenguajes.    Exposici\u00f3n &#8220;Desbordes&#8221; de Sof\u00eda Bernasconi. (2024) &#8211; Diario Concepci\u00f3n<\/a><\/h2>\n                            <div class=\"entry-meta\">\n\n                                <div class=\"entry-meta-single entry-meta-author\">\n                                <img alt='' src='https:\/\/secure.gravatar.com\/avatar\/a180b2790ac9ff0f2081e93df131e6a053b16d0bbf78d30e2c5477e96bb5d976?s=32&#038;d=mm&#038;r=g' class='avatar avatar-32 photo' height='32' width='32' \/><a href=\"https:\/\/sofiabernasconi.com\/en\/author\/admin_8ne25ds7\/\">Sofia Bernasconi Le Roy<\/a>                                <\/div><!-- .entry-meta-single -->\n\n                                <div class=\"entry-meta-single entry-meta-date\">\n                                    <i class=\"feather feather-clock\"><\/i>Jun 24, 2024                                <\/div><!-- .entry-meta-single -->\n                            <\/div><!-- .entry-meta -->\n\n                           \n\n                        <\/header><!-- .entry-header -->\n\n                    <div class=\"entry-content\">\n                         [&hellip;]                    <\/div>\n\n                    \n                    \n                <\/div><!-- .entry-wrapper-content -->\n\n            <\/div><!-- .entry-wrapper -->\n<\/article><!-- #post-## -->\n                    \t\t\t\t\t\t                        \n<article id=\"ce-post-item-11293\"  class=\"ce-post-item ce-animation ce-animation--none ce-animation-manual post-11293 post type-post status-publish format-standard has-post-thumbnail hentry category-uncategorized\" data-delay=\"0\" >\n            <div class=\"media-wrapper\">\n            \n                                \n                <div class=\"entry-media\">\n                \n                    <div class=\"post-thumbnail\">\n                        \n                        <img loading=\"lazy\" decoding=\"async\" width=\"370\" height=\"245\" src=\"https:\/\/sofiabernasconi.com\/wp-content\/uploads\/elementor\/thumbs\/obra-desbordes-850x500-1-r81jkqyz445f9tkeh85wr4kyx75t1ab4hugb814paq.jpg\" class=\"attachment-370x245x1x1 size-370x245x1x1 wp-post-image\" alt=\"\" \/>\n                        <a href=\"https:\/\/sofiabernasconi.com\/en\/una-muestra-que-une-la-corporalidad-con-nuevos-lenguajes\/\" class=\"image-link\"><\/a>\n                    \n                    <\/div><!-- .post-thumbnail --> \n\n                <\/div><!-- .entry-media --> \n\n                \n            <\/div>\n            \n            <div class=\"entry-wrapper\">\n\n                <div class=\"entry-wrapper-content\">\n                        <a href=\"https:\/\/sofiabernasconi.com\/en\/category\/uncategorized\/\" class=\"category-colored\" >Uncategorized<\/a>                        <header class=\"entry-header\">\n                            \n                            <h2 class=\"entry-title\"><a href=\"https:\/\/sofiabernasconi.com\/en\/una-muestra-que-une-la-corporalidad-con-nuevos-lenguajes\/\" rel=\"bookmark\">Una muestra que une la corporalidad con nuevos lenguajes<\/a><\/h2>\n                            <div class=\"entry-meta\">\n\n                                <div class=\"entry-meta-single entry-meta-author\">\n                                <img alt='' src='https:\/\/secure.gravatar.com\/avatar\/a180b2790ac9ff0f2081e93df131e6a053b16d0bbf78d30e2c5477e96bb5d976?s=32&#038;d=mm&#038;r=g' class='avatar avatar-32 photo' height='32' width='32' \/><a href=\"https:\/\/sofiabernasconi.com\/en\/author\/admin_8ne25ds7\/\">Sofia Bernasconi Le Roy<\/a>                                <\/div><!-- .entry-meta-single -->\n\n                                <div class=\"entry-meta-single entry-meta-date\">\n                                    <i class=\"feather feather-clock\"><\/i>Jun 4, 2024                                <\/div><!-- .entry-meta-single -->\n                            <\/div><!-- .entry-meta -->\n\n                           \n\n                        <\/header><!-- .entry-header -->\n\n                    <div class=\"entry-content\">\n                         [&hellip;]                    <\/div>\n\n                    \n                    \n                <\/div><!-- .entry-wrapper-content -->\n\n            <\/div><!-- .entry-wrapper -->\n<\/article><!-- #post-## -->\n                    \t\t\t\t\t\t                        \n<article id=\"ce-post-item-7998\"  class=\"ce-post-item ce-animation ce-animation--none ce-animation-manual post-7998 post type-post status-publish format-standard has-post-thumbnail hentry category-cultura\" data-delay=\"0\" >\n            <div class=\"media-wrapper\">\n            \n                                \n                <div class=\"entry-media\">\n                \n                    <div class=\"post-thumbnail\">\n                        \n                        <img loading=\"lazy\" decoding=\"async\" width=\"370\" height=\"245\" src=\"https:\/\/sofiabernasconi.com\/wp-content\/uploads\/elementor\/thumbs\/IMG3-qg42cc6nlhxcdvm9mwkxpz64j77yk007hn71cx3k7m.png\" class=\"attachment-370x245x1x1 size-370x245x1x1 wp-post-image\" alt=\"\" \/>\n                        <a href=\"https:\/\/sofiabernasconi.com\/en\/como-parte-de-la-seleccion-final-del-premio-mavi-uc-en-santiago-video-instalacion-invita-a-explorar-los-limites-de-sofia-bernasconi-2023\/\" class=\"image-link\"><\/a>\n                    \n                    <\/div><!-- .post-thumbnail --> \n\n                <\/div><!-- .entry-media --> \n\n                \n            <\/div>\n            \n            <div class=\"entry-wrapper\">\n\n                <div class=\"entry-wrapper-content\">\n                        <a href=\"https:\/\/sofiabernasconi.com\/en\/category\/cultura\/\" class=\"category-colored\" >CULTURA<\/a>                        <header class=\"entry-header\">\n                            \n                            <h2 class=\"entry-title\"><a href=\"https:\/\/sofiabernasconi.com\/en\/como-parte-de-la-seleccion-final-del-premio-mavi-uc-en-santiago-video-instalacion-invita-a-explorar-los-limites-de-sofia-bernasconi-2023\/\" rel=\"bookmark\">As part of the final selection for the Mavi UC Award in Santiago, this video installation invites you to explore the limits of Sof\u00eda Bernasconi (2023).<\/a><\/h2>\n                            <div class=\"entry-meta\">\n\n                                <div class=\"entry-meta-single entry-meta-author\">\n                                <img alt='' src='https:\/\/secure.gravatar.com\/avatar\/a180b2790ac9ff0f2081e93df131e6a053b16d0bbf78d30e2c5477e96bb5d976?s=32&#038;d=mm&#038;r=g' class='avatar avatar-32 photo' height='32' width='32' \/><a href=\"https:\/\/sofiabernasconi.com\/en\/author\/admin_8ne25ds7\/\">Sofia Bernasconi Le Roy<\/a>                                <\/div><!-- .entry-meta-single -->\n\n                                <div class=\"entry-meta-single entry-meta-date\">\n                                    <i class=\"feather feather-clock\"><\/i>Nov 30, 2023                                <\/div><!-- .entry-meta-single -->\n                            <\/div><!-- .entry-meta -->\n\n                           \n\n                        <\/header><!-- .entry-header -->\n\n                    <div class=\"entry-content\">\n                         [&hellip;]                    <\/div>\n\n                    \n                    \n                <\/div><!-- .entry-wrapper-content -->\n\n            <\/div><!-- .entry-wrapper -->\n<\/article><!-- #post-## -->\n                    \t\t\t\t\t\t                        \n<article id=\"ce-post-item-7993\"  class=\"ce-post-item ce-animation ce-animation--none ce-animation-manual post-7993 post type-post status-publish format-standard has-post-thumbnail hentry category-cultura category-uncategorized\" data-delay=\"0\" >\n            <div class=\"media-wrapper\">\n            \n                                \n                <div class=\"entry-media\">\n                \n                    <div class=\"post-thumbnail\">\n                        \n                        <img loading=\"lazy\" decoding=\"async\" width=\"370\" height=\"245\" src=\"https:\/\/sofiabernasconi.com\/wp-content\/uploads\/elementor\/thumbs\/img2-qg42a8zker2el2nhu02s6i590dilg7pojb06ys721e.png\" class=\"attachment-370x245x1x1 size-370x245x1x1 wp-post-image\" alt=\"\" \/>\n                        <a href=\"https:\/\/sofiabernasconi.com\/en\/la-artista-penquista-sofia-bernasconi-es-una-de-las-46-finalistas-del-xvi-premio-mavi-uc-arte-joven-2023\/\" class=\"image-link\"><\/a>\n                    \n                    <\/div><!-- .post-thumbnail --> \n\n                <\/div><!-- .entry-media --> \n\n                \n            <\/div>\n            \n            <div class=\"entry-wrapper\">\n\n                <div class=\"entry-wrapper-content\">\n                        <a href=\"https:\/\/sofiabernasconi.com\/en\/category\/cultura\/\" class=\"category-colored\" >CULTURA<\/a>                        <header class=\"entry-header\">\n                            \n                            <h2 class=\"entry-title\"><a href=\"https:\/\/sofiabernasconi.com\/en\/la-artista-penquista-sofia-bernasconi-es-una-de-las-46-finalistas-del-xvi-premio-mavi-uc-arte-joven-2023\/\" rel=\"bookmark\">The artist from Concepci\u00f3n, Sof\u00eda Bernasconi, is one of the 46 finalists in the XVI MAVI UC Young Art Award (2023).<\/a><\/h2>\n                            <div class=\"entry-meta\">\n\n                                <div class=\"entry-meta-single entry-meta-author\">\n                                <img alt='' src='https:\/\/secure.gravatar.com\/avatar\/a180b2790ac9ff0f2081e93df131e6a053b16d0bbf78d30e2c5477e96bb5d976?s=32&#038;d=mm&#038;r=g' class='avatar avatar-32 photo' height='32' width='32' \/><a href=\"https:\/\/sofiabernasconi.com\/en\/author\/admin_8ne25ds7\/\">Sofia Bernasconi Le Roy<\/a>                                <\/div><!-- .entry-meta-single -->\n\n                                <div class=\"entry-meta-single entry-meta-date\">\n                                    <i class=\"feather feather-clock\"><\/i>Nov 30, 2023                                <\/div><!-- .entry-meta-single -->\n                            <\/div><!-- .entry-meta -->\n\n                           \n\n                        <\/header><!-- .entry-header -->\n\n                    <div class=\"entry-content\">\n                         [&hellip;]                    <\/div>\n\n                    \n                    \n                <\/div><!-- .entry-wrapper-content -->\n\n            <\/div><!-- .entry-wrapper -->\n<\/article><!-- #post-## -->\n                    \t\t\t\t\t\t                        \n<article id=\"ce-post-item-7989\"  class=\"ce-post-item ce-animation ce-animation--none ce-animation-manual post-7989 post type-post status-publish format-standard has-post-thumbnail hentry category-cultura\" data-delay=\"0\" >\n            <div class=\"media-wrapper\">\n            \n                                \n                <div class=\"entry-media\">\n                \n                    <div class=\"post-thumbnail\">\n                        \n                        <img loading=\"lazy\" decoding=\"async\" width=\"370\" height=\"245\" src=\"https:\/\/sofiabernasconi.com\/wp-content\/uploads\/elementor\/thumbs\/img1-qg418vwiqtx332xb0cnnkfkmxzochcdsedgd7tlfde.png\" class=\"attachment-370x245x1x1 size-370x245x1x1 wp-post-image\" alt=\"\" \/>\n                        <a href=\"https:\/\/sofiabernasconi.com\/en\/sofia-bernasconi-ex-estudiante-de-nuestro-departamento-de-artes-plasticas-fue-seleccionada-para-exhibir-su-obra-tambien-somos-una-cortina-de-cordeles-en-la-exposicion-premio-mavi-uc-larrain-v\/\" class=\"image-link\"><\/a>\n                    \n                    <\/div><!-- .post-thumbnail --> \n\n                <\/div><!-- .entry-media --> \n\n                \n            <\/div>\n            \n            <div class=\"entry-wrapper\">\n\n                <div class=\"entry-wrapper-content\">\n                        <a href=\"https:\/\/sofiabernasconi.com\/en\/category\/cultura\/\" class=\"category-colored\" >CULTURA<\/a>                        <header class=\"entry-header\">\n                            \n                            <h2 class=\"entry-title\"><a href=\"https:\/\/sofiabernasconi.com\/en\/sofia-bernasconi-ex-estudiante-de-nuestro-departamento-de-artes-plasticas-fue-seleccionada-para-exhibir-su-obra-tambien-somos-una-cortina-de-cordeles-en-la-exposicion-premio-mavi-uc-larrain-v\/\" rel=\"bookmark\">Sof\u00eda Bernasconi, a former student of our Department of Fine Arts, was selected to exhibit her work 'Tambi\u00e9n somos una cortina de cordeles' (We are also a curtain of strings) in the 'MAVI UC Larra\u00edn Vidal Young Art Award' exhibition in Santiago (2023).<\/a><\/h2>\n                            <div class=\"entry-meta\">\n\n                                <div class=\"entry-meta-single entry-meta-author\">\n                                <img alt='' src='https:\/\/secure.gravatar.com\/avatar\/a180b2790ac9ff0f2081e93df131e6a053b16d0bbf78d30e2c5477e96bb5d976?s=32&#038;d=mm&#038;r=g' class='avatar avatar-32 photo' height='32' width='32' \/><a href=\"https:\/\/sofiabernasconi.com\/en\/author\/admin_8ne25ds7\/\">Sofia Bernasconi Le Roy<\/a>                                <\/div><!-- .entry-meta-single -->\n\n                                <div class=\"entry-meta-single entry-meta-date\">\n                                    <i class=\"feather feather-clock\"><\/i>Nov 30, 2023                                <\/div><!-- .entry-meta-single -->\n                            <\/div><!-- .entry-meta -->\n\n                           \n\n                        <\/header><!-- .entry-header -->\n\n                    <div class=\"entry-content\">\n                         [&hellip;]                    <\/div>\n\n                    \n                    \n                <\/div><!-- .entry-wrapper-content -->\n\n            <\/div><!-- .entry-wrapper -->\n<\/article><!-- #post-## -->\n                    \t\t\t\t\t\t                        \n<article id=\"ce-post-item-7984\"  class=\"ce-post-item ce-animation ce-animation--none ce-animation-manual post-7984 post type-post status-publish format-standard has-post-thumbnail hentry category-cultura\" data-delay=\"0\" >\n            <div class=\"media-wrapper\">\n            \n                                \n                <div class=\"entry-media\">\n                \n                    <div class=\"post-thumbnail\">\n                        \n                        <img loading=\"lazy\" decoding=\"async\" width=\"370\" height=\"245\" src=\"https:\/\/sofiabernasconi.com\/wp-content\/uploads\/elementor\/thumbs\/311004036_675206927274455_507702792200253622_n-qg40567zztjyk6lzwoo3pycjexf29pq1xt6u9yh89e.jpg\" class=\"attachment-370x245x1x1 size-370x245x1x1 wp-post-image\" alt=\"\" \/>\n                        <a href=\"https:\/\/sofiabernasconi.com\/en\/nuevas-generaciones-de-artistas-visuales-pinacoteca-udec-2022\/\" class=\"image-link\"><\/a>\n                    \n                    <\/div><!-- .post-thumbnail --> \n\n                <\/div><!-- .entry-media --> \n\n                \n            <\/div>\n            \n            <div class=\"entry-wrapper\">\n\n                <div class=\"entry-wrapper-content\">\n                        <a href=\"https:\/\/sofiabernasconi.com\/en\/category\/cultura\/\" class=\"category-colored\" >CULTURA<\/a>                        <header class=\"entry-header\">\n                            \n                            <h2 class=\"entry-title\"><a href=\"https:\/\/sofiabernasconi.com\/en\/nuevas-generaciones-de-artistas-visuales-pinacoteca-udec-2022\/\" rel=\"bookmark\">New generations of visual artists \u2013 UdeC Art Gallery (2022).<\/a><\/h2>\n                            <div class=\"entry-meta\">\n\n                                <div class=\"entry-meta-single entry-meta-author\">\n                                <img alt='' src='https:\/\/secure.gravatar.com\/avatar\/a180b2790ac9ff0f2081e93df131e6a053b16d0bbf78d30e2c5477e96bb5d976?s=32&#038;d=mm&#038;r=g' class='avatar avatar-32 photo' height='32' width='32' \/><a href=\"https:\/\/sofiabernasconi.com\/en\/author\/admin_8ne25ds7\/\">Sofia Bernasconi Le Roy<\/a>                                <\/div><!-- .entry-meta-single -->\n\n                                <div class=\"entry-meta-single entry-meta-date\">\n                                    <i class=\"feather feather-clock\"><\/i>Nov 30, 2023                                <\/div><!-- .entry-meta-single -->\n                            <\/div><!-- .entry-meta -->\n\n                           \n\n                        <\/header><!-- .entry-header -->\n\n                    <div class=\"entry-content\">\n                         [&hellip;]                    <\/div>\n\n                    \n                    \n                <\/div><!-- .entry-wrapper-content -->\n\n            <\/div><!-- .entry-wrapper -->\n<\/article><!-- #post-## -->\n                    \t\t\t\t\t\t                        \n<article id=\"ce-post-item-8136\"  class=\"ce-post-item ce-animation ce-animation--none ce-animation-manual post-8136 post type-post status-publish format-standard has-post-thumbnail hentry category-cablerio-cuerpos-perifericos category-curatoria-2 tag-cablerio tag-curatoria\" data-delay=\"0\" >\n            <div class=\"media-wrapper\">\n            \n                                \n                <div class=\"entry-media\">\n                \n                    <div class=\"post-thumbnail\">\n                        \n                        <img loading=\"lazy\" decoding=\"async\" width=\"370\" height=\"245\" src=\"https:\/\/sofiabernasconi.com\/wp-content\/uploads\/elementor\/thumbs\/diario_el_sur_nota_cablerio_2-1-qg6hjzplkpvi8h3h9jcnp72fn29o437nhhibwjwis2.jpg\" class=\"attachment-370x245x1x1 size-370x245x1x1 wp-post-image\" alt=\"\" \/>\n                        <a href=\"https:\/\/sofiabernasconi.com\/en\/galeria-aura-se-sumerge-en-el-cyberpunk-una-exposicion-sobre-cuerpos-perifericos-da-vida-a-un-cyborg\/\" class=\"image-link\"><\/a>\n                    \n                    <\/div><!-- .post-thumbnail --> \n\n                <\/div><!-- .entry-media --> \n\n                \n            <\/div>\n            \n            <div class=\"entry-wrapper\">\n\n                <div class=\"entry-wrapper-content\">\n                        <a href=\"https:\/\/sofiabernasconi.com\/en\/category\/cablerio-cuerpos-perifericos\/\" class=\"category-colored\" >Cabler\u00edo, cuerpos perif\u00e9ricos<\/a>                        <header class=\"entry-header\">\n                            \n                            <h2 class=\"entry-title\"><a href=\"https:\/\/sofiabernasconi.com\/en\/galeria-aura-se-sumerge-en-el-cyberpunk-una-exposicion-sobre-cuerpos-perifericos-da-vida-a-un-cyborg\/\" rel=\"bookmark\">Galer\u00eda Aura embraces \"cyberpunk\".\nExhibition on peripheral bodies generated a \"cyborg\".<\/a><\/h2>\n                            <div class=\"entry-meta\">\n\n                                <div class=\"entry-meta-single entry-meta-author\">\n                                <img alt='' src='https:\/\/secure.gravatar.com\/avatar\/a180b2790ac9ff0f2081e93df131e6a053b16d0bbf78d30e2c5477e96bb5d976?s=32&#038;d=mm&#038;r=g' class='avatar avatar-32 photo' height='32' width='32' \/><a href=\"https:\/\/sofiabernasconi.com\/en\/author\/admin_8ne25ds7\/\">Sofia Bernasconi Le Roy<\/a>                                <\/div><!-- .entry-meta-single -->\n\n                                <div class=\"entry-meta-single entry-meta-date\">\n                                    <i class=\"feather feather-clock\"><\/i>May 16, 2023                                <\/div><!-- .entry-meta-single -->\n                            <\/div><!-- .entry-meta -->\n\n                           \n\n                        <\/header><!-- .entry-header -->\n\n                    <div class=\"entry-content\">\n                         [&hellip;]                    <\/div>\n\n                    \n                    \n                <\/div><!-- .entry-wrapper-content -->\n\n            <\/div><!-- .entry-wrapper -->\n<\/article><!-- #post-## -->\n                    \t\t\t\t\t\t                        \n<article id=\"ce-post-item-106\"  class=\"ce-post-item ce-animation ce-animation--none ce-animation-manual post-106 post type-post status-publish format-standard has-post-thumbnail hentry category-cultura tag-ejemplo tag-ejemplo-2\" data-delay=\"0\" >\n            <div class=\"media-wrapper\">\n            \n                                \n                <div class=\"entry-media\">\n                \n                    <div class=\"post-thumbnail\">\n                        \n                        <img loading=\"lazy\" decoding=\"async\" width=\"370\" height=\"245\" src=\"https:\/\/sofiabernasconi.com\/wp-content\/uploads\/elementor\/thumbs\/DESFASE-qa8pj4vq79xbfzmzpoqhl11k268y7lp41d7mvsv6du.png\" class=\"attachment-370x245x1x1 size-370x245x1x1 wp-post-image\" alt=\"\" \/>\n                        <a href=\"https:\/\/sofiabernasconi.com\/en\/exposicion-desfase-experiencias-liminales-llega-a-la-casa-del-arte-2022\/\" class=\"image-link\"><\/a>\n                    \n                    <\/div><!-- .post-thumbnail --> \n\n                <\/div><!-- .entry-media --> \n\n                \n            <\/div>\n            \n            <div class=\"entry-wrapper\">\n\n                <div class=\"entry-wrapper-content\">\n                        <a href=\"https:\/\/sofiabernasconi.com\/en\/category\/cultura\/\" class=\"category-colored\" >CULTURA<\/a>                        <header class=\"entry-header\">\n                            \n                            <h2 class=\"entry-title\"><a href=\"https:\/\/sofiabernasconi.com\/en\/exposicion-desfase-experiencias-liminales-llega-a-la-casa-del-arte-2022\/\" rel=\"bookmark\">Exhibition \"Desfase: Experiencias liminales\" arrives at Casa del Arte (2022)<\/a><\/h2>\n                            <div class=\"entry-meta\">\n\n                                <div class=\"entry-meta-single entry-meta-author\">\n                                <img alt='' src='https:\/\/secure.gravatar.com\/avatar\/a180b2790ac9ff0f2081e93df131e6a053b16d0bbf78d30e2c5477e96bb5d976?s=32&#038;d=mm&#038;r=g' class='avatar avatar-32 photo' height='32' width='32' \/><a href=\"https:\/\/sofiabernasconi.com\/en\/author\/admin_8ne25ds7\/\">Sofia Bernasconi Le Roy<\/a>                                <\/div><!-- .entry-meta-single -->\n\n                                <div class=\"entry-meta-single entry-meta-date\">\n                                    <i class=\"feather feather-clock\"><\/i>Oct 5, 2022                                <\/div><!-- .entry-meta-single -->\n                            <\/div><!-- .entry-meta -->\n\n                           \n\n                        <\/header><!-- .entry-header -->\n\n                    <div class=\"entry-content\">\n                        Last Thursday, September 29th was inaugurated at the Casa del Arte UdeC, \"Desfase: Experiencias liminales\", an exhibition of artists...                    <\/div>\n\n                    \n                    \n                <\/div><!-- .entry-wrapper-content -->\n\n            <\/div><!-- .entry-wrapper -->\n<\/article><!-- #post-## -->\n                    \t\t\t\t\t\t                        \n<article id=\"ce-post-item-6369\"  class=\"ce-post-item ce-animation ce-animation--none ce-animation-manual post-6369 post type-post status-publish format-standard has-post-thumbnail hentry category-casa-a-12-megapixeles-videoarte category-inversovo-videoarte tag-arte-digital tag-artes tag-plataforma-minima tag-videoarte\" data-delay=\"0\" >\n            <div class=\"media-wrapper\">\n            \n                                \n                <div class=\"entry-media\">\n                \n                    <div class=\"post-thumbnail\">\n                        \n                        <img loading=\"lazy\" decoding=\"async\" width=\"370\" height=\"245\" src=\"https:\/\/sofiabernasconi.com\/wp-content\/uploads\/elementor\/thumbs\/YCCCR_2-qadqkqykum1om6fwfglv6ty81nrft9654k2v3j4w0i.png\" class=\"attachment-370x245x1x1 size-370x245x1x1 wp-post-image\" alt=\"\" \/>\n                        <a href=\"https:\/\/sofiabernasconi.com\/en\/y-el-cuerpo-se-convirtio-en-control-remoto-se-presentara-esta-semana-a-traves-del-canal-youtube-2021\/\" class=\"image-link\"><\/a>\n                    \n                    <\/div><!-- .post-thumbnail --> \n\n                <\/div><!-- .entry-media --> \n\n                \n            <\/div>\n            \n            <div class=\"entry-wrapper\">\n\n                <div class=\"entry-wrapper-content\">\n                        <a href=\"https:\/\/sofiabernasconi.com\/en\/category\/casa-a-12-megapixeles-videoarte\/\" class=\"category-colored\" >CASA A 12 MEGAPIXELES - VIDEOARTE<\/a>                        <header class=\"entry-header\">\n                            \n                            <h2 class=\"entry-title\"><a href=\"https:\/\/sofiabernasconi.com\/en\/y-el-cuerpo-se-convirtio-en-control-remoto-se-presentara-esta-semana-a-traves-del-canal-youtube-2021\/\" rel=\"bookmark\">\"Y el Cuerpo se Convirti\u00f3 en Control Remoto\" will be presented this week through the YouTube Channel (2021).<\/a><\/h2>\n                            <div class=\"entry-meta\">\n\n                                <div class=\"entry-meta-single entry-meta-author\">\n                                <img alt='' src='https:\/\/secure.gravatar.com\/avatar\/a180b2790ac9ff0f2081e93df131e6a053b16d0bbf78d30e2c5477e96bb5d976?s=32&#038;d=mm&#038;r=g' class='avatar avatar-32 photo' height='32' width='32' \/><a href=\"https:\/\/sofiabernasconi.com\/en\/author\/admin_8ne25ds7\/\">Sofia Bernasconi Le Roy<\/a>                                <\/div><!-- .entry-meta-single -->\n\n                                <div class=\"entry-meta-single entry-meta-date\">\n                                    <i class=\"feather feather-clock\"><\/i>Dec 13, 2021                                <\/div><!-- .entry-meta-single -->\n                            <\/div><!-- .entry-meta -->\n\n                           \n\n                        <\/header><!-- .entry-header -->\n\n                    <div class=\"entry-content\">\n                        The third version brings together creations that reflect on spatial constructions based on bodily diversities. It will be transmitted through the...                    <\/div>\n\n                    \n                    \n                <\/div><!-- .entry-wrapper-content -->\n\n            <\/div><!-- .entry-wrapper -->\n<\/article><!-- #post-## -->\n                    \t\t\t\t\t\t                        \n<article id=\"ce-post-item-6333\"  class=\"ce-post-item ce-animation ce-animation--none ce-animation-manual post-6333 post type-post status-publish format-standard has-post-thumbnail hentry category-cultura tag-artes tag-concepcion tag-literatura tag-musica tag-premios-ceres-2020\" data-delay=\"0\" >\n            <div class=\"media-wrapper\">\n            \n                                \n                <div class=\"entry-media\">\n                \n                    <div class=\"post-thumbnail\">\n                        \n                        <img loading=\"lazy\" decoding=\"async\" width=\"370\" height=\"245\" src=\"https:\/\/sofiabernasconi.com\/wp-content\/uploads\/elementor\/thumbs\/YCCCR_1-qa8ut7ss964r97j9rumht298n9d2s4b0u6igm71442.png\" class=\"attachment-370x245x1x1 size-370x245x1x1 wp-post-image\" alt=\"\" \/>\n                        <a href=\"https:\/\/sofiabernasconi.com\/en\/y-el-cuerpo-se-convirtio-en-control-remoto-3-version-reune-creaciones-que-reflexionan-sobre-construcciones-espaciales-a-partir-de-las-diversidades-corporales-2021\/\" class=\"image-link\"><\/a>\n                    \n                    <\/div><!-- .post-thumbnail --> \n\n                <\/div><!-- .entry-media --> \n\n                \n            <\/div>\n            \n            <div class=\"entry-wrapper\">\n\n                <div class=\"entry-wrapper-content\">\n                        <a href=\"https:\/\/sofiabernasconi.com\/en\/category\/cultura\/\" class=\"category-colored\" >CULTURA<\/a>                        <header class=\"entry-header\">\n                            \n                            <h2 class=\"entry-title\"><a href=\"https:\/\/sofiabernasconi.com\/en\/y-el-cuerpo-se-convirtio-en-control-remoto-3-version-reune-creaciones-que-reflexionan-sobre-construcciones-espaciales-a-partir-de-las-diversidades-corporales-2021\/\" rel=\"bookmark\">\"Y el Cuerpo se Convirti\u00f3 en Control Remoto\": 3rd version brings together creations that reflect on spatial constructions based on bodily diversities (2021)<\/a><\/h2>\n                            <div class=\"entry-meta\">\n\n                                <div class=\"entry-meta-single entry-meta-author\">\n                                <img alt='' src='https:\/\/secure.gravatar.com\/avatar\/a180b2790ac9ff0f2081e93df131e6a053b16d0bbf78d30e2c5477e96bb5d976?s=32&#038;d=mm&#038;r=g' class='avatar avatar-32 photo' height='32' width='32' \/><a href=\"https:\/\/sofiabernasconi.com\/en\/author\/admin_8ne25ds7\/\">Sofia Bernasconi Le Roy<\/a>                                <\/div><!-- .entry-meta-single -->\n\n                                <div class=\"entry-meta-single entry-meta-date\">\n                                    <i class=\"feather feather-clock\"><\/i>Dec 11, 2021                                <\/div><!-- .entry-meta-single -->\n                            <\/div><!-- .entry-meta -->\n\n                           \n\n                        <\/header><!-- .entry-header -->\n\n                    <div class=\"entry-content\">\n                        Under the concepts of \"Micro spaces and corpo-spatial poetics\", from December 13 to 17 will be held the third version of the...                    <\/div>\n\n                    \n                    \n                <\/div><!-- .entry-wrapper-content -->\n\n            <\/div><!-- .entry-wrapper -->\n<\/article><!-- #post-## -->\n                    \t\t\t\t\t\t                        \n<article id=\"ce-post-item-8142\"  class=\"ce-post-item ce-animation ce-animation--none ce-animation-manual post-8142 post type-post status-publish format-standard has-post-thumbnail hentry category-uncategorized\" data-delay=\"0\" >\n            <div class=\"media-wrapper\">\n            \n                                \n                <div class=\"entry-media\">\n                \n                    <div class=\"post-thumbnail\">\n                        \n                        <img loading=\"lazy\" decoding=\"async\" width=\"370\" height=\"245\" src=\"https:\/\/sofiabernasconi.com\/wp-content\/uploads\/elementor\/thumbs\/PREMIOS_CERES_1_-qg6c3n79yl390uavsny6uqs4hi1g87q5tnmyzr12j6.png\" class=\"attachment-370x245x1x1 size-370x245x1x1 wp-post-image\" alt=\"\" \/>\n                        <a href=\"https:\/\/sofiabernasconi.com\/en\/deshilacha-de-sofia-bernasconi-entrevista-por-la-medicina-para-premios-ceres-2021\/\" class=\"image-link\"><\/a>\n                    \n                    <\/div><!-- .post-thumbnail --> \n\n                <\/div><!-- .entry-media --> \n\n                \n            <\/div>\n            \n            <div class=\"entry-wrapper\">\n\n                <div class=\"entry-wrapper-content\">\n                        <a href=\"https:\/\/sofiabernasconi.com\/en\/category\/uncategorized\/\" class=\"category-colored\" >Uncategorized<\/a>                        <header class=\"entry-header\">\n                            \n                            <h2 class=\"entry-title\"><a href=\"https:\/\/sofiabernasconi.com\/en\/deshilacha-de-sofia-bernasconi-entrevista-por-la-medicina-para-premios-ceres-2021\/\" rel=\"bookmark\">\u201cUnravel\u201d (\"Deshilacha\") by Sof\u00eda Bernasconi \u2013 Interview by La Medicina for Ceres Awards (2021)<\/a><\/h2>\n                            <div class=\"entry-meta\">\n\n                                <div class=\"entry-meta-single entry-meta-author\">\n                                <img alt='' src='https:\/\/secure.gravatar.com\/avatar\/a180b2790ac9ff0f2081e93df131e6a053b16d0bbf78d30e2c5477e96bb5d976?s=32&#038;d=mm&#038;r=g' class='avatar avatar-32 photo' height='32' width='32' \/><a href=\"https:\/\/sofiabernasconi.com\/en\/author\/admin_8ne25ds7\/\">Sofia Bernasconi Le Roy<\/a>                                <\/div><!-- .entry-meta-single -->\n\n                                <div class=\"entry-meta-single entry-meta-date\">\n                                    <i class=\"feather feather-clock\"><\/i>May 31, 2021                                <\/div><!-- .entry-meta-single -->\n                            <\/div><!-- .entry-meta -->\n\n                           \n\n                        <\/header><!-- .entry-header -->\n\n                    <div class=\"entry-content\">\n                         [&hellip;]                    <\/div>\n\n                    \n                    \n                <\/div><!-- .entry-wrapper-content -->\n\n            <\/div><!-- .entry-wrapper -->\n<\/article><!-- #post-## -->\n                                                    \t\t\t\r\n\t\t<\/div>\r\n\t\t\t\t<\/div>\n\t\t\t\t<\/div>\n\t\t\t\t\t<\/div>\n\t\t<\/div>\n\t\t\t\t\t\t\t<\/div>\n\t\t<\/section>\n\t\t\t\t\t\t\t<\/div>","protected":false},"excerpt":{"rendered":"<p> [&hellip;]<\/p>","protected":false},"author":1,"featured_media":0,"parent":0,"menu_order":0,"comment_status":"closed","ping_status":"closed","template":"","meta":{"footnotes":""},"class_list":["post-2401","page","type-page","status-publish","hentry"],"_links":{"self":[{"href":"https:\/\/sofiabernasconi.com\/en\/wp-json\/wp\/v2\/pages\/2401","targetHints":{"allow":["GET"]}}],"collection":[{"href":"https:\/\/sofiabernasconi.com\/en\/wp-json\/wp\/v2\/pages"}],"about":[{"href":"https:\/\/sofiabernasconi.com\/en\/wp-json\/wp\/v2\/types\/page"}],"author":[{"embeddable":true,"href":"https:\/\/sofiabernasconi.com\/en\/wp-json\/wp\/v2\/users\/1"}],"replies":[{"embeddable":true,"href":"https:\/\/sofiabernasconi.com\/en\/wp-json\/wp\/v2\/comments?post=2401"}],"version-history":[{"count":165,"href":"https:\/\/sofiabernasconi.com\/en\/wp-json\/wp\/v2\/pages\/2401\/revisions"}],"predecessor-version":[{"id":7977,"href":"https:\/\/sofiabernasconi.com\/en\/wp-json\/wp\/v2\/pages\/2401\/revisions\/7977"}],"wp:attachment":[{"href":"https:\/\/sofiabernasconi.com\/en\/wp-json\/wp\/v2\/media?parent=2401"}],"curies":[{"name":"wp","href":"https:\/\/api.w.org\/{rel}","templated":true}]}}